{"id":6,"date":"2020-07-07T21:56:45","date_gmt":"2020-07-07T19:56:45","guid":{"rendered":"http:\/\/www.urlaub-im-zillertal.at\/appartement-angelika\/impressum\/"},"modified":"2021-03-14T10:19:09","modified_gmt":"2021-03-14T09:19:09","slug":"impressum","status":"publish","type":"page","link":"https:\/\/www.urlaub-im-zillertal.at\/appartement-angelika\/impressum\/","title":{"rendered":"Impressum"},"content":{"rendered":"<p>[et_pb_section fb_built=&#8220;1&#8243; _builder_version=&#8220;4.6.3&#8243; custom_padding=&#8220;0px||80px||false|false&#8220; bottom_divider_style=&#8220;arrow3&#8243; bottom_divider_color=&#8220;#f3eddb&#8220; bottom_divider_height=&#8220;50px&#8220;][et_pb_row _builder_version=&#8220;4.4.9&#8243; custom_padding=&#8220;0px|||||&#8220;][et_pb_column type=&#8220;4_4&#8243; _builder_version=&#8220;4.4.9&#8243;][et_pb_text _builder_version=&#8220;4.4.9&#8243; header_2_text_color=&#8220;#000000&#8243; header_3_font=&#8220;|||on|||||&#8220; background_color=&#8220;rgba(0,0,0,0)&#8220; custom_margin=&#8220;30px||||false|false&#8220;]<\/p>\n<h2 style=\"text-align: left\"><strong>Impressum<\/strong><\/h2>\n<h3 style=\"text-align: left\">Offenlegungspflicht laut Mediengesetz vom 1. Juli 2005<\/h3>\n<p>[\/et_pb_text][\/et_pb_column][\/et_pb_row][et_pb_row column_structure=&#8220;1_2,1_2&#8243; _builder_version=&#8220;4.4.9&#8243; z_index=&#8220;1&#8243;][et_pb_column type=&#8220;1_2&#8243; _builder_version=&#8220;4.4.9&#8243;][et_pb_text _builder_version=&#8220;4.6.3&#8243;]<\/p>\n<p><strong>Anbieter<\/strong><\/p>\n<p>Appartement Angelika<br \/> Angelika Tomann<br \/> Stockach 238a<br \/> A-6283 Schwendau<\/p>\n<p>Mobil: <a href=\"tel:+436506283235\">+43-650-6283235<\/a><\/p>\n<p>E-Mail: <a href=\"mailto:mail@urlaub-im-zillertal.at\">mail@urlaub-im-zillertal.at<\/a><br \/> Website: <a href=\"https:\/\/www.urlaub-im-zillertal.at\/apart-roswitha\">www.urlaub-im-zillertal.at<\/a><\/p>\n<p>[\/et_pb_text][et_pb_text _builder_version=&#8220;4.4.9&#8243;]<span style=\"font-size: 14px\"><strong>Copyright (Urheberrecht)<\/strong><\/span><\/p>\n<p>Die Inhalte dieser Website sind urheberrechtlich gesch\u00fctzt. Ihre Nutzung ist nur zum privaten Zweck zul\u00e4ssig. Nachdruck (auch auszugsweise), Vervielf\u00e4ltigung,Vorf\u00fchrung, Sendung, Vermietung, Duplikate und\/oder Leihe der Website oder einzelner Inhalte ist ohne Einwilligung der Firma CICERO Design &amp; Druck GmbH untersagt und zieht straf- oder zivilrechtliche Folgen nach sich. Alle Rechte bleiben vorbehalten. Die Firma CICERO Design &amp; Druck GmbH beh\u00e4lt sich das Recht vor, jederzeit und ohne vorherige Ank\u00fcndigung Verbesserungen und \u00c4nderungen an der Website oder einzelner Inhalte vorzunehmen.[\/et_pb_text][et_pb_text _builder_version=&#8220;4.9.2&#8243; hover_enabled=&#8220;0&#8243; sticky_enabled=&#8220;0&#8243;]<\/p>\n<p><strong>Bildmaterial Copyright (Urheberrecht)<\/strong><\/p>\n<p>CICERO das WERBEhaus,<br \/>Angelika Tomann,<br \/>Hannes Dabernig,<br \/><span>Archiv TVB Mayrhofen (Paul S\u00fcrth, Dominic Ebenbichler,<br \/>Michael Wechselberger)<\/span><\/p>\n<p>[\/et_pb_text][et_pb_text _builder_version=&#8220;4.4.9&#8243;]<strong>Layout, Design &amp; Programmierung<\/strong><\/p>\n<p>CICERO das WERBEhaus<br \/>\nLaubichl 121<br \/>\nA-6290 Mayrhofen<br \/>\nTel: <a href=\"tel:+43528563401\">+43-5285-63401<\/a><br \/>\nFax: +43-5285-6340122<br \/>\nE-Mail: <a href=\"mailto:info@cicero.at\">info@cicero.at<br \/>\n<\/a>Web: <a href=\"https:\/\/www.cicero.at\">www.cicero.at<\/a>[\/et_pb_text][et_pb_text _builder_version=&#8220;4.4.9&#8243;]Stand: 08. Juli 2020[\/et_pb_text][\/et_pb_column][et_pb_column type=&#8220;1_2&#8243; _builder_version=&#8220;4.4.9&#8243;][et_pb_text _builder_version=&#8220;4.4.9&#8243;]<strong>Hinweis zu Google Analytics<\/strong><\/p>\n<p>Diese Website benutzt Google Analytics, einen Webanalysedienst der Google Inc. (\u201eGoogle\u201c) Google Analytics verwendet sog. \u201eCookies\u201c, Textdateien, die auf Ihrem Computer gespeichert werden und die eine Analyse der Benutzung der Website durch Sie erm\u00f6glicht. Die durch den Cookie erzeugten Informationen \u00fcber Ihre Benutzung diese Website (einschlie\u00dflich Ihrer IP-Adresse) wird an einen Server von Google in den USA \u00fcbertragen und dort gespeichert. Google wird diese Informationen benutzen, um Ihre Nutzung der Website auszuwerten, um Reports \u00fcber die Websiteaktivit\u00e4ten f\u00fcr die Websitebetreiber zusammenzustellen und um weitere mit der Websitenutzung und der Internetnutzung verbundene Dienstleistungen zu erbringen. Auch wird Google diese Informationen gegebenenfalls an Dritte \u00fcbertragen, sofern dies gesetzlich vorgeschrieben oder soweit Dritte diese Daten im Auftrag von Google verarbeiten. Google wird in keinem Fall Ihre IP-Adresse mit anderen Daten der Google in Verbindung bringen. Sie k\u00f6nnen die Installation der Cookies durch eine entsprechende Einstellung Ihrer Browser Software verhindern; wir weisen Sie jedoch darauf hin, dass Sie in diesem Fall gegebenenfalls nicht s\u00e4mtliche Funktionen dieser Website voll umf\u00e4nglich nutzen k\u00f6nnen. Durch die Nutzung dieser Website erkl\u00e4ren Sie sich mit der Bearbeitung der \u00fcber Sie erhobenen Daten durch Google in der zuvor beschriebenen Art und Weise und zu dem zuvor benannten Zweck einverstanden.[\/et_pb_text][et_pb_text _builder_version=&#8220;4.4.9&#8243;]<strong style=\"font-size: 14px\">Rechtsbelehrung<\/strong><\/p>\n<p>Das Verwenden oder die Vervielf\u00e4ltigung von Informationen und Daten z.B. (Zeichnungen, Bilder, Texte) bedarf einer ausdr\u00fccklichen vorherigen schriftlichen Genehmigung bzw. Zustimmung des Herausgebers. Die Informationen sowie Angaben auf unserer Webseite wurden sorgf\u00e4ltig gepr\u00fcft und recherchiert. Diese stellen allerdings nur einen Service dar und ersetzen nicht eine pers\u00f6nliche Beratung! F\u00fcr Aktualit\u00e4t, Richtigkeit und Vollst\u00e4ndigkeit \u00fcbernimmt der Herausgeber keinerlei Haftung. Im \u00dcbrigen ist die Haftung auf Vorsatz und grobe Fahrl\u00e4ssigkeit beschr\u00e4nkt. Das Recht, \u00c4nderungen und Erg\u00e4nzungen an den bereitgestellten Informationen vorzunehmen, beh\u00e4lt sich der Herausgeber ausdr\u00fccklich vor.[\/et_pb_text][et_pb_text _builder_version=&#8220;4.4.9&#8243;]<strong>Haftungshinweis<\/strong><\/p>\n<p>Trotz sorgf\u00e4ltiger inhaltlicher Kontrolle \u00fcbernehmen wir keine Haftung f\u00fcr die Inhalte externer Links. F\u00fcr den Inhalt verlinkter Seiten sind ausschlie\u00dflich deren Betreiber verantwortlich.[\/et_pb_text][\/et_pb_column][\/et_pb_row][\/et_pb_section]<\/p>\n","protected":false},"excerpt":{"rendered":"<p>Impressum Offenlegungspflicht laut Mediengesetz vom 1. Juli 2005Anbieter Appartement Angelika Angelika Tomann Stockach 238a A-6283 Schwendau Mobil: +43-650-6283235 E-Mail: mail@urlaub-im-zillertal.at Website: www.urlaub-im-zillertal.atCopyright (Urheberrecht) Die Inhalte dieser Website sind urheberrechtlich gesch\u00fctzt. Ihre Nutzung ist nur zum privaten Zweck zul\u00e4ssig. Nachdruck (auch auszugsweise), Vervielf\u00e4ltigung,Vorf\u00fchrung, Sendung, Vermietung, Duplikate und\/oder Leihe der Website oder einzelner Inhalte ist ohne Einwilligung [&hellip;]<\/p>\n","protected":false},"author":1,"featured_media":0,"parent":0,"menu_order":0,"comment_status":"closed","ping_status":"closed","template":"","meta":{"_et_pb_use_builder":"on","_et_pb_old_content":"[et_pb_section fb_built=\"1\" _builder_version=\"4.4.9\" custom_padding=\"0px||80px||false|false\" bottom_divider_style=\"arrow3\" bottom_divider_color=\"#dcddd8\" bottom_divider_height=\"50px\"][et_pb_row _builder_version=\"4.4.9\" custom_padding=\"0px|||||\"][et_pb_column type=\"4_4\" _builder_version=\"4.4.9\"][et_pb_text _builder_version=\"4.4.9\" header_2_text_color=\"#000000\" background_color=\"rgba(0,0,0,0)\" hover_enabled=\"0\" header_3_font=\"|||on|||||\" custom_margin=\"30px||||false|false\"]\n<h2 style=\"text-align: left;\"><strong>Impressum<\/strong><\/h2>\n<h3 style=\"text-align: left;\">Offenlegungspflicht laut Mediengesetz vom 1. Juli 2005<\/h3>\n[\/et_pb_text][\/et_pb_column][\/et_pb_row][et_pb_row column_structure=\"1_2,1_2\" _builder_version=\"4.4.9\" z_index=\"1\"][et_pb_column type=\"1_2\" _builder_version=\"4.4.9\"][et_pb_text _builder_version=\"4.4.9\"]\n\n<strong>Anbieter<\/strong>\n\nAppartement Roswitha\nRoswitha Sporer\nStockach 238\nA-6283 Schwendau\n\nMobil: <a href=\"tel:+436645280981\">+43-664-5280981<\/a>\n\nE-Mail: <a href=\"mailto:\/\/office@urlaub-im-zillertal.at\">office@urlaub-im-zillertal.at<\/a>\nWeb: <a href=\"https:\/\/www.urlaub-im-zillertal.at\/apart-roswitha\">www.urlaub-im-zillertal.at<\/a>\n\n[\/et_pb_text][et_pb_text _builder_version=\"4.4.9\"]\n\n<span style=\"font-size: 14px;\"><strong>Copyright (Urheberrecht)<\/strong><\/span>\n\nDie Inhalte dieser Website sind urheberrechtlich gesch\u00fctzt. Ihre Nutzung ist nur zum privaten Zweck zul\u00e4ssig. Nachdruck (auch auszugsweise), Vervielf\u00e4ltigung,Vorf\u00fchrung, Sendung, Vermietung, Duplikate und\/oder Leihe der Website oder einzelner Inhalte ist ohne Einwilligung der Firma CICERO Design &amp; Druck GmbH untersagt und zieht straf- oder zivilrechtliche Folgen nach sich. Alle Rechte bleiben vorbehalten. Die Firma CICERO Design &amp; Druck GmbH beh\u00e4lt sich das Recht vor, jederzeit und ohne vorherige Ank\u00fcndigung Verbesserungen und \u00c4nderungen an der Website oder einzelner Inhalte vorzunehmen.\n\n[\/et_pb_text][et_pb_text _builder_version=\"4.4.9\"]\n\n<strong>Bildmaterial Copyright (Urheberrecht)<\/strong>\n\nCICERO das WERBEhaus,\nRoswitha Sporer,\nTourismusverband Mayrhofen\n\n[\/et_pb_text][et_pb_text _builder_version=\"4.4.9\"]\n\n<strong>Layout, Design &amp; Programmierung<\/strong>\n\nCICERO das WERBEhaus\nLaubichl 121\nA-6290 Mayrhofen\nTel: <a href=\"tel:+43528563401\">+43-5285-63401<\/a>\nFax: +43-5285-6340122\nE-Mail: <a href=\"mailto:info@cicero.at\">info@cicero.at\n<\/a>Web: <a href=\"https:\/\/www.cicero.at\">www.cicero.at<\/a>\n\n[\/et_pb_text][et_pb_text _builder_version=\"4.4.9\"]\n\nStand: 08. Juli 2020\n\n[\/et_pb_text][\/et_pb_column][et_pb_column type=\"1_2\" _builder_version=\"4.4.9\"][et_pb_text _builder_version=\"4.4.9\"]\n\n<strong>Hinweis zu Google Analytics<\/strong>\n\nDiese Website benutzt Google Analytics, einen Webanalysedienst der Google Inc. (\u201eGoogle\u201c) Google Analytics verwendet sog. \u201eCookies\u201c, Textdateien, die auf Ihrem Computer gespeichert werden und die eine Analyse der Benutzung der Website durch Sie erm\u00f6glicht. Die durch den Cookie erzeugten Informationen \u00fcber Ihre Benutzung diese Website (einschlie\u00dflich Ihrer IP-Adresse) wird an einen Server von Google in den USA \u00fcbertragen und dort gespeichert. Google wird diese Informationen benutzen, um Ihre Nutzung der Website auszuwerten, um Reports \u00fcber die Websiteaktivit\u00e4ten f\u00fcr die Websitebetreiber zusammenzustellen und um weitere mit der Websitenutzung und der Internetnutzung verbundene Dienstleistungen zu erbringen. Auch wird Google diese Informationen gegebenenfalls an Dritte \u00fcbertragen, sofern dies gesetzlich vorgeschrieben oder soweit Dritte diese Daten im Auftrag von Google verarbeiten. Google wird in keinem Fall Ihre IP-Adresse mit anderen Daten der Google in Verbindung bringen. Sie k\u00f6nnen die Installation der Cookies durch eine entsprechende Einstellung Ihrer Browser Software verhindern; wir weisen Sie jedoch darauf hin, dass Sie in diesem Fall gegebenenfalls nicht s\u00e4mtliche Funktionen dieser Website voll umf\u00e4nglich nutzen k\u00f6nnen. Durch die Nutzung dieser Website erkl\u00e4ren Sie sich mit der Bearbeitung der \u00fcber Sie erhobenen Daten durch Google in der zuvor beschriebenen Art und Weise und zu dem zuvor benannten Zweck einverstanden.\n\n[\/et_pb_text][et_pb_text _builder_version=\"4.4.9\"]\n\n<strong style=\"font-size: 14px;\">Rechtsbelehrung<\/strong>\n\nDas Verwenden oder die Vervielf\u00e4ltigung von Informationen und Daten z.B. (Zeichnungen, Bilder, Texte) bedarf einer ausdr\u00fccklichen vorherigen schriftlichen Genehmigung bzw. Zustimmung des Herausgebers. Die Informationen sowie Angaben auf unserer Webseite wurden sorgf\u00e4ltig gepr\u00fcft und recherchiert. Diese stellen allerdings nur einen Service dar und ersetzen nicht eine pers\u00f6nliche Beratung! F\u00fcr Aktualit\u00e4t, Richtigkeit und Vollst\u00e4ndigkeit \u00fcbernimmt der Herausgeber keinerlei Haftung. Im \u00dcbrigen ist die Haftung auf Vorsatz und grobe Fahrl\u00e4ssigkeit beschr\u00e4nkt. Das Recht, \u00c4nderungen und Erg\u00e4nzungen an den bereitgestellten Informationen vorzunehmen, beh\u00e4lt sich der Herausgeber ausdr\u00fccklich vor.\n\n[\/et_pb_text][et_pb_text _builder_version=\"4.4.9\"]\n\n<strong>Haftungshinweis<\/strong>\n\nTrotz sorgf\u00e4ltiger inhaltlicher Kontrolle \u00fcbernehmen wir keine Haftung f\u00fcr die Inhalte externer Links. F\u00fcr den Inhalt verlinkter Seiten sind ausschlie\u00dflich deren Betreiber verantwortlich.\n\n[\/et_pb_text][\/et_pb_column][\/et_pb_row][\/et_pb_section]","_et_gb_content_width":"1080","footnotes":""},"difl_page_category":[],"class_list":["post-6","page","type-page","status-publish","hentry"],"yoast_head":"<!-- This site is optimized with the Yoast SEO plugin v27.5 - https:\/\/yoast.com\/product\/yoast-seo-wordpress\/ -->\n<title>Impressum - Appartement Angelika<\/title>\n<meta name=\"robots\" content=\"index, follow, max-snippet:-1, max-image-preview:large, max-video-preview:-1\" \/>\n<link rel=\"canonical\" href=\"https:\/\/www.urlaub-im-zillertal.at\/appartement-angelika\/impressum\/\" \/>\n<meta property=\"og:locale\" content=\"de_DE\" \/>\n<meta property=\"og:type\" content=\"article\" \/>\n<meta property=\"og:title\" content=\"Impressum - Appartement Angelika\" \/>\n<meta property=\"og:description\" content=\"Impressum Offenlegungspflicht laut Mediengesetz vom 1. Juli 2005Anbieter Appartement Angelika Angelika Tomann Stockach 238a A-6283 Schwendau Mobil: +43-650-6283235 E-Mail: mail@urlaub-im-zillertal.at Website: www.urlaub-im-zillertal.atCopyright (Urheberrecht) Die Inhalte dieser Website sind urheberrechtlich gesch\u00fctzt. Ihre Nutzung ist nur zum privaten Zweck zul\u00e4ssig. Nachdruck (auch auszugsweise), Vervielf\u00e4ltigung,Vorf\u00fchrung, Sendung, Vermietung, Duplikate und\/oder Leihe der Website oder einzelner Inhalte ist ohne Einwilligung [&hellip;]\" \/>\n<meta property=\"og:url\" content=\"https:\/\/www.urlaub-im-zillertal.at\/appartement-angelika\/impressum\/\" \/>\n<meta property=\"og:site_name\" content=\"Appartement Angelika\" \/>\n<meta property=\"article:modified_time\" content=\"2021-03-14T09:19:09+00:00\" \/>\n<meta name=\"twitter:card\" content=\"summary_large_image\" \/>\n<meta name=\"twitter:label1\" content=\"Gesch\u00e4tzte Lesezeit\" \/>\n\t<meta name=\"twitter:data1\" content=\"3\u00a0Minuten\" \/>\n<script type=\"application\/ld+json\" class=\"yoast-schema-graph\">{\"@context\":\"https:\\\/\\\/schema.org\",\"@graph\":[{\"@type\":\"WebPage\",\"@id\":\"https:\\\/\\\/www.urlaub-im-zillertal.at\\\/appartement-angelika\\\/impressum\\\/\",\"url\":\"https:\\\/\\\/www.urlaub-im-zillertal.at\\\/appartement-angelika\\\/impressum\\\/\",\"name\":\"Impressum - Appartement Angelika\",\"isPartOf\":{\"@id\":\"https:\\\/\\\/www.urlaub-im-zillertal.at\\\/appartement-angelika\\\/#website\"},\"datePublished\":\"2020-07-07T19:56:45+00:00\",\"dateModified\":\"2021-03-14T09:19:09+00:00\",\"breadcrumb\":{\"@id\":\"https:\\\/\\\/www.urlaub-im-zillertal.at\\\/appartement-angelika\\\/impressum\\\/#breadcrumb\"},\"inLanguage\":\"de\",\"potentialAction\":[{\"@type\":\"ReadAction\",\"target\":[\"https:\\\/\\\/www.urlaub-im-zillertal.at\\\/appartement-angelika\\\/impressum\\\/\"]}]},{\"@type\":\"BreadcrumbList\",\"@id\":\"https:\\\/\\\/www.urlaub-im-zillertal.at\\\/appartement-angelika\\\/impressum\\\/#breadcrumb\",\"itemListElement\":[{\"@type\":\"ListItem\",\"position\":1,\"name\":\"Startseite\",\"item\":\"https:\\\/\\\/www.urlaub-im-zillertal.at\\\/appartement-angelika\\\/\"},{\"@type\":\"ListItem\",\"position\":2,\"name\":\"Impressum\"}]},{\"@type\":\"WebSite\",\"@id\":\"https:\\\/\\\/www.urlaub-im-zillertal.at\\\/appartement-angelika\\\/#website\",\"url\":\"https:\\\/\\\/www.urlaub-im-zillertal.at\\\/appartement-angelika\\\/\",\"name\":\"Appartement Angelika\",\"description\":\"Ankommen und Wohlf\u00fchlen\",\"publisher\":{\"@id\":\"https:\\\/\\\/www.urlaub-im-zillertal.at\\\/appartement-angelika\\\/#organization\"},\"potentialAction\":[{\"@type\":\"SearchAction\",\"target\":{\"@type\":\"EntryPoint\",\"urlTemplate\":\"https:\\\/\\\/www.urlaub-im-zillertal.at\\\/appartement-angelika\\\/?s={search_term_string}\"},\"query-input\":{\"@type\":\"PropertyValueSpecification\",\"valueRequired\":true,\"valueName\":\"search_term_string\"}}],\"inLanguage\":\"de\"},{\"@type\":\"Organization\",\"@id\":\"https:\\\/\\\/www.urlaub-im-zillertal.at\\\/appartement-angelika\\\/#organization\",\"name\":\"Appartement Angelika\",\"url\":\"https:\\\/\\\/www.urlaub-im-zillertal.at\\\/appartement-angelika\\\/\",\"logo\":{\"@type\":\"ImageObject\",\"inLanguage\":\"de\",\"@id\":\"https:\\\/\\\/www.urlaub-im-zillertal.at\\\/appartement-angelika\\\/#\\\/schema\\\/logo\\\/image\\\/\",\"url\":\"https:\\\/\\\/www.urlaub-im-zillertal.at\\\/appartement-angelika\\\/wp-content\\\/uploads\\\/sites\\\/4\\\/2020\\\/09\\\/grosse-gemuetliche-Sitzecke-und-Couch.jpg\",\"contentUrl\":\"https:\\\/\\\/www.urlaub-im-zillertal.at\\\/appartement-angelika\\\/wp-content\\\/uploads\\\/sites\\\/4\\\/2020\\\/09\\\/grosse-gemuetliche-Sitzecke-und-Couch.jpg\",\"width\":2500,\"height\":1874,\"caption\":\"Appartement Angelika\"},\"image\":{\"@id\":\"https:\\\/\\\/www.urlaub-im-zillertal.at\\\/appartement-angelika\\\/#\\\/schema\\\/logo\\\/image\\\/\"}}]}<\/script>\n<!-- \/ Yoast SEO plugin. -->","yoast_head_json":{"title":"Impressum - Appartement Angelika","robots":{"index":"index","follow":"follow","max-snippet":"max-snippet:-1","max-image-preview":"max-image-preview:large","max-video-preview":"max-video-preview:-1"},"canonical":"https:\/\/www.urlaub-im-zillertal.at\/appartement-angelika\/impressum\/","og_locale":"de_DE","og_type":"article","og_title":"Impressum - Appartement Angelika","og_description":"Impressum Offenlegungspflicht laut Mediengesetz vom 1. Juli 2005Anbieter Appartement Angelika Angelika Tomann Stockach 238a A-6283 Schwendau Mobil: +43-650-6283235 E-Mail: mail@urlaub-im-zillertal.at Website: www.urlaub-im-zillertal.atCopyright (Urheberrecht) Die Inhalte dieser Website sind urheberrechtlich gesch\u00fctzt. Ihre Nutzung ist nur zum privaten Zweck zul\u00e4ssig. Nachdruck (auch auszugsweise), Vervielf\u00e4ltigung,Vorf\u00fchrung, Sendung, Vermietung, Duplikate und\/oder Leihe der Website oder einzelner Inhalte ist ohne Einwilligung [&hellip;]","og_url":"https:\/\/www.urlaub-im-zillertal.at\/appartement-angelika\/impressum\/","og_site_name":"Appartement Angelika","article_modified_time":"2021-03-14T09:19:09+00:00","twitter_card":"summary_large_image","twitter_misc":{"Gesch\u00e4tzte Lesezeit":"3\u00a0Minuten"},"schema":{"@context":"https:\/\/schema.org","@graph":[{"@type":"WebPage","@id":"https:\/\/www.urlaub-im-zillertal.at\/appartement-angelika\/impressum\/","url":"https:\/\/www.urlaub-im-zillertal.at\/appartement-angelika\/impressum\/","name":"Impressum - Appartement Angelika","isPartOf":{"@id":"https:\/\/www.urlaub-im-zillertal.at\/appartement-angelika\/#website"},"datePublished":"2020-07-07T19:56:45+00:00","dateModified":"2021-03-14T09:19:09+00:00","breadcrumb":{"@id":"https:\/\/www.urlaub-im-zillertal.at\/appartement-angelika\/impressum\/#breadcrumb"},"inLanguage":"de","potentialAction":[{"@type":"ReadAction","target":["https:\/\/www.urlaub-im-zillertal.at\/appartement-angelika\/impressum\/"]}]},{"@type":"BreadcrumbList","@id":"https:\/\/www.urlaub-im-zillertal.at\/appartement-angelika\/impressum\/#breadcrumb","itemListElement":[{"@type":"ListItem","position":1,"name":"Startseite","item":"https:\/\/www.urlaub-im-zillertal.at\/appartement-angelika\/"},{"@type":"ListItem","position":2,"name":"Impressum"}]},{"@type":"WebSite","@id":"https:\/\/www.urlaub-im-zillertal.at\/appartement-angelika\/#website","url":"https:\/\/www.urlaub-im-zillertal.at\/appartement-angelika\/","name":"Appartement Angelika","description":"Ankommen und Wohlf\u00fchlen","publisher":{"@id":"https:\/\/www.urlaub-im-zillertal.at\/appartement-angelika\/#organization"},"potentialAction":[{"@type":"SearchAction","target":{"@type":"EntryPoint","urlTemplate":"https:\/\/www.urlaub-im-zillertal.at\/appartement-angelika\/?s={search_term_string}"},"query-input":{"@type":"PropertyValueSpecification","valueRequired":true,"valueName":"search_term_string"}}],"inLanguage":"de"},{"@type":"Organization","@id":"https:\/\/www.urlaub-im-zillertal.at\/appartement-angelika\/#organization","name":"Appartement Angelika","url":"https:\/\/www.urlaub-im-zillertal.at\/appartement-angelika\/","logo":{"@type":"ImageObject","inLanguage":"de","@id":"https:\/\/www.urlaub-im-zillertal.at\/appartement-angelika\/#\/schema\/logo\/image\/","url":"https:\/\/www.urlaub-im-zillertal.at\/appartement-angelika\/wp-content\/uploads\/sites\/4\/2020\/09\/grosse-gemuetliche-Sitzecke-und-Couch.jpg","contentUrl":"https:\/\/www.urlaub-im-zillertal.at\/appartement-angelika\/wp-content\/uploads\/sites\/4\/2020\/09\/grosse-gemuetliche-Sitzecke-und-Couch.jpg","width":2500,"height":1874,"caption":"Appartement Angelika"},"image":{"@id":"https:\/\/www.urlaub-im-zillertal.at\/appartement-angelika\/#\/schema\/logo\/image\/"}}]}},"_links":{"self":[{"href":"https:\/\/www.urlaub-im-zillertal.at\/appartement-angelika\/wp-json\/wp\/v2\/pages\/6","targetHints":{"allow":["GET"]}}],"collection":[{"href":"https:\/\/www.urlaub-im-zillertal.at\/appartement-angelika\/wp-json\/wp\/v2\/pages"}],"about":[{"href":"https:\/\/www.urlaub-im-zillertal.at\/appartement-angelika\/wp-json\/wp\/v2\/types\/page"}],"author":[{"embeddable":true,"href":"https:\/\/www.urlaub-im-zillertal.at\/appartement-angelika\/wp-json\/wp\/v2\/users\/1"}],"replies":[{"embeddable":true,"href":"https:\/\/www.urlaub-im-zillertal.at\/appartement-angelika\/wp-json\/wp\/v2\/comments?post=6"}],"version-history":[{"count":12,"href":"https:\/\/www.urlaub-im-zillertal.at\/appartement-angelika\/wp-json\/wp\/v2\/pages\/6\/revisions"}],"predecessor-version":[{"id":1403,"href":"https:\/\/www.urlaub-im-zillertal.at\/appartement-angelika\/wp-json\/wp\/v2\/pages\/6\/revisions\/1403"}],"wp:attachment":[{"href":"https:\/\/www.urlaub-im-zillertal.at\/appartement-angelika\/wp-json\/wp\/v2\/media?parent=6"}],"wp:term":[{"taxonomy":"difl_page_category","embeddable":true,"href":"https:\/\/www.urlaub-im-zillertal.at\/appartement-angelika\/wp-json\/wp\/v2\/difl_page_category?post=6"}],"curies":[{"name":"wp","href":"https:\/\/api.w.org\/{rel}","templated":true}]}}