{"id":4,"date":"2020-08-17T09:03:20","date_gmt":"2020-08-17T07:03:20","guid":{"rendered":"http:\/\/www.urlaub-im-zillertal.at\/appartement-angelika\/preise-winter\/"},"modified":"2026-04-12T17:12:35","modified_gmt":"2026-04-12T15:12:35","slug":"preise-winter","status":"publish","type":"page","link":"https:\/\/www.urlaub-im-zillertal.at\/appartement-angelika\/preise-winter\/","title":{"rendered":"Preise Winter"},"content":{"rendered":"<p>[et_pb_section fb_built=&#8220;1&#8243; custom_padding_last_edited=&#8220;on|tablet&#8220; prev_background_color=&#8220;#ffffff&#8220; _builder_version=&#8220;4.16&#8243; _module_preset=&#8220;default&#8220; use_background_color_gradient=&#8220;on&#8220; background_color_gradient_stops=&#8220;rgba(0,0,0,0) 0%|#ffffff 100%&#8220; background_color_gradient_start=&#8220;rgba(0,0,0,0)&#8220; background_color_gradient_end=&#8220;#ffffff&#8220; background_image=&#8220;https:\/\/www.urlaub-im-zillertal.at\/appartement-angelika\/wp-content\/uploads\/sites\/4\/2020\/10\/20170421_093910.jpg&#8220; background_blend=&#8220;overlay&#8220; custom_padding_tablet=&#8220;||0px||false|false&#8220; custom_padding_phone=&#8220;||0px||false|false&#8220; top_divider_style=&#8220;arrow3&#8243; top_divider_height=&#8220;50px&#8220; global_colors_info=&#8220;{}&#8220;][et_pb_row disabled_on=&#8220;off|off|off&#8220; _builder_version=&#8220;4.16&#8243; _module_preset=&#8220;default&#8220; global_colors_info=&#8220;{}&#8220;][et_pb_column type=&#8220;4_4&#8243; _builder_version=&#8220;4.16&#8243; _module_preset=&#8220;default&#8220; global_colors_info=&#8220;{}&#8220;][et_pb_text disabled_on=&#8220;off|off|off&#8220; _builder_version=&#8220;4.16&#8243; _module_preset=&#8220;default&#8220; header_2_text_align=&#8220;center&#8220; header_2_text_color=&#8220;#ffffff&#8220; global_colors_info=&#8220;{}&#8220;]<\/p>\n<h2>Aktuelle Angebote<\/h2>\n<p>[\/et_pb_text][\/et_pb_column][\/et_pb_row][et_pb_row column_structure=&#8220;1_2,1_2&#8243; make_equal=&#8220;on&#8220; disabled_on=&#8220;off|off|off&#8220; _builder_version=&#8220;4.27.4&#8243; _module_preset=&#8220;default&#8220; custom_padding=&#8220;||47px|||&#8220; global_colors_info=&#8220;{}&#8220;][et_pb_column type=&#8220;1_2&#8243; _builder_version=&#8220;4.16&#8243; _module_preset=&#8220;default&#8220; background_color=&#8220;#960222&#8243; box_shadow_style=&#8220;preset1&#8243; global_colors_info=&#8220;{}&#8220;][et_pb_image src=&#8220;https:\/\/www.urlaub-im-zillertal.at\/appartement-angelika\/wp-content\/uploads\/sites\/4\/2020\/10\/winter-rodeln-rastkogel-foto-dominic-ebenbichler__2_-scaled-e1602167626730-1024&#215;768.jpg&#8220; title_text=&#8220;winter-rodeln-rastkogel-foto-dominic-ebenbichler__2_&#8220; _builder_version=&#8220;4.16&#8243; _module_preset=&#8220;default&#8220; background_color=&#8220;rgba(112,87,99,0.54)&#8220; background_image=&#8220;http:\/\/www.urlaub-im-zillertal.at\/appartement-angelika\/wp-content\/uploads\/sites\/4\/2020\/09\/DSC8337-300&#215;200.jpg&#8220; custom_margin=&#8220;||18px||false|false&#8220; custom_padding=&#8220;||||false|false&#8220; global_colors_info=&#8220;{}&#8220;][\/et_pb_image][et_pb_text _builder_version=&#8220;4.27.4&#8243; _module_preset=&#8220;default&#8220; text_text_color=&#8220;#ffffff&#8220; header_2_text_color=&#8220;#e7d9b4&#8243; custom_margin=&#8220;||0px||false|false&#8220; custom_padding=&#8220;|15px|15px|15px|false|false&#8220; hover_enabled=&#8220;0&#8243; global_colors_info=&#8220;{}&#8220; sticky_enabled=&#8220;0&#8243;]<\/p>\n<h2 style=\"text-align: left;\">Winterstartwochen bis 18.12.26<\/h2>\n<p><strong>Perfekte Bedingungen und noch nicht viel los auf den Pisten!<\/strong><\/p>\n<p><strong> <\/strong><\/p>\n<p><strong>Saisonstart Horberg\/Penken am 5.12.26 !<br \/><\/strong>Besuchen Sie auch den einzigartigen Mayrhofner Advent!<\/p>\n<p>EUR 190,- pro Tag f\u00fcr 3 Personen<b><br \/>EUR 220,- pro Tag f\u00fcr 4 Personen<br \/><\/b>EUR 250,- pro Tag f\u00fcr 5 Personen<\/p>\n<p>6 bis 8 Personen auf Anfrage, Preise bei Wochenbuchung<br \/><strong>4, 5 und 6 Tage<\/strong> &#8211; laut Preisrechner!<\/p>\n<p><span style=\"text-decoration: underline;\">Hinweis: Kurzaufenthalte nur buchbar in der Vorsaison sowie im April.<br \/><\/span><\/p>\n<p>&nbsp;<\/p>\n<p>[\/et_pb_text][et_pb_button button_url=&#8220;http:\/\/www.urlaub-im-zillertal.at\/appartement-angelika\/anfrage&#8220; button_text=&#8220;Jetzt Anfragen&#8220; button_alignment=&#8220;right&#8220; _builder_version=&#8220;4.27.4&#8243; _module_preset=&#8220;default&#8220; custom_margin=&#8220;0px|15px|15px|15px|false|false&#8220; filter_sepia=&#8220;100%&#8220; custom_css_main_element=&#8220;color: white;&#8220; global_colors_info=&#8220;{}&#8220;][\/et_pb_button][\/et_pb_column][et_pb_column type=&#8220;1_2&#8243; _builder_version=&#8220;4.16&#8243; _module_preset=&#8220;default&#8220; background_color=&#8220;#0c71c3&#8243; box_shadow_style=&#8220;preset1&#8243; global_colors_info=&#8220;{}&#8220;][et_pb_image src=&#8220;https:\/\/www.urlaub-im-zillertal.at\/appartement-angelika\/wp-content\/uploads\/sites\/4\/2020\/10\/skifahren-foto-dominic-ebenbichler4-scaled-e1602167442127-1024&#215;767.jpg&#8220; title_text=&#8220;skifahren-foto-dominic-ebenbichler4&#8243; _builder_version=&#8220;4.16&#8243; _module_preset=&#8220;default&#8220; background_color=&#8220;rgba(112,87,99,0.54)&#8220; background_enable_image=&#8220;off&#8220; custom_margin=&#8220;||18px||false|false&#8220; custom_padding=&#8220;||||false|false&#8220; global_colors_info=&#8220;{}&#8220;][\/et_pb_image][et_pb_text _builder_version=&#8220;4.27.4&#8243; _module_preset=&#8220;default&#8220; text_text_color=&#8220;#ffffff&#8220; header_2_text_color=&#8220;#e7d9b4&#8243; custom_margin=&#8220;||0px||false|false&#8220; custom_padding=&#8220;|15px|15px|15px|false|false&#8220; global_colors_info=&#8220;{}&#8220;]<\/p>\n<h2 style=\"text-align: left;\">Unser spezielles Osterangebot<strong><br \/><\/strong><\/h2>\n<p style=\"text-align: left;\">Erst auf die Piste und dann die herrliche Fr\u00fchlingssonne genie\u00dfen!<br \/><strong>H\u00f6henlage des Skigebiets + Gletscher = 100% Schneegarantie<\/strong><\/p>\n<p><strong><span style=\"text-decoration: underline;\">19. M\u00e4rz bis 3. April 2027<\/span><\/strong><\/p>\n<p>EUR 340,- f\u00fcr 5 Personen <strong>(90 m2)<\/strong><b><br \/>EUR 370,- f\u00fcr 6 Personen (108m\u00b2)<br \/><\/b>EUR 395,-\u00a0 f\u00fcr 7 Personen<br \/>EUR 420,- f\u00fcr 8 Personen<\/p>\n<p>Preise bei Wochenbuchung<br \/><b><br \/>Erste Osterwoche buchbar <\/b>von Samstag bis Samstag, Freitag bis Freitag oder Freitag bis Samstag; 6 N\u00e4chte auf Anfrage mit Aufpreis.<br \/><b><br \/>Zweite Osterwoche <\/b>derzeit buchbar von Samstag bis Samstag oder Sonntag bis Sonntag oder 8 N\u00e4chte, 6 auf Anfrage<\/p>\n<p>&nbsp;<\/p>\n<p>[\/et_pb_text][et_pb_button button_url=&#8220;http:\/\/www.urlaub-im-zillertal.at\/appartement-angelika\/anfrage&#8220; button_text=&#8220;Jetzt Anfragen&#8220; button_alignment=&#8220;right&#8220; _builder_version=&#8220;4.16&#8243; _module_preset=&#8220;default&#8220; custom_margin=&#8220;0px|15px|15px|15px|false|false&#8220; filter_sepia=&#8220;100%&#8220; custom_css_main_element=&#8220;color: white;&#8220; global_colors_info=&#8220;{}&#8220;][\/et_pb_button][\/et_pb_column][\/et_pb_row][et_pb_row _builder_version=&#8220;4.16&#8243; _module_preset=&#8220;default&#8220; global_colors_info=&#8220;{}&#8220;][et_pb_column type=&#8220;4_4&#8243; _builder_version=&#8220;4.16&#8243; _module_preset=&#8220;default&#8220; global_colors_info=&#8220;{}&#8220;][et_pb_text _builder_version=&#8220;4.16&#8243; _module_preset=&#8220;default&#8220; header_2_text_align=&#8220;center&#8220; header_2_text_color=&#8220;#960222&#8243; global_colors_info=&#8220;{}&#8220;]<\/p>\n<h2>Winterpreise<\/h2>\n<p>[\/et_pb_text][\/et_pb_column][\/et_pb_row][et_pb_row column_structure=&#8220;1_2,1_2&#8243; make_equal=&#8220;on&#8220; _builder_version=&#8220;4.16&#8243; _module_preset=&#8220;default&#8220; global_colors_info=&#8220;{}&#8220;][et_pb_column type=&#8220;1_2&#8243; _builder_version=&#8220;4.16&#8243; _module_preset=&#8220;default&#8220; background_color=&#8220;#ffffff&#8220; box_shadow_style=&#8220;preset1&#8243; global_colors_info=&#8220;{}&#8220;][et_pb_text _builder_version=&#8220;4.27.4&#8243; _module_preset=&#8220;default&#8220; header_4_text_color=&#8220;#960222&#8243; header_4_font_size=&#8220;14px&#8220; background_color=&#8220;rgba(0,0,0,0)&#8220; custom_padding=&#8220;40px|20px|20px|20px|false|false&#8220; hover_enabled=&#8220;0&#8243; global_colors_info=&#8220;{}&#8220; sticky_enabled=&#8220;0&#8243;]<\/p>\n<h2 class=\"    \" style=\"text-align: center;\">\u00a0Hauptsaison \/ Bergwinter<\/h2>\n<p style=\"text-align: center;\"><span style=\"color: #800000;\"><strong><span style=\"color: #000000;\">18.12.26 bis 26.12.26, 2. bis 9.1.27 sowie 23. bis 30.1.27<br \/>und 27.2. bis 6.3.27 buchbar<\/span><br \/>Silvester<\/strong> sowie 30.1.27 bis 27.2.2027<br \/><\/span><span style=\"text-decoration: underline; color: #800000;\"><strong>ausgebucht<\/strong><\/span><span style=\"color: #800000;\"><strong>!<\/strong><\/span><\/p>\n<p>&nbsp;<\/p>\n<table border=\"0\" cellpadding=\"0\" cellspacing=\"0\" style=\"width: 100%; border: 0px solid black; height: 96px;\">\n<tbody>\n<tr style=\"height: 24px;\">\n<td style=\"width: 49.5987%; height: 24px;\">5 Personen (90 m\u00b2)<\/td>\n<td style=\"text-align: right; width: 50.4013%; height: 24px;\">EUR 400,- bis 405,-<\/td>\n<\/tr>\n<tr style=\"height: 24px;\">\n<td style=\"width: 49.5987%; height: 24px;\">6 Personen (108 m\u00b2)<\/td>\n<td style=\"text-align: right; width: 50.4013%; height: 24px;\">EUR 425,- bis 430,-<\/td>\n<\/tr>\n<tr style=\"height: 24px;\">\n<td style=\"width: 49.5987%; height: 24px;\">7 Personen<\/td>\n<td style=\"text-align: right; width: 50.4013%; height: 24px;\">EUR 445,- bis 450,-<\/td>\n<\/tr>\n<tr style=\"height: 24px;\">\n<td style=\"width: 49.5987%; height: 24px;\">8 Personen<\/td>\n<td style=\"text-align: right; width: 50.4013%; height: 24px;\">\u00a0EUR 465,- bis 470,-<\/td>\n<\/tr>\n<\/tbody>\n<\/table>\n<p>[\/et_pb_text][\/et_pb_column][et_pb_column type=&#8220;1_2&#8243; _builder_version=&#8220;4.16&#8243; _module_preset=&#8220;default&#8220; background_color=&#8220;#ffffff&#8220; box_shadow_style=&#8220;preset1&#8243; global_colors_info=&#8220;{}&#8220;][et_pb_text _builder_version=&#8220;4.27.4&#8243; _module_preset=&#8220;default&#8220; custom_padding=&#8220;40px|20px|20px|20px|false|false&#8220; global_colors_info=&#8220;{}&#8220;]<\/p>\n<h3 class=\"    \" style=\"text-align: center;\"><strong><span style=\"color: #800000;\">\u00a0Osterspecial laut Angebot<\/span><\/strong><br \/>J\u00e4nnerwochen 9.1. bis 23.1.27<\/h3>\n<p>&nbsp;<\/p>\n<table border=\"0\" cellpadding=\"0\" cellspacing=\"0\" style=\"height: 168px; width: 100%; border: 0px solid black;\">\n<tbody>\n<tr style=\"height: 24px;\">\n<td style=\"height: 24px; width: 58.3256%;\">5 Personen\u00a0(90 m\u00b2)<\/td>\n<td style=\"text-align: right; height: 24px; width: 41.6744%;\">\u00a0EUR 360,-<\/td>\n<\/tr>\n<tr style=\"height: 24px;\">\n<td style=\"width: 58.3256%; height: 24px;\">6 Personen (108 m\u00b2)<\/td>\n<td style=\"text-align: right; width: 41.6744%; height: 24px;\">EUR 390,-<\/td>\n<\/tr>\n<tr style=\"height: 24px;\">\n<td style=\"width: 58.3256%; height: 24px;\">7 Personen<\/td>\n<td style=\"text-align: right; width: 41.6744%; height: 24px;\">EUR 420,-<\/td>\n<\/tr>\n<tr style=\"height: 24px;\">\n<td style=\"height: 24px; width: 58.3256%;\">8 Personen<\/td>\n<td style=\"text-align: right; height: 24px; width: 41.6744%;\">EUR 450,-<\/td>\n<\/tr>\n<\/tbody>\n<\/table>\n<p>[\/et_pb_text][\/et_pb_column][\/et_pb_row][et_pb_row _builder_version=&#8220;4.16&#8243; _module_preset=&#8220;default&#8220; global_colors_info=&#8220;{}&#8220;][et_pb_column type=&#8220;4_4&#8243; _builder_version=&#8220;4.16&#8243; _module_preset=&#8220;default&#8220; global_colors_info=&#8220;{}&#8220;][et_pb_button button_url=&#8220;https:\/\/www.urlaub-im-zillertal.at\/appartement-angelika\/buchen&#8220; button_text=&#8220;Jetzt Buchen&#8220; button_alignment=&#8220;center&#8220; _builder_version=&#8220;4.16&#8243; _module_preset=&#8220;default&#8220; global_colors_info=&#8220;{}&#8220;][\/et_pb_button][et_pb_cta title=&#8220;Wohnen in TOPLAGE &#8211; direkt an der Horbergbahn!&#8220; _builder_version=&#8220;4.16&#8243; _module_preset=&#8220;default&#8220; header_font_size=&#8220;18px&#8220; header_line_height=&#8220;1.4em&#8220; body_link_font=&#8220;||||on||||&#8220; body_link_text_color=&#8220;#ffffff&#8220; background_color=&#8220;rgba(0,0,0,0.2)&#8220; background_image=&#8220;https:\/\/www.urlaub-im-zillertal.at\/appartement-angelika\/wp-content\/uploads\/sites\/4\/2020\/09\/20170421_085146-e1600954542287.jpg&#8220; custom_margin=&#8220;75px||||false|false&#8220; custom_padding=&#8220;25%|0px|0px|0px|false|false&#8220; custom_padding_tablet=&#8220;45%||||false|false&#8220; custom_padding_phone=&#8220;70%||||false|false&#8220; custom_padding_last_edited=&#8220;on|phone&#8220; custom_css_promo_description=&#8220;background-color: rgba(0,0,0,0.5);||padding: 20px;||margin-top: 7%;||margin-bottom: 0;||bottom: 0;&#8220; header_text_shadow_style=&#8220;preset3&#8243; body_text_shadow_style=&#8220;preset3&#8243; box_shadow_style=&#8220;preset1&#8243; text_shadow_style=&#8220;preset3&#8243; global_colors_info=&#8220;{}&#8220;][\/et_pb_cta][\/et_pb_column][\/et_pb_row][\/et_pb_section][et_pb_section fb_built=&#8220;1&#8243; custom_padding_last_edited=&#8220;on|desktop&#8220; _builder_version=&#8220;4.16&#8243; _module_preset=&#8220;default&#8220; custom_padding_tablet=&#8220;0px||||false|false&#8220; custom_padding_phone=&#8220;0px||||false|false&#8220; global_colors_info=&#8220;{}&#8220;][et_pb_row column_structure=&#8220;1_2,1_2&#8243; _builder_version=&#8220;4.17.3&#8243; _module_preset=&#8220;default&#8220; global_colors_info=&#8220;{}&#8220;][et_pb_column type=&#8220;1_2&#8243; _builder_version=&#8220;4.16&#8243; _module_preset=&#8220;default&#8220; global_colors_info=&#8220;{}&#8220;][et_pb_text _builder_version=&#8220;4.16&#8243; _module_preset=&#8220;default&#8220; header_2_text_color=&#8220;#960222&#8243; global_colors_info=&#8220;{}&#8220;]<\/p>\n<h2 style=\"text-align: left\">Preisinformation<\/h2>\n<p>[\/et_pb_text][et_pb_text _builder_version=&#8220;4.27.4&#8243; _module_preset=&#8220;default&#8220; hover_enabled=&#8220;0&#8243; global_colors_info=&#8220;{}&#8220; sticky_enabled=&#8220;0&#8243;]<\/p>\n<p><span>Die angef\u00fchrten Preise verstehen sich pro \u00dcbernachtung<br \/>zuz\u00fcglich der einmaligen Endreinigung und der <strong>Ortstaxe<br \/><\/strong>in H\u00f6he von <strong>EUR 3,20<\/strong> pro Person und Tag (ab 15 Jahre).<\/span><\/p>\n<p><strong>Endreinigung<\/strong> EUR 110,- bis <strong>EUR 120,-<\/strong> je nach Belegung und Saison.<br \/>Alle Preise gelten generell bei <strong>Wochenbuchung<\/strong>.<\/p>\n<p><strong>In der Winter-Hauptsaison <\/strong>(Weihnachten bis Ostern) vermieten wir<br \/><span style=\"text-decoration: underline;\"><strong> ab<\/strong> <strong>6 Personen<\/strong><\/span> die <strong>komplette Etage mit 108 m\u00b2.<\/strong><\/p>\n<p><strong> <\/strong><\/p>\n<p><strong><\/strong>F\u00fcr 5 oder weniger Personen bezieht sich der Preis auf die<br \/>Hauptwohnung mit 90 m\u00b2.<strong><\/strong><\/p>\n<p><span style=\"color: #800000;\"><strong>Hier auf unserer Seite buchen Sie immer zum besten Preis<\/strong>!<\/span><\/p>\n<p><span style=\"font-size: 14px;\">Unsere <\/span><a href=\"#buchungsbedingungen\" style=\"font-size: 14px;\">Buchungs- und Stornobedingungen<\/a><span style=\"font-size: 14px;\"> finden Sie im Anschluss.<\/span><\/p>\n<p>&nbsp;<\/p>\n<p>&nbsp;<\/p>\n<p>[\/et_pb_text][et_pb_button button_url=&#8220;https:\/\/www.urlaub-im-zillertal.at\/appartement-angelika\/buchen\/&#8220; button_text=&#8220;Jetzt Buchen&#8220; button_alignment=&#8220;center&#8220; _builder_version=&#8220;4.16&#8243; _module_preset=&#8220;default&#8220; global_colors_info=&#8220;{}&#8220;][\/et_pb_button][\/et_pb_column][et_pb_column type=&#8220;1_2&#8243; _builder_version=&#8220;4.16&#8243; _module_preset=&#8220;default&#8220; global_colors_info=&#8220;{}&#8220;][et_pb_image src=&#8220;https:\/\/www.urlaub-im-zillertal.at\/appartement-angelika\/wp-content\/uploads\/sites\/4\/2020\/09\/Wir-wuenschen-einen-schoenen-Aufenthalt-1024&#215;768.jpg&#8220; title_text=&#8220;Wir w\u00fcnschen einen sch\u00f6nen Aufenthalt!&#8220; disabled_on=&#8220;on|on|off&#8220; _builder_version=&#8220;4.16&#8243; _module_preset=&#8220;default&#8220; transform_scale_tablet=&#8220;&#8220; transform_scale_phone=&#8220;&#8220; transform_scale_last_edited=&#8220;on|desktop&#8220; transform_translate=&#8220;-26px|-13px&#8220; transform_translate_tablet=&#8220;&#8220; transform_translate_phone=&#8220;&#8220; transform_translate_last_edited=&#8220;on|tablet&#8220; transform_translate_linked=&#8220;off&#8220; transform_rotate=&#8220;0deg|0deg|3deg&#8220; transform_rotate_tablet=&#8220;&#8220; transform_rotate_phone=&#8220;&#8220; transform_rotate_last_edited=&#8220;on|tablet&#8220; transform_skew_tablet=&#8220;&#8220; transform_skew_phone=&#8220;&#8220; transform_skew_last_edited=&#8220;on|desktop&#8220; transform_origin_tablet=&#8220;&#8220; transform_origin_phone=&#8220;&#8220; transform_origin_last_edited=&#8220;on|desktop&#8220; transform_styles_last_edited=&#8220;on|tablet&#8220; transform_styles_tablet=&#8220;&#8220; transform_styles_phone=&#8220;&#8220; border_width_all=&#8220;10px&#8220; border_color_all=&#8220;#ffffff&#8220; box_shadow_style=&#8220;preset1&#8243; global_colors_info=&#8220;{}&#8220;][\/et_pb_image][\/et_pb_column][\/et_pb_row][\/et_pb_section][et_pb_section fb_built=&#8220;1&#8243; _builder_version=&#8220;4.16&#8243; _module_preset=&#8220;default&#8220; custom_padding=&#8220;0px|||||&#8220; bottom_divider_style=&#8220;arrow3&#8243; bottom_divider_color=&#8220;#f3eddb&#8220; bottom_divider_height=&#8220;50px&#8220; bottom_divider_repeat_tablet=&#8220;&#8220; bottom_divider_repeat_phone=&#8220;&#8220; bottom_divider_repeat_last_edited=&#8220;on|desktop&#8220; global_colors_info=&#8220;{}&#8220;][et_pb_row module_id=&#8220;buchungsbedingungen&#8220; _builder_version=&#8220;4.16&#8243; _module_preset=&#8220;default&#8220; custom_padding=&#8220;75px||75px||false|false&#8220; global_module=&#8220;1924&#8243; saved_tabs=&#8220;all&#8220; global_colors_info=&#8220;{}&#8220;][et_pb_column type=&#8220;4_4&#8243; _builder_version=&#8220;4.16&#8243; _module_preset=&#8220;default&#8220; global_colors_info=&#8220;{}&#8220;][et_pb_text _builder_version=&#8220;4.16&#8243; _module_preset=&#8220;default&#8220; header_3_text_color=&#8220;#ffffff&#8220; global_colors_info=&#8220;{}&#8220;]<\/p>\n<h3 style=\"text-align: center\">Was Sie vor Ihrer Buchung wissen m\u00fcssen.<\/h3>\n<p>[\/et_pb_text][et_pb_accordion _builder_version=&#8220;4.27.0&#8243; _module_preset=&#8220;default&#8220; global_colors_info=&#8220;{}&#8220;][et_pb_accordion_item title=&#8220;Bei uns sind Sie sicher!&#8220; open=&#8220;on&#8220; _builder_version=&#8220;4.26.0&#8243; _module_preset=&#8220;default&#8220; global_colors_info=&#8220;{}&#8220;]<\/p>\n<p><strong>Wir vermieten nur ein Appartement <\/strong>\u2013 Sie sind also<strong> die einzigen G\u00e4ste <\/strong>im Haus.<\/p>\n<p>F\u00fcr Ihre Sicherheit im Appartement haben wir bestens gesorgt. Rauchmelder und Feuerl\u00f6scher sind vorhanden.<br \/>Die Endreinigung wird seit jeher <strong>genauestens<\/strong><span>\u00a0<\/span>mit geeigneten Mitteln durchgef\u00fchrt.<\/p>\n<p>[\/et_pb_accordion_item][et_pb_accordion_item title=&#8220;Buchungs- und Stornobedingungen&#8220; _builder_version=&#8220;4.27.0&#8243; _module_preset=&#8220;default&#8220; global_colors_info=&#8220;{}&#8220; open=&#8220;off&#8220;]<\/p>\n<p><strong>Anzahlung:<br \/><\/strong>Bei Buchung ist eine Anzahlung in H\u00f6he von <strong>30%<\/strong> des Gesamtbetrags zu leisten.<\/p>\n<p><strong>Stornoregelung Sommer:<\/strong><\/p>\n<ul>\n<li>kostenlos bis 90 Tage vor Anreise<\/li>\n<li>40% des Gesamtbetrags zwischen 90 und 30 Tagen vor Anreise<\/li>\n<li>60% des Gesamtbetrags zwischen 30 und 14 Tagen vor Anreise<\/li>\n<li>80% ab 14 Tage vor Anreise, au\u00dfer bei Weitervermietung<\/li>\n<li>vorzeitige Abreise 100% abzgl. Ortstaxe<\/li>\n<\/ul>\n<p><strong>Stornoregelung Winter:<\/strong><\/p>\n<ul>\n<li>kostenlos bis 90 Tage vor Anreise<\/li>\n<li>40% des Gesamtbetrags zwischen 90 und 60 Tagen vor Anreise<\/li>\n<li>60% des Gesamtbetrags zwischen 60 und 30 Tagen vor Anreise<\/li>\n<li>80% ab 30 Tage vor Anreise, au\u00dfer bei identer Weitervermietung<\/li>\n<li>vorzeitige Abreise 100% abzgl. Ortstaxe<\/li>\n<\/ul>\n<p>In der <strong>Vor- und Nachsaison<\/strong>\u00a0gelockerte Stornobedingungen laut Buchungskalender.<\/p>\n<p><strong><br \/>Reiser\u00fccktrittsversicherung:<\/strong><br \/>Mit der Europ\u00e4ischen Reiseversicherung sind Sie umfassend gesch\u00fctzt, auch bei <strong>Covid, Suche\/Bergung und Reiseabbruch<\/strong>.<br \/>Hier Pr\u00e4mie berechnen und abschlie\u00dfen: <a href=\"https:\/\/start.europaeische.at\/hsp&amp;agencyNumber=511804\" target=\"_blank\" rel=\"noopener noreferrer\">Reiseschutz von Europ\u00e4ische Reiseversicherung<\/a><\/p>\n<p class=\"bodytext\">Das Widerrufsrecht nach \u00a7 18 Abs. 1 Z. 10 FAGG kommt nicht zur Anwendung, daf\u00fcr gelten bei uns die Allgemeinen Gesch\u00e4ftsbedingungen f\u00fcr die Hotellerie:\u00a0<a href=\"https:\/\/www.hotelverband.at\/down\/AGBH_061115.pdf\" target=\"_blank\" rel=\"noopener noreferrer\">https:\/\/www.hotelverband.at<\/a><\/p>\n<p>[\/et_pb_accordion_item][et_pb_accordion_item title=&#8220;An- und Abreise&#8220; _builder_version=&#8220;4.27.0&#8243; _module_preset=&#8220;default&#8220; global_colors_info=&#8220;{}&#8220; open=&#8220;off&#8220;]<\/p>\n<p>Check-in ab 14.00 Uhr, Check-out bis 09.00 Uhr.<br \/>Fr\u00fchere Anreisen nach Absprache und Verf\u00fcgbarkeit.<\/p>\n<p><strong>Parkpl\u00e4tze<\/strong><br \/>Es gibt 3 kostenfreie Parkpl\u00e4tze direkt vor dem Haus.<\/p>\n<p><span><strong>Ausstattung<\/strong><br \/>Bettw\u00e4sche, ausreichend Hand- und Duscht\u00fccher sowie Geschirrt\u00fccher vorhanden.<br \/>Seife, Sp\u00fclmittel und Filtert\u00fcten werden zur Verf\u00fcgung gestellt, au\u00dferdem eine\u00a0<\/span><b>Erstausstattung<\/b><span>\u00a0an WC-Papier\u00a0und Sp\u00fcltabs.<br \/>In der K\u00fcche finden Sie eine Filter-Kaffeemaschine (Pulver) und\u00a0eine Espressomaschine (ganze Bohnen).<br \/>Bitte\u00a0<\/span><b>Hausschuhe<\/b><span>\u00a0mitbringen.<br \/><\/span><\/p>\n<p><strong>Reisehinweise<br \/><\/strong>Auf \u00f6sterreichischen Autobahnen besteht Vignettenpflicht. Alle Informationen dazu finden Sie\u00a0<a href=\"https:\/\/www.asfinag.at\/maut-vignette\/\" target=\"_blank\" rel=\"noopener noreferrer\">hier<\/a>.<\/p>\n<p>[\/et_pb_accordion_item][\/et_pb_accordion][\/et_pb_column][\/et_pb_row][\/et_pb_section]<\/p>\n","protected":false},"excerpt":{"rendered":"<p>Aktuelle AngeboteWinterstartwochen bis 18.12.26 Perfekte Bedingungen und noch nicht viel los auf den Pisten! Saisonstart Horberg\/Penken am 5.12.26 !Besuchen Sie auch den einzigartigen Mayrhofner Advent! EUR 190,- pro Tag f\u00fcr 3 PersonenEUR 220,- pro Tag f\u00fcr 4 PersonenEUR 250,- pro Tag f\u00fcr 5 Personen 6 bis 8 Personen auf Anfrage, Preise bei Wochenbuchung4, 5 und [&hellip;]<\/p>\n","protected":false},"author":1,"featured_media":0,"parent":0,"menu_order":0,"comment_status":"closed","ping_status":"closed","template":"","meta":{"_et_pb_use_builder":"on","_et_pb_old_content":"[et_pb_section fb_built=\"1\" custom_padding_last_edited=\"on|tablet\" prev_background_color=\"#ffffff\" _builder_version=\"4.5.6\" _module_preset=\"default\" use_background_color_gradient=\"on\" background_color_gradient_start=\"rgba(0,0,0,0)\" background_color_gradient_end=\"#ffffff\" background_image=\"http:\/\/www.urlaub-im-zillertal.at\/apart-roswitha\/wp-content\/uploads\/sites\/2\/2020\/07\/20170421_093910.jpg\" background_blend=\"overlay\" custom_padding_tablet=\"||0px||false|false\" custom_padding_phone=\"||0px||false|false\" top_divider_style=\"arrow3\" top_divider_height=\"50px\"][et_pb_row _builder_version=\"4.5.6\" _module_preset=\"default\"][et_pb_column type=\"4_4\" _builder_version=\"4.5.6\" _module_preset=\"default\"][et_pb_text _builder_version=\"4.5.6\" _module_preset=\"default\" header_2_text_align=\"center\" header_2_text_color=\"#ffffff\"]\n<h2>Winterpreise<\/h2>\n[\/et_pb_text][\/et_pb_column][\/et_pb_row][et_pb_row column_structure=\"1_2,1_2\" _builder_version=\"4.5.3\" _module_preset=\"default\"][et_pb_column type=\"1_2\" _builder_version=\"4.5.3\" _module_preset=\"default\"][et_pb_text _builder_version=\"4.5.3\" _module_preset=\"default\" background_color=\"#ffffff\" custom_padding=\"40px|20px|20px|20px|false|false\" box_shadow_style=\"preset1\"]\n<h2 class=\"    \" style=\"text-align: center;\">Winterstart 2020<\/h2>\n<p style=\"text-align: center;\">27.11. - 20.12.2020<\/p>\n&nbsp;\n<table border=\"0\" cellpadding=\"0\" cellspacing=\"0\" style=\"border: 0px solid black;\">\n<tbody>\n<tr>\n<td><strong>2 Personen<\/strong><\/td>\n<td style=\"text-align: right;\"><strong>EUR 85,-<\/strong><\/td>\n<\/tr>\n<tr>\n<td>3 Personen<\/td>\n<td style=\"text-align: right;\">EUR 105,-<\/td>\n<\/tr>\n<tr>\n<td>4 Personen<\/td>\n<td style=\"text-align: right;\">EUR 130,-<\/td>\n<\/tr>\n<tr>\n<td>5 Personen<\/td>\n<td style=\"text-align: right;\">EUR 155,-<\/td>\n<\/tr>\n<tr>\n<td>6 Personen<\/td>\n<td style=\"text-align: right;\">EUR 180,-<\/td>\n<\/tr>\n<tr>\n<td>7 Personen<\/td>\n<td style=\"text-align: right;\">EUR 200,-<\/td>\n<\/tr>\n<tr>\n<td>8 Personen<\/td>\n<td style=\"text-align: right;\">EUR 220,-<\/td>\n<\/tr>\n<tr>\n<td>Endreinigung<\/td>\n<td style=\"text-align: right;\">&nbsp;ab EUR 60,-<\/td>\n<\/tr>\n<\/tbody>\n<\/table>\n[\/et_pb_text][\/et_pb_column][et_pb_column type=\"1_2\" _builder_version=\"4.5.3\" _module_preset=\"default\"][et_pb_text _builder_version=\"4.5.3\" _module_preset=\"default\" background_color=\"#ffffff\" custom_padding=\"40px|20px|20px|20px|false|false\" box_shadow_style=\"preset1\"]\n<h2 class=\"    \" style=\"text-align: center;\">Winter 2020\/2021<\/h2>\n<p style=\"text-align: center;\">19.12.2020 - 11.04.2021<\/p>\n&nbsp;\n<table border=\"0\" cellpadding=\"0\" cellspacing=\"0\" style=\"border: 0px solid black;\">\n<tbody>\n<tr>\n<td><strong>2 - 6 Personen<\/strong><\/td>\n<td style=\"text-align: right;\"><strong>EUR 225,-<\/strong><\/td>\n<\/tr>\n<tr>\n<td>7 Personen<\/td>\n<td style=\"text-align: right;\">EUR 250,-<\/td>\n<\/tr>\n<tr>\n<td>8 Personen<\/td>\n<td style=\"text-align: right;\">EUR 270,-<\/td>\n<\/tr>\n<tr>\n<td>Endreinigung<\/td>\n<td style=\"text-align: right;\">&nbsp;ab EUR 60,-<\/td>\n<\/tr>\n<\/tbody>\n<\/table>\n[\/et_pb_text][\/et_pb_column][\/et_pb_row][et_pb_row _builder_version=\"4.5.3\" _module_preset=\"default\"][et_pb_column type=\"4_4\" _builder_version=\"4.5.3\" _module_preset=\"default\"][et_pb_button button_text=\"Jetzt Buchen\" button_alignment=\"center\" _builder_version=\"4.5.3\" _module_preset=\"default\"][\/et_pb_button][et_pb_cta title=\"Wohnen in TOPLAGE - direkt an der Horbergbahn!\" _builder_version=\"4.5.6\" _module_preset=\"default\" header_font_size=\"18px\" header_line_height=\"1.4em\" body_link_font=\"||||on||||\" body_link_text_color=\"#ffffff\" background_color=\"rgba(0,0,0,0.2)\" background_image=\"http:\/\/www.urlaub-im-zillertal.at\/apart-roswitha\/wp-content\/uploads\/sites\/2\/2020\/07\/20170421_085146-1600x900.jpg\" custom_margin=\"75px||||false|false\" custom_padding=\"25%|0px|0px|0px|false|false\" custom_padding_tablet=\"45%||||false|false\" custom_padding_phone=\"70%||||false|false\" custom_padding_last_edited=\"on|phone\" custom_css_promo_description=\"background-color: rgba(0,0,0,0.5);||padding: 20px;||margin-top: 7%;||margin-bottom: 0;||bottom: 0;\" header_text_shadow_style=\"preset3\" body_text_shadow_style=\"preset3\" box_shadow_style=\"preset1\" text_shadow_style=\"preset3\"][\/et_pb_cta][\/et_pb_column][\/et_pb_row][\/et_pb_section][et_pb_section fb_built=\"1\" custom_padding_last_edited=\"on|desktop\" _builder_version=\"4.5.6\" _module_preset=\"default\" custom_padding_tablet=\"0px||||false|false\" custom_padding_phone=\"0px||||false|false\"][et_pb_row column_structure=\"1_2,1_2\" _builder_version=\"4.5.3\" _module_preset=\"default\"][et_pb_column type=\"1_2\" _builder_version=\"4.5.3\" _module_preset=\"default\"][et_pb_text _builder_version=\"4.5.6\" _module_preset=\"default\" header_2_text_color=\"#6f8016\"]\n<h2 style=\"text-align: left;\">Preisinformationen<\/h2>\n[\/et_pb_text][et_pb_text _builder_version=\"4.5.3\" _module_preset=\"default\"]\n\nDie angef\u00fchrten Preise verstehen sich pro \u00dcbernachtung zzgl. einer einmaligen Endreinigung (ab EUR 60,-) und der Ortstaxe in H\u00f6he von EUR 2,20 pro Person und Tag (ab 15 Jahren).\n\n<span style=\"font-size: 14px;\">Unsere <\/span><a href=\"#buchungsbedingungen\" style=\"font-size: 14px;\">Buchunungs- und Stornobedingungen<\/a><span style=\"font-size: 14px;\"> finden Sie im Anschluss. Kindererm\u00e4\u00dfigung auf Anfrage!<\/span>\n\n[\/et_pb_text][et_pb_button button_text=\"Jetzt Buchen\" button_alignment=\"center\" _builder_version=\"4.5.3\" _module_preset=\"default\"][\/et_pb_button][\/et_pb_column][et_pb_column type=\"1_2\" _builder_version=\"4.5.3\" _module_preset=\"default\"][et_pb_image src=\"http:\/\/www.urlaub-im-zillertal.at\/apart-roswitha\/wp-content\/uploads\/sites\/2\/2020\/07\/Apart-Roswitha-Schwendau-Stockach-238-Roswitha-Sporer-Haus-Sommer1-1600x1065.jpg\" title_text=\"Apart-Roswitha-Schwendau-Stockach-238-Roswitha-Sporer-Haus-Sommer1\" disabled_on=\"on|on|off\" _builder_version=\"4.5.3\" _module_preset=\"default\" transform_scale_tablet=\"\" transform_scale_phone=\"\" transform_scale_last_edited=\"on|desktop\" transform_translate=\"-26px|-13px\" transform_translate_tablet=\"\" transform_translate_phone=\"\" transform_translate_last_edited=\"on|tablet\" transform_translate_linked=\"off\" transform_rotate=\"0deg|0deg|3deg\" transform_rotate_tablet=\"\" transform_rotate_phone=\"\" transform_rotate_last_edited=\"on|tablet\" transform_skew_tablet=\"\" transform_skew_phone=\"\" transform_skew_last_edited=\"on|desktop\" transform_origin_tablet=\"\" transform_origin_phone=\"\" transform_origin_last_edited=\"on|desktop\" transform_styles_last_edited=\"on|tablet\" transform_styles_tablet=\"\" transform_styles_phone=\"\" border_width_all=\"10px\" border_color_all=\"#ffffff\" box_shadow_style=\"preset1\"][\/et_pb_image][\/et_pb_column][\/et_pb_row][\/et_pb_section][et_pb_section fb_built=\"1\" _builder_version=\"4.5.3\" _module_preset=\"default\" custom_padding=\"0px|||||\" bottom_divider_style=\"arrow3\" bottom_divider_color=\"#dcddd8\" bottom_divider_height=\"50px\" bottom_divider_repeat_tablet=\"\" bottom_divider_repeat_phone=\"\" bottom_divider_repeat_last_edited=\"on|desktop\"][et_pb_row module_id=\"buchungsbedingungen\" _builder_version=\"4.5.3\" _module_preset=\"default\"][et_pb_column type=\"4_4\" _builder_version=\"4.5.3\" _module_preset=\"default\"][et_pb_text _builder_version=\"4.5.3\" _module_preset=\"default\" header_3_text_color=\"#000000\"]\n<h3 style=\"text-align: center;\">Was Sie vor Ihrer Buchung wissen m\u00fcssen.<\/h3>\n[\/et_pb_text][et_pb_accordion _builder_version=\"4.5.6\" _module_preset=\"default\" hover_enabled=\"0\"][et_pb_accordion_item title=\"Corona - wir sind vorbereitet!\" open=\"on\" _builder_version=\"4.5.3\" _module_preset=\"default\"]\n\nF\u00fcr Ihre Sicherheit im Apartment haben wir bestens vorgesorgt. So wird die Grundreinigung nun mit geeigneten Mitteln durchgef\u00fchrt. Zus\u00e4tzlich steht Desinfektionsmittel im Eingangsbereich f\u00fcr Sie bereit.\n\nIm Zuge der Corona-Pandemie haben wir nat\u00fcrlich auch unsere Buchungs- und Stornobedingungen ge\u00e4ndert. Mehr dazu finden Sie gleich im Anschluss.\n\n[\/et_pb_accordion_item][et_pb_accordion_item title=\"Buchungs- und Stornobedingungen\" _builder_version=\"4.5.3\" _module_preset=\"default\" open=\"off\"]\n<blockquote>In den Sommer- und Herbstmonaten ist Aufgrund der Corona-Situation eine<span>&nbsp;<\/span><strong>kostenlose Stornierung bis 7 Tage vor Anreise<\/strong><span>&nbsp;<\/span>m\u00f6glich. Sollte Ihnen die Anreise Aufgrund von neuerlichen Reisebeschr\u00e4nkungen oder gar einer Corona-Infektion nicht m\u00f6glich sein, gew\u00e4hren wir sogar eine<span>&nbsp;<\/span><strong>kostenlose Stornierung bis 48 Stunden vor Anreise<\/strong>.<\/blockquote>\nAb Dezember 2020 gelten dann wieder unsere gewohnten Buchungs- und Stornobedingungen. Alle Preise verstehen sich in Euro pro Nacht zzgl. Kurtaxe und Endreinigung.\n\n<strong>Anzahlung:\n<\/strong>Nach der Buchung ist eine Anzahlung in H\u00f6he von 20% des Gesamtbetrags zu leisten.\n\n<strong>Kurzaufenthalte:<\/strong>\nBei Kurzaufenthalten bis zu 3 Tagen verrechnen wir einen Aufschlag von Euro 10,00 pro Nacht.\n\n<strong>Haustiere:\n<\/strong>Aus hygienischen Gr\u00fcnden sind Haustiere in unseren Ferienwohnungen nicht gestattet.\n\n<strong>Stornostaffel:<\/strong>\n<ul>\n \t<li>Kostenlose bis 30 Tage vor Anreise<\/li>\n \t<li>40% des Gesamtbetrags zwischen 30 und 7 Tagen vor Anreise<\/li>\n \t<li>90% ab 7 Tage vor Anreise<\/li>\n \t<li>bei vorzeitiger Abreise wird 100% des Gesamtbetrags verrechnet<\/li>\n<\/ul>\n<strong>Reiser\u00fccktrittsversicherung:\n<\/strong>Wir empfehlen grunds\u00e4tzlich eine Reiser\u00fccktrittsversicherung abzuschlie\u00dfen. Die Kosten daf\u00fcr k\u00f6nnen Sie hier online abrufen:&nbsp;<a href=\"https:\/\/www.europaeische.at\/privatreisen\/reisen-ins-ausland\/reiseschutz\/\" target=\"_blank\" rel=\"noopener noreferrer\">Reiseschutz von Europ\u00e4ische Reiseversicherung<\/a>\n<p class=\"bodytext\">Das Widerrufsrecht nach \u00a7 18 Abs. 1 Z. 10 FAGG kommt nicht zur Anwendung, daf\u00fcr gelten bei uns die Allgemeinen Gesch\u00e4ftsbedingungen f\u00fcr die Hotellerie:<span>&nbsp;<\/span><a href=\"https:\/\/www.hotelverband.at\/down\/AGBH_061115.pdf\" target=\"_blank\" rel=\"noopener noreferrer\">https:\/\/www.hotelverband.at<\/a><\/p>\n[\/et_pb_accordion_item][et_pb_accordion_item title=\"An- und Abreise\" _builder_version=\"4.5.3\" _module_preset=\"default\" open=\"off\"]\n\n<strong>Anreise\n<\/strong>Check-in ab 16:00 Uhr\n(Gep\u00e4ck k\u00f6nnen Sie jedoch auch schon davor sicher deponieren.)\n\n<strong>Abreise<\/strong>\nCheck-out bis 10:00 Uhr\n\n<strong>Parkpl\u00e4tze<\/strong>\nF\u00fcr unsere Ferienwohnung sind bis zu drei Parkpl\u00e4tze reserviert.\n<blockquote>Auf \u00f6sterreichischen Autobahnen besteht Vignettenpflicht. Alle Informationen dazu finden Sie<span>&nbsp;<\/span><a href=\"https:\/\/www.asfinag.at\/maut-vignette\/\" target=\"_blank\" rel=\"noopener noreferrer\">hier<\/a>.<\/blockquote>\n[\/et_pb_accordion_item][\/et_pb_accordion][\/et_pb_column][\/et_pb_row][\/et_pb_section]","_et_gb_content_width":"1080","footnotes":""},"difl_page_category":[],"class_list":["post-4","page","type-page","status-publish","hentry"],"yoast_head":"<!-- This site is optimized with the Yoast SEO plugin v27.5 - https:\/\/yoast.com\/product\/yoast-seo-wordpress\/ -->\n<title>Preise Winter - Appartement Angelika<\/title>\n<meta name=\"robots\" content=\"index, follow, max-snippet:-1, max-image-preview:large, max-video-preview:-1\" \/>\n<link rel=\"canonical\" href=\"https:\/\/www.urlaub-im-zillertal.at\/appartement-angelika\/preise-winter\/\" \/>\n<meta property=\"og:locale\" content=\"de_DE\" \/>\n<meta property=\"og:type\" content=\"article\" \/>\n<meta property=\"og:title\" content=\"Preise Winter - Appartement Angelika\" \/>\n<meta property=\"og:description\" content=\"Aktuelle AngeboteWinterstartwochen bis 18.12.26 Perfekte Bedingungen und noch nicht viel los auf den Pisten! Saisonstart Horberg\/Penken am 5.12.26 !Besuchen Sie auch den einzigartigen Mayrhofner Advent! EUR 190,- pro Tag f\u00fcr 3 PersonenEUR 220,- pro Tag f\u00fcr 4 PersonenEUR 250,- pro Tag f\u00fcr 5 Personen 6 bis 8 Personen auf Anfrage, Preise bei Wochenbuchung4, 5 und [&hellip;]\" \/>\n<meta property=\"og:url\" content=\"https:\/\/www.urlaub-im-zillertal.at\/appartement-angelika\/preise-winter\/\" \/>\n<meta property=\"og:site_name\" content=\"Appartement Angelika\" \/>\n<meta property=\"article:modified_time\" content=\"2026-04-12T15:12:35+00:00\" \/>\n<meta name=\"twitter:card\" content=\"summary_large_image\" \/>\n<meta name=\"twitter:label1\" content=\"Gesch\u00e4tzte Lesezeit\" \/>\n\t<meta name=\"twitter:data1\" content=\"9\u00a0Minuten\" \/>\n<script type=\"application\/ld+json\" class=\"yoast-schema-graph\">{\"@context\":\"https:\\\/\\\/schema.org\",\"@graph\":[{\"@type\":\"WebPage\",\"@id\":\"https:\\\/\\\/www.urlaub-im-zillertal.at\\\/appartement-angelika\\\/preise-winter\\\/\",\"url\":\"https:\\\/\\\/www.urlaub-im-zillertal.at\\\/appartement-angelika\\\/preise-winter\\\/\",\"name\":\"Preise Winter - Appartement Angelika\",\"isPartOf\":{\"@id\":\"https:\\\/\\\/www.urlaub-im-zillertal.at\\\/appartement-angelika\\\/#website\"},\"datePublished\":\"2020-08-17T07:03:20+00:00\",\"dateModified\":\"2026-04-12T15:12:35+00:00\",\"breadcrumb\":{\"@id\":\"https:\\\/\\\/www.urlaub-im-zillertal.at\\\/appartement-angelika\\\/preise-winter\\\/#breadcrumb\"},\"inLanguage\":\"de\",\"potentialAction\":[{\"@type\":\"ReadAction\",\"target\":[\"https:\\\/\\\/www.urlaub-im-zillertal.at\\\/appartement-angelika\\\/preise-winter\\\/\"]}]},{\"@type\":\"BreadcrumbList\",\"@id\":\"https:\\\/\\\/www.urlaub-im-zillertal.at\\\/appartement-angelika\\\/preise-winter\\\/#breadcrumb\",\"itemListElement\":[{\"@type\":\"ListItem\",\"position\":1,\"name\":\"Startseite\",\"item\":\"https:\\\/\\\/www.urlaub-im-zillertal.at\\\/appartement-angelika\\\/\"},{\"@type\":\"ListItem\",\"position\":2,\"name\":\"Preise Winter\"}]},{\"@type\":\"WebSite\",\"@id\":\"https:\\\/\\\/www.urlaub-im-zillertal.at\\\/appartement-angelika\\\/#website\",\"url\":\"https:\\\/\\\/www.urlaub-im-zillertal.at\\\/appartement-angelika\\\/\",\"name\":\"Appartement Angelika\",\"description\":\"Ankommen und Wohlf\u00fchlen\",\"publisher\":{\"@id\":\"https:\\\/\\\/www.urlaub-im-zillertal.at\\\/appartement-angelika\\\/#organization\"},\"potentialAction\":[{\"@type\":\"SearchAction\",\"target\":{\"@type\":\"EntryPoint\",\"urlTemplate\":\"https:\\\/\\\/www.urlaub-im-zillertal.at\\\/appartement-angelika\\\/?s={search_term_string}\"},\"query-input\":{\"@type\":\"PropertyValueSpecification\",\"valueRequired\":true,\"valueName\":\"search_term_string\"}}],\"inLanguage\":\"de\"},{\"@type\":\"Organization\",\"@id\":\"https:\\\/\\\/www.urlaub-im-zillertal.at\\\/appartement-angelika\\\/#organization\",\"name\":\"Appartement Angelika\",\"url\":\"https:\\\/\\\/www.urlaub-im-zillertal.at\\\/appartement-angelika\\\/\",\"logo\":{\"@type\":\"ImageObject\",\"inLanguage\":\"de\",\"@id\":\"https:\\\/\\\/www.urlaub-im-zillertal.at\\\/appartement-angelika\\\/#\\\/schema\\\/logo\\\/image\\\/\",\"url\":\"https:\\\/\\\/www.urlaub-im-zillertal.at\\\/appartement-angelika\\\/wp-content\\\/uploads\\\/sites\\\/4\\\/2020\\\/09\\\/grosse-gemuetliche-Sitzecke-und-Couch.jpg\",\"contentUrl\":\"https:\\\/\\\/www.urlaub-im-zillertal.at\\\/appartement-angelika\\\/wp-content\\\/uploads\\\/sites\\\/4\\\/2020\\\/09\\\/grosse-gemuetliche-Sitzecke-und-Couch.jpg\",\"width\":2500,\"height\":1874,\"caption\":\"Appartement Angelika\"},\"image\":{\"@id\":\"https:\\\/\\\/www.urlaub-im-zillertal.at\\\/appartement-angelika\\\/#\\\/schema\\\/logo\\\/image\\\/\"}}]}<\/script>\n<!-- \/ Yoast SEO plugin. -->","yoast_head_json":{"title":"Preise Winter - Appartement Angelika","robots":{"index":"index","follow":"follow","max-snippet":"max-snippet:-1","max-image-preview":"max-image-preview:large","max-video-preview":"max-video-preview:-1"},"canonical":"https:\/\/www.urlaub-im-zillertal.at\/appartement-angelika\/preise-winter\/","og_locale":"de_DE","og_type":"article","og_title":"Preise Winter - Appartement Angelika","og_description":"Aktuelle AngeboteWinterstartwochen bis 18.12.26 Perfekte Bedingungen und noch nicht viel los auf den Pisten! Saisonstart Horberg\/Penken am 5.12.26 !Besuchen Sie auch den einzigartigen Mayrhofner Advent! EUR 190,- pro Tag f\u00fcr 3 PersonenEUR 220,- pro Tag f\u00fcr 4 PersonenEUR 250,- pro Tag f\u00fcr 5 Personen 6 bis 8 Personen auf Anfrage, Preise bei Wochenbuchung4, 5 und [&hellip;]","og_url":"https:\/\/www.urlaub-im-zillertal.at\/appartement-angelika\/preise-winter\/","og_site_name":"Appartement Angelika","article_modified_time":"2026-04-12T15:12:35+00:00","twitter_card":"summary_large_image","twitter_misc":{"Gesch\u00e4tzte Lesezeit":"9\u00a0Minuten"},"schema":{"@context":"https:\/\/schema.org","@graph":[{"@type":"WebPage","@id":"https:\/\/www.urlaub-im-zillertal.at\/appartement-angelika\/preise-winter\/","url":"https:\/\/www.urlaub-im-zillertal.at\/appartement-angelika\/preise-winter\/","name":"Preise Winter - Appartement Angelika","isPartOf":{"@id":"https:\/\/www.urlaub-im-zillertal.at\/appartement-angelika\/#website"},"datePublished":"2020-08-17T07:03:20+00:00","dateModified":"2026-04-12T15:12:35+00:00","breadcrumb":{"@id":"https:\/\/www.urlaub-im-zillertal.at\/appartement-angelika\/preise-winter\/#breadcrumb"},"inLanguage":"de","potentialAction":[{"@type":"ReadAction","target":["https:\/\/www.urlaub-im-zillertal.at\/appartement-angelika\/preise-winter\/"]}]},{"@type":"BreadcrumbList","@id":"https:\/\/www.urlaub-im-zillertal.at\/appartement-angelika\/preise-winter\/#breadcrumb","itemListElement":[{"@type":"ListItem","position":1,"name":"Startseite","item":"https:\/\/www.urlaub-im-zillertal.at\/appartement-angelika\/"},{"@type":"ListItem","position":2,"name":"Preise Winter"}]},{"@type":"WebSite","@id":"https:\/\/www.urlaub-im-zillertal.at\/appartement-angelika\/#website","url":"https:\/\/www.urlaub-im-zillertal.at\/appartement-angelika\/","name":"Appartement Angelika","description":"Ankommen und Wohlf\u00fchlen","publisher":{"@id":"https:\/\/www.urlaub-im-zillertal.at\/appartement-angelika\/#organization"},"potentialAction":[{"@type":"SearchAction","target":{"@type":"EntryPoint","urlTemplate":"https:\/\/www.urlaub-im-zillertal.at\/appartement-angelika\/?s={search_term_string}"},"query-input":{"@type":"PropertyValueSpecification","valueRequired":true,"valueName":"search_term_string"}}],"inLanguage":"de"},{"@type":"Organization","@id":"https:\/\/www.urlaub-im-zillertal.at\/appartement-angelika\/#organization","name":"Appartement Angelika","url":"https:\/\/www.urlaub-im-zillertal.at\/appartement-angelika\/","logo":{"@type":"ImageObject","inLanguage":"de","@id":"https:\/\/www.urlaub-im-zillertal.at\/appartement-angelika\/#\/schema\/logo\/image\/","url":"https:\/\/www.urlaub-im-zillertal.at\/appartement-angelika\/wp-content\/uploads\/sites\/4\/2020\/09\/grosse-gemuetliche-Sitzecke-und-Couch.jpg","contentUrl":"https:\/\/www.urlaub-im-zillertal.at\/appartement-angelika\/wp-content\/uploads\/sites\/4\/2020\/09\/grosse-gemuetliche-Sitzecke-und-Couch.jpg","width":2500,"height":1874,"caption":"Appartement Angelika"},"image":{"@id":"https:\/\/www.urlaub-im-zillertal.at\/appartement-angelika\/#\/schema\/logo\/image\/"}}]}},"_links":{"self":[{"href":"https:\/\/www.urlaub-im-zillertal.at\/appartement-angelika\/wp-json\/wp\/v2\/pages\/4","targetHints":{"allow":["GET"]}}],"collection":[{"href":"https:\/\/www.urlaub-im-zillertal.at\/appartement-angelika\/wp-json\/wp\/v2\/pages"}],"about":[{"href":"https:\/\/www.urlaub-im-zillertal.at\/appartement-angelika\/wp-json\/wp\/v2\/types\/page"}],"author":[{"embeddable":true,"href":"https:\/\/www.urlaub-im-zillertal.at\/appartement-angelika\/wp-json\/wp\/v2\/users\/1"}],"replies":[{"embeddable":true,"href":"https:\/\/www.urlaub-im-zillertal.at\/appartement-angelika\/wp-json\/wp\/v2\/comments?post=4"}],"version-history":[{"count":189,"href":"https:\/\/www.urlaub-im-zillertal.at\/appartement-angelika\/wp-json\/wp\/v2\/pages\/4\/revisions"}],"predecessor-version":[{"id":2692,"href":"https:\/\/www.urlaub-im-zillertal.at\/appartement-angelika\/wp-json\/wp\/v2\/pages\/4\/revisions\/2692"}],"wp:attachment":[{"href":"https:\/\/www.urlaub-im-zillertal.at\/appartement-angelika\/wp-json\/wp\/v2\/media?parent=4"}],"wp:term":[{"taxonomy":"difl_page_category","embeddable":true,"href":"https:\/\/www.urlaub-im-zillertal.at\/appartement-angelika\/wp-json\/wp\/v2\/difl_page_category?post=4"}],"curies":[{"name":"wp","href":"https:\/\/api.w.org\/{rel}","templated":true}]}}