{"id":11,"date":"2020-07-07T21:47:09","date_gmt":"2020-07-07T19:47:09","guid":{"rendered":"http:\/\/www.urlaub-im-zillertal.at\/appartement-angelika\/appartement\/"},"modified":"2026-04-01T12:16:25","modified_gmt":"2026-04-01T10:16:25","slug":"appartement","status":"publish","type":"page","link":"https:\/\/www.urlaub-im-zillertal.at\/appartement-angelika\/appartement\/","title":{"rendered":"Appartement"},"content":{"rendered":"<p>[et_pb_section fb_built=&#8220;1&#8243; next_background_color=&#8220;#ffffff&#8220; _builder_version=&#8220;4.16&#8243; _module_preset=&#8220;default&#8220; use_background_color_gradient=&#8220;on&#8220; background_color_gradient_direction=&#8220;1deg&#8220; background_color_gradient_stops=&#8220;rgba(231,217,180,0.31) 0%|#ffffff 100%&#8220; background_color_gradient_start=&#8220;rgba(231,217,180,0.31)&#8220; background_color_gradient_end=&#8220;#ffffff&#8220; bottom_divider_style=&#8220;arrow3&#8243; bottom_divider_height=&#8220;50px&#8220; global_colors_info=&#8220;{}&#8220;][et_pb_row _builder_version=&#8220;4.16&#8243; _module_preset=&#8220;default&#8220; global_colors_info=&#8220;{}&#8220;][et_pb_column type=&#8220;4_4&#8243; _builder_version=&#8220;4.16&#8243; _module_preset=&#8220;default&#8220; global_colors_info=&#8220;{}&#8220;][et_pb_text _builder_version=&#8220;4.24.0&#8243; _module_preset=&#8220;default&#8220; global_colors_info=&#8220;{}&#8220;]<\/p>\n<h2 style=\"text-align: center;\">APPARTEMENT\u00a0<strong>Angelika<\/strong><\/h2>\n<p style=\"text-align: center;\"><img loading=\"lazy\" decoding=\"async\" src=\"https:\/\/www.urlaub-im-zillertal.at\/apart-roswitha\/wp-content\/uploads\/sites\/2\/2020\/07\/icon_person.png\" width=\"24\" height=\"24\" alt=\"\" class=\"wp-image-175 alignnone size-full\" style=\"vertical-align: middle; margin-top: -3px;\" \/>\u00a0 <strong>f\u00fcr 2-8 Personen<\/strong>\u00a0 \u00a0<img loading=\"lazy\" decoding=\"async\" src=\"https:\/\/www.urlaub-im-zillertal.at\/apart-roswitha\/wp-content\/uploads\/sites\/2\/2020\/07\/icon_floorplan.png\" width=\"21\" height=\"21\" alt=\"\" class=\"wp-image-175 alignnone size-full\" style=\"vertical-align: middle; margin-top: -3px;\" \/>\u00a0 <strong>90-108m\u00b2\u00a0\u00a0<\/strong><\/p>\n<p>[\/et_pb_text][et_pb_slider admin_label=&#8220;Schlafcouch&#8220; _builder_version=&#8220;4.27.4&#8243; _module_preset=&#8220;default&#8220; height=&#8220;600px&#8220; height_tablet=&#8220;300px&#8220; height_phone=&#8220;50vw&#8220; height_last_edited=&#8220;on|tablet&#8220; box_shadow_style=&#8220;preset1&#8243; global_colors_info=&#8220;{}&#8220;][et_pb_slide admin_title=&#8220;Wohnzimmer&#8220; _builder_version=&#8220;4.25.2&#8243; _module_preset=&#8220;default&#8220; background_enable_color=&#8220;off&#8220; background_image=&#8220;https:\/\/www.urlaub-im-zillertal.at\/appartement-angelika\/wp-content\/uploads\/sites\/4\/2024\/06\/Viel-Platz-zum-Wohlfuehlen.jpg&#8220; background_enable_image=&#8220;on&#8220; global_colors_info=&#8220;{}&#8220; sticky_transition=&#8220;on&#8220;][\/et_pb_slide][et_pb_slide admin_title=&#8220;K\u00fcche&#8220; _builder_version=&#8220;4.16&#8243; _module_preset=&#8220;default&#8220; background_enable_color=&#8220;off&#8220; background_image=&#8220;https:\/\/www.urlaub-im-zillertal.at\/appartement-angelika\/wp-content\/uploads\/sites\/4\/2020\/09\/top-ausgestattete-Kueche-mit-Sitzgruppe-scaled.jpg&#8220; background_enable_image=&#8220;on&#8220; global_colors_info=&#8220;{}&#8220; sticky_transition=&#8220;on&#8220;][\/et_pb_slide][et_pb_slide admin_title=&#8220;Schlafzimmer 1&#8243; _builder_version=&#8220;4.27.4&#8243; _module_preset=&#8220;default&#8220; background_enable_color=&#8220;off&#8220; background_image=&#8220;https:\/\/www.urlaub-im-zillertal.at\/appartement-angelika\/wp-content\/uploads\/sites\/4\/2025\/07\/DZ-1-Balkon-scaled.jpg&#8220; background_enable_image=&#8220;on&#8220; global_colors_info=&#8220;{}&#8220; sticky_transition=&#8220;on&#8220;][\/et_pb_slide][et_pb_slide admin_title=&#8220;Schlafzimmer 2&#8243; _builder_version=&#8220;4.27.4&#8243; _module_preset=&#8220;default&#8220; background_enable_color=&#8220;off&#8220; background_image=&#8220;https:\/\/www.urlaub-im-zillertal.at\/appartement-angelika\/wp-content\/uploads\/sites\/4\/2025\/07\/DZ-2-scaled.jpg&#8220; background_enable_image=&#8220;on&#8220; global_colors_info=&#8220;{}&#8220; sticky_transition=&#8220;on&#8220;][\/et_pb_slide][et_pb_slide admin_title=&#8220;Einzelzimmer 2&#8243; _builder_version=&#8220;4.27.4&#8243; _module_preset=&#8220;default&#8220; background_enable_color=&#8220;off&#8220; background_image=&#8220;https:\/\/www.urlaub-im-zillertal.at\/appartement-angelika\/wp-content\/uploads\/sites\/4\/2025\/07\/EZ-scaled.jpg&#8220; background_enable_image=&#8220;on&#8220; global_colors_info=&#8220;{}&#8220; sticky_transition=&#8220;on&#8220;][\/et_pb_slide][et_pb_slide admin_title=&#8220;Badezimmer Waschbecken&#8220; _builder_version=&#8220;4.16&#8243; _module_preset=&#8220;default&#8220; background_enable_color=&#8220;off&#8220; background_image=&#8220;https:\/\/www.urlaub-im-zillertal.at\/appartement-angelika\/wp-content\/uploads\/sites\/4\/2020\/09\/grosses-Badezimmer-mit-Dusche-Wanne-Doppelwaschtisch-scaled.jpg&#8220; background_enable_image=&#8220;on&#8220; global_colors_info=&#8220;{}&#8220; sticky_transition=&#8220;on&#8220;][\/et_pb_slide][et_pb_slide admin_title=&#8220;WC&#8220; _builder_version=&#8220;4.16&#8243; _module_preset=&#8220;default&#8220; background_enable_color=&#8220;off&#8220; background_image=&#8220;https:\/\/www.urlaub-im-zillertal.at\/appartement-angelika\/wp-content\/uploads\/sites\/4\/2020\/09\/WC-separat-scaled.jpg&#8220; background_enable_image=&#8220;on&#8220; global_colors_info=&#8220;{}&#8220; sticky_transition=&#8220;on&#8220;][\/et_pb_slide][et_pb_slide heading=&#8220;3. Doppelzimmer &#8211; Wohnung 108 m\u00b2&#8220; admin_title=&#8220;Schlafzimmer 3&#8243; _builder_version=&#8220;4.27.4&#8243; _module_preset=&#8220;default&#8220; background_enable_color=&#8220;off&#8220; background_image=&#8220;https:\/\/www.urlaub-im-zillertal.at\/appartement-angelika\/wp-content\/uploads\/sites\/4\/2022\/05\/Doppelzimmer-3-Fewo-108-m2-scaled.jpg&#8220; background_enable_image=&#8220;on&#8220; global_colors_info=&#8220;{}&#8220; sticky_transition=&#8220;on&#8220;][\/et_pb_slide][et_pb_slide heading=&#8220;2. Bad &#8211; Wohnung 108 m\u00b2&#8220; admin_title=&#8220;Badezimmer klein&#8220; _builder_version=&#8220;4.17.4&#8243; _module_preset=&#8220;default&#8220; background_enable_color=&#8220;off&#8220; background_image=&#8220;https:\/\/www.urlaub-im-zillertal.at\/appartement-angelika\/wp-content\/uploads\/sites\/4\/2022\/05\/zusaetzliches-Bad-im-3.-Doppelzimmer-Fewo-108-m2.jpg&#8220; background_enable_image=&#8220;on&#8220; global_colors_info=&#8220;{}&#8220; sticky_transition=&#8220;on&#8220;][\/et_pb_slide][et_pb_slide admin_title=&#8220;Schlafcouch&#8220; _builder_version=&#8220;4.25.2&#8243; _module_preset=&#8220;default&#8220; background_enable_color=&#8220;off&#8220; background_image=&#8220;https:\/\/www.urlaub-im-zillertal.at\/appartement-angelika\/wp-content\/uploads\/sites\/4\/2024\/06\/Couchecke-Detail.jpg&#8220; background_enable_image=&#8220;on&#8220; global_colors_info=&#8220;{}&#8220; sticky_transition=&#8220;on&#8220;][\/et_pb_slide][\/et_pb_slider][\/et_pb_column][\/et_pb_row][et_pb_row column_structure=&#8220;1_2,1_2&#8243; _builder_version=&#8220;4.16&#8243; _module_preset=&#8220;default&#8220; global_colors_info=&#8220;{}&#8220;][et_pb_column type=&#8220;1_2&#8243; _builder_version=&#8220;4.16&#8243; _module_preset=&#8220;default&#8220; global_colors_info=&#8220;{}&#8220;][et_pb_image src=&#8220;https:\/\/www.urlaub-im-zillertal.at\/appartement-angelika\/wp-content\/uploads\/sites\/4\/2020\/09\/Grundriss-Fewo-787&#215;1024.jpg&#8220; title_text=&#8220;Grundriss-Fewo&#8220; align=&#8220;center&#8220; _builder_version=&#8220;4.16&#8243; _module_preset=&#8220;default&#8220; background_color=&#8220;rgba(0,0,0,0)&#8220; width_last_edited=&#8220;off|phone&#8220; height=&#8220;475px&#8220; height_tablet=&#8220;450px&#8220; height_phone=&#8220;400px&#8220; height_last_edited=&#8220;on|phone&#8220; custom_margin=&#8220;||||false|false&#8220; custom_margin_tablet=&#8220;||20px||false|false&#8220; custom_margin_phone=&#8220;&#8220; custom_margin_last_edited=&#8220;on|phone&#8220; custom_padding=&#8220;20px||20px||false|false&#8220; filter_saturate=&#8220;53%&#8220; border_width_all=&#8220;20px&#8220; border_color_all=&#8220;#ffffff&#8220; box_shadow_style=&#8220;preset1&#8243; global_colors_info=&#8220;{}&#8220;][\/et_pb_image][\/et_pb_column][et_pb_column type=&#8220;1_2&#8243; _builder_version=&#8220;4.16&#8243; _module_preset=&#8220;default&#8220; global_colors_info=&#8220;{}&#8220;][et_pb_text content_tablet=&#8220;<\/p>\n<h3>Viel Platz zum Wohlf\u00fchlen!<\/h3>\n<p>Nach diesem Motto haben wir im 1. Stock unseres Einfamilienhauses auf 90 bis 108 Quadratmetern ein komfortables Urlaubsdomizil geschaffen. Die moderne und mit jeglichem Komfort ausgestattete <strong>Wohnung (Kategorie 4 Edelwei\u00df)<\/strong> bietet Platz f\u00fcr 2 bis 10 Personen und ist ideal f\u00fcr Gruppen und Familien.<\/p>\n<blockquote>\n<p>Ein weiterer gro\u00dfer Vorteil im Winter ist die<br \/> <strong>TOP-LAGE DIREKT AN DER HORBERGBAHN<\/strong>!<br \/> In wenigen Schritten sind Sie im Skiparadies Horberg\/Penken.<\/p>\n<\/blockquote>\n<p><span><strong><\/strong><\/span><\/p>\n<p>&#8220; content_phone=&#8220;<\/p>\n<h3>Viel Platz zum Wohlf\u00fchlen!<\/h3>\n<p>Im 1. Stock unseres Einfamilienhauses vermieten wir ein modernes, komfortables test und liebevoll eingerichtetes <strong>Appartement <\/strong><span><strong>f\u00fcr 2\u20136 Personen<\/strong>. <\/span><span>Die helle, moderne Einrichtung und die erstklassige Ausstattung l\u00e4sst keine W\u00fcnsche offen. Sie werden sich wie zu Hause f\u00fchlen und <\/span><span>einen unvergesslichen Urlaub bei uns erleben.<\/span><\/p>\n<blockquote>\n<p>Ein weiterer gro\u00dfer Vorteil im Winter ist die<br \/> <strong>TOP-LAGE DIREKT AN DER HORBERGBAHN<\/strong>!<br \/> In wenigen Schritten sind Sie im Skiparadies Horberg\/Penken.<\/p>\n<\/blockquote>\n<p><span><strong><\/strong><\/span><\/p>\n<p>&#8220; content_last_edited=&#8220;off|desktop&#8220; _builder_version=&#8220;4.16&#8243; header_3_text_color=&#8220;#960222&#8243; header_3_line_height=&#8220;1.2em&#8220; background_color=&#8220;rgba(0,0,0,0)&#8220; custom_margin=&#8220;16px||15px|||&#8220; global_colors_info=&#8220;{}&#8220;]<\/p>\n<h3 style=\"text-align: center\">Viel Platz zum Wohlf\u00fchlen!<\/h3>\n<p>Nach diesem Motto haben wir <strong>im 1. Stock<\/strong> unseres Einfamilienhauses ein komfortables Urlaubsdomizil geschaffen. In unserem liebevoll eingerichteten Appartement werden Sie sich vom ersten Augenblick an wie zu Hause f\u00fchlen!<\/p>\n<p style=\"text-align: left\"><span style=\"font-size: 14px\"><strong><\/strong><\/span><\/p>\n<p>[\/et_pb_text][et_pb_blurb title=&#8220;Ausgezeichnet mit 4 Edelwei\u00df&#8220; image=&#8220;https:\/\/www.urlaub-im-zillertal.at\/appartement-angelika\/wp-content\/uploads\/sites\/4\/2020\/09\/4-Edelweiss-Komfort-1.png&#8220; icon_placement=&#8220;left&#8220; image_icon_width=&#8220;75px&#8220; content_max_width=&#8220;100%&#8220; _builder_version=&#8220;4.16&#8243; _module_preset=&#8220;default&#8220; width=&#8220;100%&#8220; box_shadow_style_image=&#8220;preset1&#8243; image_max_width=&#8220;75px&#8220; global_colors_info=&#8220;{}&#8220;]<\/p>\n<p><span>Die Auszeichnung f\u00fcr erstklassige Betriebe mit einer sehr komfortablen, geschmackvollen TOP-Ausstattung, hell, freundlich, harmonisch und mit besonderem Flair f\u00fcr gehobene Wohnanspr\u00fcche.<\/span><\/p>\n<p>[\/et_pb_blurb][et_pb_text _builder_version=&#8220;4.27.4&#8243; _module_preset=&#8220;default&#8220; custom_margin=&#8220;3px|||||&#8220; hover_enabled=&#8220;0&#8243; global_colors_info=&#8220;{}&#8220; sticky_enabled=&#8220;0&#8243;]<\/p>\n<blockquote>\n<p><span style=\"text-decoration: underline;\"><b>Perfekt f\u00fcr Familien und Gruppen<\/b>!<\/span><\/p>\n<p>Die <strong>Hauptwohnung mit 90 m\u00b2<\/strong> ist ideal f\u00fcr <strong>5 Personen<\/strong> und besteht aus zwei ger\u00e4umigen Doppelzimmern sowie einem kleinen Einbettzimmer.<\/p>\n<p><span style=\"text-decoration: underline;\">Im Sommer<\/span> sowie zum Winterstart vermieten wir nur die Hauptwohnung an maximal 6 Personen (5 plus 1 Kind im Zustell- oder Reisebett).<\/p>\n<p><strong><br \/><span style=\"text-decoration: underline; color: #800000;\">Winter-Hauptsaison von Weihnachten bis Ostern:<br \/><\/span><\/strong> Wohnungsgr\u00f6\u00dfe je nach Personenanzahl: Bis 5 Personen Fewo 90 m\u00b2,<br \/><strong><span style=\"text-decoration: underline;\">ab 6<\/span> <span style=\"text-decoration: underline;\">Personen<\/span><\/strong> komplette Etage mit 108 m\u00b2 <strong>inklusive Doppelzimmer 3<\/strong> mit<strong> Dusche\/WC.<\/strong>\u00a0Maximalbelegung 8 Personen.<\/p>\n<p>Bei 8 Personen Zustellbett 1,90 Meter in DZ 1 oder DZ 3, ein Reisebett passt in alle Doppelzimmer. Keine Schlafcouch mehr!<\/p>\n<p>&nbsp;<\/p>\n<\/blockquote>\n<p>[\/et_pb_text][et_pb_text _builder_version=&#8220;4.21.0&#8243; _module_preset=&#8220;default&#8220; global_colors_info=&#8220;{}&#8220;]<\/p>\n<p><strong>Check-In:<\/strong>\u00a0ab 14.00 Uhr<br \/><strong>Check-Out:<\/strong> bis 09.00 Uhr<\/p>\n<p>Unsere <a href=\"#buchungsbedingungen\">Buchungs- und Stornobedingungen<\/a> finden Sie im Anschluss.<\/p>\n<p>[\/et_pb_text][et_pb_button button_url=&#8220;https:\/\/www.urlaub-im-zillertal.at\/appartement-angelika\/buchen&#8220; button_text=&#8220;Jetzt Buchen&#8220; button_alignment=&#8220;left&#8220; _builder_version=&#8220;4.16&#8243; _module_preset=&#8220;default&#8220; custom_padding=&#8220;||||false|false&#8220; global_colors_info=&#8220;{}&#8220;][\/et_pb_button][\/et_pb_column][\/et_pb_row][\/et_pb_section][et_pb_section fb_built=&#8220;1&#8243; _builder_version=&#8220;4.16&#8243; _module_preset=&#8220;default&#8220; background_color=&#8220;#ffffff&#8220; custom_padding=&#8220;0px|||||&#8220; global_colors_info=&#8220;{}&#8220;][et_pb_row module_id=&#8220;ausstattung&#8220; _builder_version=&#8220;4.16&#8243; _module_preset=&#8220;default&#8220; global_colors_info=&#8220;{}&#8220;][et_pb_column type=&#8220;4_4&#8243; _builder_version=&#8220;4.16&#8243; _module_preset=&#8220;default&#8220; global_colors_info=&#8220;{}&#8220;][et_pb_text _builder_version=&#8220;4.16&#8243; _module_preset=&#8220;default&#8220; header_3_text_color=&#8220;#960222&#8243; global_colors_info=&#8220;{}&#8220;]<\/p>\n<h3 style=\"text-align: center\">Ausstattung<\/h3>\n<p>[\/et_pb_text][\/et_pb_column][\/et_pb_row][et_pb_row column_structure=&#8220;1_2,1_2&#8243; _builder_version=&#8220;4.16&#8243; _module_preset=&#8220;default&#8220; global_colors_info=&#8220;{}&#8220;][et_pb_column type=&#8220;1_2&#8243; _builder_version=&#8220;4.16&#8243; _module_preset=&#8220;default&#8220; global_colors_info=&#8220;{}&#8220;][et_pb_text _builder_version=&#8220;4.16&#8243; _module_preset=&#8220;default&#8220; global_colors_info=&#8220;{}&#8220;]<img loading=\"lazy\" decoding=\"async\" src=\"https:\/\/www.urlaub-im-zillertal.at\/apart-roswitha\/wp-content\/uploads\/sites\/2\/2020\/07\/icon-2.png\" width=\"25\" height=\"25\" alt=\"\" class=\"wp-image-45 alignnone size-full\" style=\"vertical-align: middle;margin-top: -7px\"> <strong><span><u>W-LAN Internet<\/u>&nbsp;&#8211; inklusive!<\/span><\/strong>[\/et_pb_text][et_pb_text _builder_version=&#8220;4.17.4&#8243; _module_preset=&#8220;default&#8220; global_colors_info=&#8220;{}&#8220;]<\/p>\n<p><img loading=\"lazy\" decoding=\"async\" src=\"https:\/\/www.urlaub-im-zillertal.at\/apart-roswitha\/wp-content\/uploads\/sites\/2\/2020\/07\/icon-2.png\" width=\"25\" height=\"25\" alt=\"\" class=\"wp-image-45 alignnone size-full\" style=\"vertical-align: middle;margin-top: -7px\" \/> <strong>Die Hauptwohnung verf\u00fcgt \u00fcber 90m\u00b2 Wohnfl\u00e4che<\/strong><\/p>\n<p><strong>2 ger\u00e4umige Doppelzimmer<\/strong> (eines mit TV), kleines Einzelzimmer;<br \/>alle Betten mit offenem Fu\u00dfende!<\/p>\n<p>[\/et_pb_text][et_pb_text _builder_version=&#8220;4.16&#8243; _module_preset=&#8220;default&#8220; global_colors_info=&#8220;{}&#8220;]<\/p>\n<p><img loading=\"lazy\" decoding=\"async\" src=\"https:\/\/www.urlaub-im-zillertal.at\/apart-roswitha\/wp-content\/uploads\/sites\/2\/2020\/07\/icon-2.png\" width=\"25\" height=\"25\" alt=\"\" class=\"wp-image-45 alignnone size-full\" style=\"vertical-align: middle;margin-top: -7px\" \/>\u00a0<strong>gro\u00dfes Bad<\/strong> <strong>mit Dusche und Badewanne<\/strong><\/p>\n<p>mit Doppelwaschbecken, F\u00f6n, Kosmetikspiegel<\/p>\n<p>[\/et_pb_text][et_pb_text _builder_version=&#8220;4.16&#8243; _module_preset=&#8220;default&#8220; global_colors_info=&#8220;{}&#8220;]<\/p>\n<p><img loading=\"lazy\" decoding=\"async\" src=\"https:\/\/www.urlaub-im-zillertal.at\/apart-roswitha\/wp-content\/uploads\/sites\/2\/2020\/07\/icon-2.png\" width=\"25\" height=\"25\" alt=\"\" class=\"wp-image-45 alignnone size-full\" style=\"vertical-align: middle;margin-top: -7px\" \/>\u00a0<strong>s<span>eparates WC<\/span><\/strong><\/p>\n<p>[\/et_pb_text][et_pb_text _builder_version=&#8220;4.16&#8243; _module_preset=&#8220;default&#8220; global_colors_info=&#8220;{}&#8220;]<\/p>\n<p><img loading=\"lazy\" decoding=\"async\" src=\"https:\/\/www.urlaub-im-zillertal.at\/apart-roswitha\/wp-content\/uploads\/sites\/2\/2020\/07\/icon-2.png\" width=\"25\" height=\"25\" alt=\"\" class=\"wp-image-45 alignnone size-full\" style=\"vertical-align: middle;margin-top: -7px\" \/> <strong><span>Nichtraucherwohnung, Safe<\/span><\/strong><\/p>\n<p>[\/et_pb_text][et_pb_text _builder_version=&#8220;4.24.2&#8243; _module_preset=&#8220;default&#8220; custom_padding=&#8220;||||false|false&#8220; global_colors_info=&#8220;{}&#8220;]<\/p>\n<p><img loading=\"lazy\" decoding=\"async\" src=\"https:\/\/www.urlaub-im-zillertal.at\/apart-roswitha\/wp-content\/uploads\/sites\/2\/2020\/07\/icon-2.png\" width=\"25\" height=\"25\" alt=\"\" class=\"wp-image-45 alignnone size-full\" style=\"vertical-align: middle; margin-top: -7px;\" \/>\u00a0<strong>Hochwertig ausgestattete K\u00fcche\u00a0mit allem Komfort:<\/strong><\/p>\n<ul>\n<li>Geschirrsp\u00fcler<\/li>\n<li>Mikrowelle<\/li>\n<li><strong>Kaffeevollautomat<\/strong> f\u00fcr Bohnen<\/li>\n<li>Filter-Kaffeemaschine<\/li>\n<li>Ceran-Kochfeld mit\u00a0Dunstabzug<\/li>\n<li><strong>Backofen<\/strong><\/li>\n<li>Wasserkocher<\/li>\n<li>Toaster<\/li>\n<li>Stabmixer<\/li>\n<li>K\u00fchlschrank mit Gefrierfach<\/li>\n<li>Ausreichend T\u00f6pfe, Pfannen, Geschirr, Gl\u00e4ser, Besteck<\/li>\n<li><strong>Sitzgruppe<\/strong> f\u00fcr 4 Personen<\/li>\n<\/ul>\n<p>[\/et_pb_text][\/et_pb_column][et_pb_column type=&#8220;1_2&#8243; _builder_version=&#8220;4.16&#8243; _module_preset=&#8220;default&#8220; global_colors_info=&#8220;{}&#8220;][et_pb_text _builder_version=&#8220;4.27.4&#8243; _module_preset=&#8220;default&#8220; global_colors_info=&#8220;{}&#8220;]<\/p>\n<p><img loading=\"lazy\" decoding=\"async\" src=\"https:\/\/www.urlaub-im-zillertal.at\/apart-roswitha\/wp-content\/uploads\/sites\/2\/2020\/07\/icon-2.png\" width=\"25\" height=\"25\" alt=\"\" class=\"wp-image-45 alignnone size-full\" style=\"vertical-align: middle; margin-top: -7px;\" \/>\u00a0<strong>separates ger\u00e4umiges Wohnzimmer mit <\/strong><strong>neuer Sitz-\/Essecke<\/strong> mit Platz f\u00fcr 8 Personen sowie einer <strong>neuen Couchecke<\/strong>.<\/p>\n<p>Flat-TV mit HDMI-Anschluss, Radio\/CD-Player, kleine Spielesammlung.<\/p>\n<p>[\/et_pb_text][et_pb_text _builder_version=&#8220;4.27.4&#8243; _module_preset=&#8220;default&#8220; global_colors_info=&#8220;{}&#8220;]<\/p>\n<p><img loading=\"lazy\" decoding=\"async\" src=\"https:\/\/www.urlaub-im-zillertal.at\/apart-roswitha\/wp-content\/uploads\/sites\/2\/2020\/07\/icon-2.png\" width=\"25\" height=\"25\" alt=\"\" class=\"wp-image-45 alignnone size-full\" style=\"vertical-align: middle; margin-top: -7px;\" \/> <strong>Balkon zur S\u00fcd- und Ostseite<\/strong><\/p>\n<p>mit Relaxst\u00fchlen und Tisch<\/p>\n<p>[\/et_pb_text][et_pb_text _builder_version=&#8220;4.16&#8243; _module_preset=&#8220;default&#8220; global_colors_info=&#8220;{}&#8220;]<\/p>\n<p><img loading=\"lazy\" decoding=\"async\" src=\"https:\/\/www.urlaub-im-zillertal.at\/apart-roswitha\/wp-content\/uploads\/sites\/2\/2020\/07\/icon-2.png\" width=\"25\" height=\"25\" alt=\"\" class=\"wp-image-45 alignnone size-full\" style=\"vertical-align: middle;margin-top: -7px\" \/> <strong>Eingangsbereich mit Garderobe, Info- und B\u00fccherecke<\/strong><\/p>\n<p>[\/et_pb_text][et_pb_text _builder_version=&#8220;4.27.4&#8243; _module_preset=&#8220;default&#8220; global_colors_info=&#8220;{}&#8220;]<\/p>\n<p><img loading=\"lazy\" decoding=\"async\" src=\"https:\/\/www.urlaub-im-zillertal.at\/apart-roswitha\/wp-content\/uploads\/sites\/2\/2020\/07\/icon-2.png\" width=\"25\" height=\"25\" alt=\"\" class=\"wp-image-45 alignnone size-full\" style=\"vertical-align: middle; margin-top: -7px;\" \/>\u00a0<strong>Allergikerfreundlich<\/strong><\/p>\n<p>Allergikerbetten, Fu\u00dfbodenheizung, keine Teppichb\u00f6den.<br \/><strong>Haustiere sind nicht erlaubt!<br \/><\/strong><\/p>\n<p>[\/et_pb_text][et_pb_text _builder_version=&#8220;4.16&#8243; _module_preset=&#8220;default&#8220; global_colors_info=&#8220;{}&#8220;]<img loading=\"lazy\" decoding=\"async\" src=\"https:\/\/www.urlaub-im-zillertal.at\/apart-roswitha\/wp-content\/uploads\/sites\/2\/2020\/07\/icon-2.png\" width=\"25\" height=\"25\" alt=\"\" class=\"wp-image-45 alignnone size-full\" style=\"vertical-align: middle;margin-top: -7px\"> <b>Bettw\u00e4sche, Handt\u00fccher&nbsp; und Geschirrt\u00fccher<\/b>[\/et_pb_text][et_pb_text _builder_version=&#8220;4.16&#8243; _module_preset=&#8220;default&#8220; global_colors_info=&#8220;{}&#8220;]<\/p>\n<p><img loading=\"lazy\" decoding=\"async\" src=\"https:\/\/www.urlaub-im-zillertal.at\/apart-roswitha\/wp-content\/uploads\/sites\/2\/2020\/07\/icon-2.png\" width=\"25\" height=\"25\" alt=\"\" class=\"wp-image-45 alignnone size-full\" style=\"vertical-align: middle;margin-top: -7px\" \/> <strong><span>Skidepot \/ Bikedepot <\/span><\/strong>(versperrt)<\/p>\n<p>[\/et_pb_text][et_pb_text _builder_version=&#8220;4.16&#8243; _module_preset=&#8220;default&#8220; global_colors_info=&#8220;{}&#8220;]<\/p>\n<p><img loading=\"lazy\" decoding=\"async\" src=\"https:\/\/www.urlaub-im-zillertal.at\/apart-roswitha\/wp-content\/uploads\/sites\/2\/2020\/07\/icon-2.png\" width=\"25\" height=\"25\" alt=\"\" class=\"wp-image-45 alignnone size-full\" style=\"vertical-align: middle;margin-top: -7px\" \/>\u00a0<strong><span>Skischuhtrockner<\/span><\/strong><\/p>\n<p>[\/et_pb_text][et_pb_text _builder_version=&#8220;4.17.4&#8243; _module_preset=&#8220;default&#8220; global_colors_info=&#8220;{}&#8220;]<\/p>\n<p><img loading=\"lazy\" decoding=\"async\" src=\"https:\/\/www.urlaub-im-zillertal.at\/apart-roswitha\/wp-content\/uploads\/sites\/2\/2020\/07\/icon-2.png\" width=\"25\" height=\"25\" alt=\"\" class=\"wp-image-45 alignnone size-full\" style=\"vertical-align: middle;margin-top: -7px\" \/><strong>b<\/strong><b>is zu 3 Parkpl\u00e4tze<\/b><\/p>\n<p>[\/et_pb_text][et_pb_text _builder_version=&#8220;4.27.4&#8243; _module_preset=&#8220;default&#8220; global_colors_info=&#8220;{}&#8220;]<\/p>\n<p><img loading=\"lazy\" decoding=\"async\" src=\"https:\/\/www.urlaub-im-zillertal.at\/apart-roswitha\/wp-content\/uploads\/sites\/2\/2020\/07\/icon-2.png\" width=\"25\" height=\"25\" alt=\"\" class=\"wp-image-45 alignnone size-full\" style=\"vertical-align: middle; margin-top: -7px;\" \/>\u00a0<strong>Familienfreundlich<\/strong><\/p>\n<p>Es stehen <strong>2 Reisebetten<\/strong>, ein Hochstuhl, versch. Hocker, eine Wickelauflage und ein Windeleimer bereit. F\u00fcr gr\u00f6\u00dfere Kinder gibt es ein <strong>Zustellbett 1,90 Meter<\/strong>.<\/p>\n<p>[\/et_pb_text][\/et_pb_column][\/et_pb_row][\/et_pb_section][et_pb_section fb_built=&#8220;1&#8243; _builder_version=&#8220;4.16&#8243; _module_preset=&#8220;default&#8220; background_color=&#8220;rgba(0,0,0,0)&#8220; use_background_color_gradient=&#8220;on&#8220; background_color_gradient_stops=&#8220;rgba(0,0,0,0.26) 0%|#ffffff 100%&#8220; background_color_gradient_start=&#8220;rgba(0,0,0,0.26)&#8220; background_color_gradient_end=&#8220;#ffffff&#8220; top_divider_style=&#8220;arrow3&#8243; top_divider_color=&#8220;#ffffff&#8220; top_divider_height=&#8220;50px&#8220; bottom_divider_style=&#8220;arrow3&#8243; bottom_divider_color=&#8220;#f3eddb&#8220; bottom_divider_height=&#8220;50px&#8220; bottom_divider_flip=&#8220;vertical|horizontal&#8220; global_colors_info=&#8220;{}&#8220;][et_pb_row module_id=&#8220;buchungsbedingungen&#8220; _builder_version=&#8220;4.16&#8243; _module_preset=&#8220;default&#8220; custom_padding=&#8220;75px||75px||false|false&#8220; global_module=&#8220;1924&#8243; saved_tabs=&#8220;all&#8220; global_colors_info=&#8220;{}&#8220;][et_pb_column type=&#8220;4_4&#8243; _builder_version=&#8220;4.16&#8243; _module_preset=&#8220;default&#8220; global_colors_info=&#8220;{}&#8220;][et_pb_text _builder_version=&#8220;4.16&#8243; _module_preset=&#8220;default&#8220; header_3_text_color=&#8220;#ffffff&#8220; global_colors_info=&#8220;{}&#8220;]<\/p>\n<h3 style=\"text-align: center\">Was Sie vor Ihrer Buchung wissen m\u00fcssen.<\/h3>\n<p>[\/et_pb_text][et_pb_accordion _builder_version=&#8220;4.27.0&#8243; _module_preset=&#8220;default&#8220; global_colors_info=&#8220;{}&#8220;][et_pb_accordion_item title=&#8220;Bei uns sind Sie sicher!&#8220; open=&#8220;on&#8220; _builder_version=&#8220;4.26.0&#8243; _module_preset=&#8220;default&#8220; global_colors_info=&#8220;{}&#8220;]<\/p>\n<p><strong>Wir vermieten nur ein Appartement <\/strong>\u2013 Sie sind also<strong> die einzigen G\u00e4ste <\/strong>im Haus.<\/p>\n<p>F\u00fcr Ihre Sicherheit im Appartement haben wir bestens gesorgt. Rauchmelder und Feuerl\u00f6scher sind vorhanden.<br \/>Die Endreinigung wird seit jeher <strong>genauestens<\/strong><span>\u00a0<\/span>mit geeigneten Mitteln durchgef\u00fchrt.<\/p>\n<p>[\/et_pb_accordion_item][et_pb_accordion_item title=&#8220;Buchungs- und Stornobedingungen&#8220; _builder_version=&#8220;4.27.0&#8243; _module_preset=&#8220;default&#8220; global_colors_info=&#8220;{}&#8220; open=&#8220;off&#8220;]<\/p>\n<p><strong>Anzahlung:<br \/><\/strong>Bei Buchung ist eine Anzahlung in H\u00f6he von <strong>30%<\/strong> des Gesamtbetrags zu leisten.<\/p>\n<p><strong>Stornoregelung Sommer:<\/strong><\/p>\n<ul>\n<li>kostenlos bis 90 Tage vor Anreise<\/li>\n<li>40% des Gesamtbetrags zwischen 90 und 30 Tagen vor Anreise<\/li>\n<li>60% des Gesamtbetrags zwischen 30 und 14 Tagen vor Anreise<\/li>\n<li>80% ab 14 Tage vor Anreise, au\u00dfer bei Weitervermietung<\/li>\n<li>vorzeitige Abreise 100% abzgl. Ortstaxe<\/li>\n<\/ul>\n<p><strong>Stornoregelung Winter:<\/strong><\/p>\n<ul>\n<li>kostenlos bis 90 Tage vor Anreise<\/li>\n<li>40% des Gesamtbetrags zwischen 90 und 60 Tagen vor Anreise<\/li>\n<li>60% des Gesamtbetrags zwischen 60 und 30 Tagen vor Anreise<\/li>\n<li>80% ab 30 Tage vor Anreise, au\u00dfer bei identer Weitervermietung<\/li>\n<li>vorzeitige Abreise 100% abzgl. Ortstaxe<\/li>\n<\/ul>\n<p>In der <strong>Vor- und Nachsaison<\/strong>\u00a0gelockerte Stornobedingungen laut Buchungskalender.<\/p>\n<p><strong><br \/>Reiser\u00fccktrittsversicherung:<\/strong><br \/>Mit der Europ\u00e4ischen Reiseversicherung sind Sie umfassend gesch\u00fctzt, auch bei <strong>Covid, Suche\/Bergung und Reiseabbruch<\/strong>.<br \/>Hier Pr\u00e4mie berechnen und abschlie\u00dfen: <a href=\"https:\/\/start.europaeische.at\/hsp&amp;agencyNumber=511804\" target=\"_blank\" rel=\"noopener noreferrer\">Reiseschutz von Europ\u00e4ische Reiseversicherung<\/a><\/p>\n<p class=\"bodytext\">Das Widerrufsrecht nach \u00a7 18 Abs. 1 Z. 10 FAGG kommt nicht zur Anwendung, daf\u00fcr gelten bei uns die Allgemeinen Gesch\u00e4ftsbedingungen f\u00fcr die Hotellerie:\u00a0<a href=\"https:\/\/www.hotelverband.at\/down\/AGBH_061115.pdf\" target=\"_blank\" rel=\"noopener noreferrer\">https:\/\/www.hotelverband.at<\/a><\/p>\n<p>[\/et_pb_accordion_item][et_pb_accordion_item title=&#8220;An- und Abreise&#8220; _builder_version=&#8220;4.27.0&#8243; _module_preset=&#8220;default&#8220; global_colors_info=&#8220;{}&#8220; open=&#8220;off&#8220;]<\/p>\n<p>Check-in ab 14.00 Uhr, Check-out bis 09.00 Uhr.<br \/>Fr\u00fchere Anreisen nach Absprache und Verf\u00fcgbarkeit.<\/p>\n<p><strong>Parkpl\u00e4tze<\/strong><br \/>Es gibt 3 kostenfreie Parkpl\u00e4tze direkt vor dem Haus.<\/p>\n<p><span><strong>Ausstattung<\/strong><br \/>Bettw\u00e4sche, ausreichend Hand- und Duscht\u00fccher sowie Geschirrt\u00fccher vorhanden.<br \/>Seife, Sp\u00fclmittel und Filtert\u00fcten werden zur Verf\u00fcgung gestellt, au\u00dferdem eine\u00a0<\/span><b>Erstausstattung<\/b><span>\u00a0an WC-Papier\u00a0und Sp\u00fcltabs.<br \/>In der K\u00fcche finden Sie eine Filter-Kaffeemaschine (Pulver) und\u00a0eine Espressomaschine (ganze Bohnen).<br \/>Bitte\u00a0<\/span><b>Hausschuhe<\/b><span>\u00a0mitbringen.<br \/><\/span><\/p>\n<p><strong>Reisehinweise<br \/><\/strong>Auf \u00f6sterreichischen Autobahnen besteht Vignettenpflicht. Alle Informationen dazu finden Sie\u00a0<a href=\"https:\/\/www.asfinag.at\/maut-vignette\/\" target=\"_blank\" rel=\"noopener noreferrer\">hier<\/a>.<\/p>\n<p>[\/et_pb_accordion_item][\/et_pb_accordion][\/et_pb_column][\/et_pb_row][\/et_pb_section]<\/p>\n","protected":false},"excerpt":{"rendered":"<p>APPARTEMENT\u00a0Angelika \u00a0 f\u00fcr 2-8 Personen\u00a0 \u00a0\u00a0 90-108m\u00b2\u00a0\u00a0Viel Platz zum Wohlf\u00fchlen! Nach diesem Motto haben wir im 1. Stock unseres Einfamilienhauses ein komfortables Urlaubsdomizil geschaffen. In unserem liebevoll eingerichteten Appartement werden Sie sich vom ersten Augenblick an wie zu Hause f\u00fchlen! Die Auszeichnung f\u00fcr erstklassige Betriebe mit einer sehr komfortablen, geschmackvollen TOP-Ausstattung, hell, freundlich, harmonisch und [&hellip;]<\/p>\n","protected":false},"author":1,"featured_media":0,"parent":0,"menu_order":0,"comment_status":"closed","ping_status":"closed","template":"","meta":{"_et_pb_use_builder":"on","_et_pb_old_content":"[et_pb_section fb_built=\"1\" next_background_color=\"#ffffff\" _builder_version=\"4.5.3\" _module_preset=\"default\" use_background_color_gradient=\"on\" background_color_gradient_start=\"rgba(216,216,216,0.32)\" background_color_gradient_end=\"#ffffff\" background_color_gradient_direction=\"1deg\" bottom_divider_style=\"arrow3\" bottom_divider_height=\"50px\"][et_pb_row _builder_version=\"4.5.3\" _module_preset=\"default\"][et_pb_column type=\"4_4\" _builder_version=\"4.5.3\" _module_preset=\"default\"][et_pb_text _builder_version=\"4.5.3\" _module_preset=\"default\"]\n<h2 style=\"text-align: center\">Appartement <strong>Roswitha<\/strong><\/h2>\n<p style=\"text-align: center\"><img src=\"http:\/\/www.urlaub-im-zillertal.at\/apart-roswitha\/wp-content\/uploads\/sites\/2\/2020\/07\/icon_person.png\" width=\"24\" height=\"24\" alt=\"\" class=\"wp-image-175 alignnone size-full\" style=\"vertical-align: middle;margin-top: -3px\">&nbsp; <strong>f\u00fcr 2-6 Personen<\/strong>&nbsp; &nbsp;<img src=\"http:\/\/www.urlaub-im-zillertal.at\/apart-roswitha\/wp-content\/uploads\/sites\/2\/2020\/07\/icon_floorplan.png\" width=\"21\" height=\"21\" alt=\"\" class=\"wp-image-175 alignnone size-full\" style=\"vertical-align: middle;margin-top: -3px\">&nbsp; <strong>85m\u00b2&nbsp;&nbsp;<\/strong><\/p>\n[\/et_pb_text][et_pb_slider _builder_version=\"4.5.6\" _module_preset=\"default\" height=\"600px\" height_tablet=\"300px\" height_phone=\"50vw\" height_last_edited=\"on|tablet\" hover_enabled=\"0\" box_shadow_style=\"preset1\"][et_pb_slide admin_title=\"K\u00fcche\" _builder_version=\"4.5.3\" _module_preset=\"default\" background_image=\"http:\/\/www.urlaub-im-zillertal.at\/apart-roswitha\/wp-content\/uploads\/sites\/2\/2020\/07\/Apart-Roswitha-Schwendau-Stockach-238-Roswitha-Sporer-Kueche-1600x1065.jpg\" background_enable_image=\"on\"][\/et_pb_slide][et_pb_slide admin_title=\"Schlafzimmer 1\" _builder_version=\"4.5.3\" _module_preset=\"default\" background_image=\"http:\/\/www.urlaub-im-zillertal.at\/apart-roswitha\/wp-content\/uploads\/sites\/2\/2020\/07\/Apart-Roswitha-Schwendau-Stockach-238-Roswitha-Sporer-Schlafzimmer1-1600x1065.jpg\" background_enable_image=\"on\"][\/et_pb_slide][et_pb_slide admin_title=\"Schlafzimmer 2\" _builder_version=\"4.5.3\" _module_preset=\"default\" background_image=\"http:\/\/www.urlaub-im-zillertal.at\/apart-roswitha\/wp-content\/uploads\/sites\/2\/2020\/07\/Apart-Roswitha-Schwendau-Stockach-238-Roswitha-Sporer-Schlafzimmer2-1600x1065.jpg\" background_enable_image=\"on\"][\/et_pb_slide][et_pb_slide admin_title=\"Schlafzimmer 3\" _builder_version=\"4.5.3\" _module_preset=\"default\" background_image=\"http:\/\/www.urlaub-im-zillertal.at\/apart-roswitha\/wp-content\/uploads\/sites\/2\/2020\/07\/Apart-Roswitha-Schwendau-Stockach-238-Roswitha-Sporer-Schlafzimmer3-1600x1065.jpg\" background_enable_image=\"on\"][\/et_pb_slide][et_pb_slide admin_title=\"Gang\" _builder_version=\"4.5.3\" _module_preset=\"default\" background_image=\"http:\/\/www.urlaub-im-zillertal.at\/apart-roswitha\/wp-content\/uploads\/sites\/2\/2020\/07\/Apart-Roswitha-Schwendau-Stockach-238-Roswitha-Sporer-Gang-1600x1065.jpg\" background_enable_image=\"on\"][\/et_pb_slide][et_pb_slide admin_title=\"Badezimmer\" _builder_version=\"4.5.6\" _module_preset=\"default\" background_image=\"http:\/\/www.urlaub-im-zillertal.at\/apart-roswitha\/wp-content\/uploads\/sites\/2\/2020\/07\/Apart-Roswitha-Schwendau-Stockach-238-Roswitha-Sporer-Badezimmer-1600x1065.jpg\" background_enable_image=\"on\" hover_enabled=\"0\"][\/et_pb_slide][et_pb_slide admin_title=\"Treppenhaus\" _builder_version=\"4.5.3\" _module_preset=\"default\" background_image=\"http:\/\/www.urlaub-im-zillertal.at\/apart-roswitha\/wp-content\/uploads\/sites\/2\/2020\/07\/Apart-Roswitha-Schwendau-Stockach-238-Roswitha-Sporer-Stiegenhaus-1600x1065.jpg\" background_enable_image=\"on\"][\/et_pb_slide][et_pb_slide admin_title=\"WC\" _builder_version=\"4.5.3\" _module_preset=\"default\" background_image=\"http:\/\/www.urlaub-im-zillertal.at\/apart-roswitha\/wp-content\/uploads\/sites\/2\/2020\/07\/Apart-Roswitha-Schwendau-Stockach-238-Roswitha-Sporer-WC-1600x1065.jpg\" background_enable_image=\"on\"][\/et_pb_slide][\/et_pb_slider][\/et_pb_column][\/et_pb_row][et_pb_row column_structure=\"1_2,1_2\" _builder_version=\"4.5.3\" _module_preset=\"default\"][et_pb_column type=\"1_2\" _builder_version=\"4.5.3\" _module_preset=\"default\"][et_pb_text _builder_version=\"4.5.3\" _module_preset=\"default\"]\n\nMit <strong>bester Lage, direkt an der Horbergbahn<\/strong>, und <a href=\"#ausstattung\">erstklassiger Ausstattung<\/a> l\u00e4sst unser Appartement Roswitha kaum W\u00fcnsche offen. Angefangen bei der liebevollen Einrichtung bis hin zum gebotenen Komfort - wir machen auch aus Ihnen begeisterte Stammg\u00e4ste.\n\nSommer wie Winter z\u00e4hlt das Zillertal mit all seinen Sport- und Freizeitangeboten zu den Top Urlaubsregionen in den Alpen. Mehr dazu finden Sie <a href=\"http:\/\/www.urlaub-im-zillertal.at\/apart-roswitha\/rund-herum\/\">hier<\/a>.\n\n[\/et_pb_text][et_pb_text _builder_version=\"4.5.3\" _module_preset=\"default\"]\n\n<strong>Check-In:<\/strong> bis 00:00 Uhr\n<strong>Check-Out:<\/strong> bis 00:00 Uhr\n\nUnsere <a href=\"#buchungsbedingungen\">Buchungs- und Stornobedingungen<\/a> finden Sie um Anschluss.\n\n[\/et_pb_text][et_pb_button button_text=\"Jetzt Buchen\" button_alignment=\"right\" _builder_version=\"4.5.3\" _module_preset=\"default\"][\/et_pb_button][\/et_pb_column][et_pb_column type=\"1_2\" _builder_version=\"4.5.3\" _module_preset=\"default\"][et_pb_image src=\"http:\/\/www.urlaub-im-zillertal.at\/apart-roswitha\/wp-content\/uploads\/sites\/2\/2020\/07\/Grundriss_Querformat_2048x1569.jpg\" _builder_version=\"4.5.6\" _module_preset=\"default\" title_text=\"Grundriss_Querformat_2048x1569\" hover_enabled=\"0\" box_shadow_style=\"preset1\" width_last_edited=\"off|phone\" custom_margin=\"||||false|false\" custom_margin_last_edited=\"on|phone\" custom_margin_tablet=\"||20px||false|false\"][\/et_pb_image][\/et_pb_column][\/et_pb_row][\/et_pb_section][et_pb_section fb_built=\"1\" _builder_version=\"4.5.3\" _module_preset=\"default\" background_color=\"#ffffff\" custom_padding=\"0px|||||\"][et_pb_row module_id=\"ausstattung\" _builder_version=\"4.5.3\" _module_preset=\"default\"][et_pb_column type=\"4_4\" _builder_version=\"4.5.3\" _module_preset=\"default\"][et_pb_text _builder_version=\"4.5.3\" _module_preset=\"default\" header_3_text_color=\"#6f8016\"]\n<h3 style=\"text-align: center\">Ausstattung<\/h3>\n[\/et_pb_text][\/et_pb_column][\/et_pb_row][et_pb_row column_structure=\"1_2,1_2\" _builder_version=\"4.5.3\" _module_preset=\"default\"][et_pb_column type=\"1_2\" _builder_version=\"4.5.3\" _module_preset=\"default\"][et_pb_text _builder_version=\"4.5.3\" _module_preset=\"default\"]\n\n<img src=\"http:\/\/www.urlaub-im-zillertal.at\/apart-roswitha\/wp-content\/uploads\/sites\/2\/2020\/07\/icon-2.png\" width=\"25\" height=\"25\" alt=\"\" class=\"wp-image-45 alignnone size-full\" style=\"vertical-align: middle;margin-top: -7px\"> <strong><span><u>W-LAN Internet<\/u>&nbsp;- inklusive!<\/span><\/strong>\n\n[\/et_pb_text][et_pb_text _builder_version=\"4.5.3\" _module_preset=\"default\"]\n\n<img src=\"http:\/\/www.urlaub-im-zillertal.at\/apart-roswitha\/wp-content\/uploads\/sites\/2\/2020\/07\/icon-2.png\" width=\"25\" height=\"25\" alt=\"\" class=\"wp-image-45 alignnone size-full\" style=\"vertical-align: middle;margin-top: -7px\">&nbsp;<strong><span>3 getrennte Schlafzimmer<\/span><\/strong>\n\nAlle Doppelzimmer bieten&nbsp;<u>Verdunkelungsrollos<\/u>!&nbsp;Eines der Doppelzimmer ist mit einer ausziehbaren Couch und SAT-TV ausgestattet - ein anderes mit verschiebbaren Betten.\n\n[\/et_pb_text][et_pb_text _builder_version=\"4.5.3\" _module_preset=\"default\" custom_padding=\"||||false|false\"]\n\n<img src=\"http:\/\/www.urlaub-im-zillertal.at\/apart-roswitha\/wp-content\/uploads\/sites\/2\/2020\/07\/icon-2.png\" width=\"25\" height=\"25\" alt=\"\" class=\"wp-image-45 alignnone size-full\" style=\"vertical-align: middle;margin-top: -7px\">&nbsp;<strong><span>moderne Wohnk\u00fcche<\/span><\/strong>\n\n<span>Es warten gem\u00fctliche Sitzecke mit SAT-TV und DVD-Player sowie eine sehr gut ausgestattete K\u00fcche auf Sie:<\/span>\n<ul>\n \t<li><span>Geschirrsp\u00fcler, K\u00fchlschrank mit Gefrierfach<\/span><\/li>\n \t<li><span>Kaffeevollautomat&nbsp;<strong>(nur Bohnenkaffee)<\/strong><\/span><\/li>\n \t<li><span>Kaffeemaschine (Filter)<\/span><\/li>\n \t<li><span>4 Cerankochfelder, Backofen und Dunstabzug<\/span><\/li>\n \t<li><span>Mikrowelle, Wasserkocher, Handmixer, Eierkocher, Toaster<\/span><\/li>\n \t<li><span>div. K\u00fcchenutensilien und Geschirr<\/span><\/li>\n \t<li><span>kleine Spielesammlung<\/span><\/li>\n<\/ul>\n[\/et_pb_text][et_pb_text _builder_version=\"4.5.3\" _module_preset=\"default\"]\n\n<img src=\"http:\/\/www.urlaub-im-zillertal.at\/apart-roswitha\/wp-content\/uploads\/sites\/2\/2020\/07\/icon-2.png\" width=\"25\" height=\"25\" alt=\"\" class=\"wp-image-45 alignnone size-full\" style=\"vertical-align: middle;margin-top: -7px\"> <b>Bettw\u00e4sche, Handt\u00fccher&nbsp; und Geschirrt\u00fccher<\/b>\n\n[\/et_pb_text][et_pb_text _builder_version=\"4.5.3\" _module_preset=\"default\"]\n\n<img src=\"http:\/\/www.urlaub-im-zillertal.at\/apart-roswitha\/wp-content\/uploads\/sites\/2\/2020\/07\/icon-2.png\" width=\"25\" height=\"25\" alt=\"\" class=\"wp-image-45 alignnone size-full\" style=\"vertical-align: middle;margin-top: -7px\"> <strong>bis zu&nbsp;3 Parkpl\u00e4tze<\/strong>\n\nEiner der Parkpl\u00e4tze ist sogar \u00fcberdacht.\n\n[\/et_pb_text][\/et_pb_column][et_pb_column type=\"1_2\" _builder_version=\"4.5.3\" _module_preset=\"default\"][et_pb_text _builder_version=\"4.5.3\" _module_preset=\"default\"]\n\n<img src=\"http:\/\/www.urlaub-im-zillertal.at\/apart-roswitha\/wp-content\/uploads\/sites\/2\/2020\/07\/icon-2.png\" width=\"25\" height=\"25\" alt=\"\" class=\"wp-image-45 alignnone size-full\" style=\"vertical-align: middle;margin-top: -7px\"> <strong><span>Nichtraucherwohnung<\/span><\/strong>\n\n[\/et_pb_text][et_pb_text _builder_version=\"4.5.3\" _module_preset=\"default\"]\n\n<img src=\"http:\/\/www.urlaub-im-zillertal.at\/apart-roswitha\/wp-content\/uploads\/sites\/2\/2020\/07\/icon-2.png\" width=\"25\" height=\"25\" alt=\"\" class=\"wp-image-45 alignnone size-full\" style=\"vertical-align: middle;margin-top: -7px\">&nbsp;<strong>allergikerfreundlich<\/strong>\n\nParkett-, Vinyl- und Fliesenb\u00f6den, Fu\u00dfbodenheizung - Haustiere sind nicht erlaubt<strong>\n<\/strong>\n\n[\/et_pb_text][et_pb_text _builder_version=\"4.5.3\" _module_preset=\"default\"]\n\n<img src=\"http:\/\/www.urlaub-im-zillertal.at\/apart-roswitha\/wp-content\/uploads\/sites\/2\/2020\/07\/icon-2.png\" width=\"25\" height=\"25\" alt=\"\" class=\"wp-image-45 alignnone size-full\" style=\"vertical-align: middle;margin-top: -7px\"> <strong>gro\u00dfr\u00e4umiges Bad<\/strong>\n\nWaschbecken, Badewanne, Dusche, F\u00f6n&nbsp;und&nbsp;<u>Waschmaschine<\/u>\n\n[\/et_pb_text][et_pb_text _builder_version=\"4.5.3\" _module_preset=\"default\"]\n\n<img src=\"http:\/\/www.urlaub-im-zillertal.at\/apart-roswitha\/wp-content\/uploads\/sites\/2\/2020\/07\/icon-2.png\" width=\"25\" height=\"25\" alt=\"\" class=\"wp-image-45 alignnone size-full\" style=\"vertical-align: middle;margin-top: -7px\"> <strong><span>separates WC<\/span><\/strong>\n\n[\/et_pb_text][et_pb_text _builder_version=\"4.5.3\" _module_preset=\"default\"]\n\n<img src=\"http:\/\/www.urlaub-im-zillertal.at\/apart-roswitha\/wp-content\/uploads\/sites\/2\/2020\/07\/icon-2.png\" width=\"25\" height=\"25\" alt=\"\" class=\"wp-image-45 alignnone size-full\" style=\"vertical-align: middle;margin-top: -7px\"> <strong>Balkon<\/strong>\n\nS\u00fcd-\/ostseitig&nbsp;mit Sitzgarnituren und Liegen\n\n[\/et_pb_text][et_pb_text _builder_version=\"4.5.3\" _module_preset=\"default\"]\n\n<img src=\"http:\/\/www.urlaub-im-zillertal.at\/apart-roswitha\/wp-content\/uploads\/sites\/2\/2020\/07\/icon-2.png\" width=\"25\" height=\"25\" alt=\"\" class=\"wp-image-45 alignnone size-full\" style=\"vertical-align: middle;margin-top: -7px\"> <strong>Insektenschutzgitter<\/strong>\n\n[\/et_pb_text][et_pb_text _builder_version=\"4.5.3\" _module_preset=\"default\"]\n\n<img src=\"http:\/\/www.urlaub-im-zillertal.at\/apart-roswitha\/wp-content\/uploads\/sites\/2\/2020\/07\/icon-2.png\" width=\"25\" height=\"25\" alt=\"\" class=\"wp-image-45 alignnone size-full\" style=\"vertical-align: middle;margin-top: -7px\"> <strong>Vorraum&nbsp;mit Garderobe&nbsp;und&nbsp;Infoecke<\/strong>\n\n[\/et_pb_text][et_pb_text _builder_version=\"4.5.3\" _module_preset=\"default\"]\n\n<img src=\"http:\/\/www.urlaub-im-zillertal.at\/apart-roswitha\/wp-content\/uploads\/sites\/2\/2020\/07\/icon-2.png\" width=\"25\" height=\"25\" alt=\"\" class=\"wp-image-45 alignnone size-full\" style=\"vertical-align: middle;margin-top: -7px\"> <strong><span>Skischuhtrockner<\/span><\/strong>\n\n[\/et_pb_text][et_pb_text _builder_version=\"4.5.3\" _module_preset=\"default\"]\n\n<img src=\"http:\/\/www.urlaub-im-zillertal.at\/apart-roswitha\/wp-content\/uploads\/sites\/2\/2020\/07\/icon-2.png\" width=\"25\" height=\"25\" alt=\"\" class=\"wp-image-45 alignnone size-full\" style=\"vertical-align: middle;margin-top: -7px\"> <strong><span>Skidepot\/Bikedepot absperrbar<\/span><\/strong>\n\n[\/et_pb_text][\/et_pb_column][\/et_pb_row][\/et_pb_section][et_pb_section fb_built=\"1\" _builder_version=\"4.5.3\" _module_preset=\"default\" background_color=\"rgba(0,0,0,0)\" use_background_color_gradient=\"on\" background_color_gradient_start=\"rgba(111,128,22,0.59)\" background_color_gradient_end=\"rgba(111,128,22,0.2)\" top_divider_style=\"arrow3\" top_divider_color=\"#ffffff\" top_divider_height=\"50px\" bottom_divider_style=\"arrow3\" bottom_divider_color=\"#dcddd8\" bottom_divider_height=\"50px\" bottom_divider_flip=\"vertical|horizontal\"][et_pb_row module_id=\"buchungsbedingungen\" _builder_version=\"4.5.3\" _module_preset=\"default\" custom_padding=\"75px||75px||false|false\"][et_pb_column type=\"4_4\" _builder_version=\"4.5.3\" _module_preset=\"default\"][et_pb_text _builder_version=\"4.5.3\" _module_preset=\"default\" header_3_text_color=\"#ffffff\"]\n<h3 style=\"text-align: center\">Was Sie vor Ihrer Buchung wissen m\u00fcssen.<\/h3>\n[\/et_pb_text][et_pb_accordion _builder_version=\"4.5.3\" _module_preset=\"default\"][et_pb_accordion_item title=\"Corona - wir sind vorbereitet!\" open=\"on\" _builder_version=\"4.5.3\" _module_preset=\"default\"]\n\nF\u00fcr Ihre Sicherheit im Apartment haben wir bestens vorgesorgt. So wird die Grundreinigung nun mit geeigneten Mitteln durchgef\u00fchrt. Zus\u00e4tzlich steht Desinfektionsmittel im Eingangsbereich f\u00fcr Sie bereit.\n\nIm Zuge der Corona-Pandemie haben wir nat\u00fcrlich auch unsere Buchungs- und Stornobedingungen ge\u00e4ndert. Mehr dazu finden Sie gleich im Anschluss.\n\n[\/et_pb_accordion_item][et_pb_accordion_item title=\"Buchungs- und Stornobedingungen\" _builder_version=\"4.5.3\" _module_preset=\"default\" open=\"off\"]\n<blockquote>In den Sommer- und Herbstmonaten ist Aufgrund der Corona-Situation eine<span>&nbsp;<\/span><strong>kostenlose Stornierung bis 7 Tage vor Anreise<\/strong><span>&nbsp;<\/span>m\u00f6glich. Sollte Ihnen die Anreise Aufgrund von neuerlichen Reisebeschr\u00e4nkungen oder gar einer Corona-Infektion nicht m\u00f6glich sein, gew\u00e4hren wir sogar eine<span>&nbsp;<\/span><strong>kostenlose Stornierung bis 48 Stunden vor Anreise<\/strong>.<\/blockquote>\nAb Dezember 2020 gelten dann wieder unsere gewohnten Buchungs- und Stornobedingungen. Alle Preise verstehen sich in Euro pro Nacht zzgl. Kurtaxe und Endreinigung.\n\n<strong>Anzahlung:\n<\/strong>Nach der Buchung ist eine Anzahlung in H\u00f6he von 20% des Gesamtbetrags zu leisten.\n\n<strong>Kurzaufenthalte:<\/strong>\nBei Kurzaufenthalten bis zu 3 Tagen verrechnen wir einen Aufschlag von Euro 10,00 pro Nacht.\n\n<strong>Haustiere:\n<\/strong>Aus hygienischen Gr\u00fcnden sind Haustiere in unseren Ferienwohnungen nicht gestattet.\n\n<strong>Stornostaffel:<\/strong>\n<ul>\n \t<li>Kostenlose bis 30 Tage vor Anreise<\/li>\n \t<li>40% des Gesamtbetrags zwischen 30 und 7 Tagen vor Anreise<\/li>\n \t<li>90% ab 7 Tage vor Anreise<\/li>\n \t<li>bei vorzeitiger Abreise wird 100% des Gesamtbetrags verrechnet<\/li>\n<\/ul>\n<strong>Reiser\u00fccktrittsversicherung:\n<\/strong>Wir empfehlen grunds\u00e4tzlich eine Reiser\u00fccktrittsversicherung abzuschlie\u00dfen. Die Kosten daf\u00fcr k\u00f6nnen Sie hier online abrufen:&nbsp;<a href=\"https:\/\/www.europaeische.at\/privatreisen\/reisen-ins-ausland\/reiseschutz\/\" target=\"_blank\" rel=\"noopener noreferrer\">Reiseschutz von Europ\u00e4ische Reiseversicherung<\/a>\n<p class=\"bodytext\">Das Widerrufsrecht nach \u00a7 18 Abs. 1 Z. 10 FAGG kommt nicht zur Anwendung, daf\u00fcr gelten bei uns die Allgemeinen Gesch\u00e4ftsbedingungen f\u00fcr die Hotellerie:<span>&nbsp;<\/span><a href=\"https:\/\/www.hotelverband.at\/down\/AGBH_061115.pdf\" target=\"_blank\" rel=\"noopener noreferrer\">https:\/\/www.hotelverband.at<\/a><\/p>\n[\/et_pb_accordion_item][et_pb_accordion_item title=\"An- und Abreise\" _builder_version=\"4.5.3\" _module_preset=\"default\" open=\"off\"]\n\n<strong>Anreise\n<\/strong>Check-in ab 16:00 Uhr\n(Gep\u00e4ck k\u00f6nnen Sie jedoch auch schon davor sicher deponieren.)\n\n<strong>Abreise<\/strong>\nCheck-out bis 10:00 Uhr\n\n<strong>Parkpl\u00e4tze<\/strong>\nF\u00fcr unsere Ferienwohnung sind bis zu drei Parkpl\u00e4tze reserviert.\n<blockquote>Auf \u00f6sterreichischen Autobahnen besteht Vignettenpflicht. Alle Informationen dazu finden Sie<span>&nbsp;<\/span><a href=\"https:\/\/www.asfinag.at\/maut-vignette\/\" target=\"_blank\" rel=\"noopener noreferrer\">hier<\/a>.<\/blockquote>\n[\/et_pb_accordion_item][\/et_pb_accordion][\/et_pb_column][\/et_pb_row][\/et_pb_section]","_et_gb_content_width":"1080","footnotes":""},"difl_page_category":[],"class_list":["post-11","page","type-page","status-publish","hentry"],"yoast_head":"<!-- This site is optimized with the Yoast SEO plugin v27.5 - https:\/\/yoast.com\/product\/yoast-seo-wordpress\/ -->\n<title>Appartement - Appartement Angelika<\/title>\n<meta name=\"robots\" content=\"index, follow, max-snippet:-1, max-image-preview:large, max-video-preview:-1\" \/>\n<link rel=\"canonical\" href=\"https:\/\/www.urlaub-im-zillertal.at\/appartement-angelika\/appartement\/\" \/>\n<meta property=\"og:locale\" content=\"de_DE\" \/>\n<meta property=\"og:type\" content=\"article\" \/>\n<meta property=\"og:title\" content=\"Appartement - Appartement Angelika\" \/>\n<meta property=\"og:description\" content=\"APPARTEMENT\u00a0Angelika \u00a0 f\u00fcr 2-8 Personen\u00a0 \u00a0\u00a0 90-108m\u00b2\u00a0\u00a0Viel Platz zum Wohlf\u00fchlen! Nach diesem Motto haben wir im 1. Stock unseres Einfamilienhauses ein komfortables Urlaubsdomizil geschaffen. In unserem liebevoll eingerichteten Appartement werden Sie sich vom ersten Augenblick an wie zu Hause f\u00fchlen! Die Auszeichnung f\u00fcr erstklassige Betriebe mit einer sehr komfortablen, geschmackvollen TOP-Ausstattung, hell, freundlich, harmonisch und [&hellip;]\" \/>\n<meta property=\"og:url\" content=\"https:\/\/www.urlaub-im-zillertal.at\/appartement-angelika\/appartement\/\" \/>\n<meta property=\"og:site_name\" content=\"Appartement Angelika\" \/>\n<meta property=\"article:modified_time\" content=\"2026-04-01T10:16:25+00:00\" \/>\n<meta name=\"twitter:card\" content=\"summary_large_image\" \/>\n<meta name=\"twitter:label1\" content=\"Gesch\u00e4tzte Lesezeit\" \/>\n\t<meta name=\"twitter:data1\" content=\"11\u00a0Minuten\" \/>\n<script type=\"application\/ld+json\" class=\"yoast-schema-graph\">{\"@context\":\"https:\\\/\\\/schema.org\",\"@graph\":[{\"@type\":\"WebPage\",\"@id\":\"https:\\\/\\\/www.urlaub-im-zillertal.at\\\/appartement-angelika\\\/appartement\\\/\",\"url\":\"https:\\\/\\\/www.urlaub-im-zillertal.at\\\/appartement-angelika\\\/appartement\\\/\",\"name\":\"Appartement - Appartement Angelika\",\"isPartOf\":{\"@id\":\"https:\\\/\\\/www.urlaub-im-zillertal.at\\\/appartement-angelika\\\/#website\"},\"primaryImageOfPage\":{\"@id\":\"https:\\\/\\\/www.urlaub-im-zillertal.at\\\/appartement-angelika\\\/appartement\\\/#primaryimage\"},\"image\":{\"@id\":\"https:\\\/\\\/www.urlaub-im-zillertal.at\\\/appartement-angelika\\\/appartement\\\/#primaryimage\"},\"thumbnailUrl\":\"https:\\\/\\\/www.urlaub-im-zillertal.at\\\/apart-roswitha\\\/wp-content\\\/uploads\\\/sites\\\/2\\\/2020\\\/07\\\/icon_person.png\",\"datePublished\":\"2020-07-07T19:47:09+00:00\",\"dateModified\":\"2026-04-01T10:16:25+00:00\",\"breadcrumb\":{\"@id\":\"https:\\\/\\\/www.urlaub-im-zillertal.at\\\/appartement-angelika\\\/appartement\\\/#breadcrumb\"},\"inLanguage\":\"de\",\"potentialAction\":[{\"@type\":\"ReadAction\",\"target\":[\"https:\\\/\\\/www.urlaub-im-zillertal.at\\\/appartement-angelika\\\/appartement\\\/\"]}]},{\"@type\":\"ImageObject\",\"inLanguage\":\"de\",\"@id\":\"https:\\\/\\\/www.urlaub-im-zillertal.at\\\/appartement-angelika\\\/appartement\\\/#primaryimage\",\"url\":\"https:\\\/\\\/www.urlaub-im-zillertal.at\\\/apart-roswitha\\\/wp-content\\\/uploads\\\/sites\\\/2\\\/2020\\\/07\\\/icon_person.png\",\"contentUrl\":\"https:\\\/\\\/www.urlaub-im-zillertal.at\\\/apart-roswitha\\\/wp-content\\\/uploads\\\/sites\\\/2\\\/2020\\\/07\\\/icon_person.png\"},{\"@type\":\"BreadcrumbList\",\"@id\":\"https:\\\/\\\/www.urlaub-im-zillertal.at\\\/appartement-angelika\\\/appartement\\\/#breadcrumb\",\"itemListElement\":[{\"@type\":\"ListItem\",\"position\":1,\"name\":\"Startseite\",\"item\":\"https:\\\/\\\/www.urlaub-im-zillertal.at\\\/appartement-angelika\\\/\"},{\"@type\":\"ListItem\",\"position\":2,\"name\":\"Appartement\"}]},{\"@type\":\"WebSite\",\"@id\":\"https:\\\/\\\/www.urlaub-im-zillertal.at\\\/appartement-angelika\\\/#website\",\"url\":\"https:\\\/\\\/www.urlaub-im-zillertal.at\\\/appartement-angelika\\\/\",\"name\":\"Appartement Angelika\",\"description\":\"Ankommen und Wohlf\u00fchlen\",\"publisher\":{\"@id\":\"https:\\\/\\\/www.urlaub-im-zillertal.at\\\/appartement-angelika\\\/#organization\"},\"potentialAction\":[{\"@type\":\"SearchAction\",\"target\":{\"@type\":\"EntryPoint\",\"urlTemplate\":\"https:\\\/\\\/www.urlaub-im-zillertal.at\\\/appartement-angelika\\\/?s={search_term_string}\"},\"query-input\":{\"@type\":\"PropertyValueSpecification\",\"valueRequired\":true,\"valueName\":\"search_term_string\"}}],\"inLanguage\":\"de\"},{\"@type\":\"Organization\",\"@id\":\"https:\\\/\\\/www.urlaub-im-zillertal.at\\\/appartement-angelika\\\/#organization\",\"name\":\"Appartement Angelika\",\"url\":\"https:\\\/\\\/www.urlaub-im-zillertal.at\\\/appartement-angelika\\\/\",\"logo\":{\"@type\":\"ImageObject\",\"inLanguage\":\"de\",\"@id\":\"https:\\\/\\\/www.urlaub-im-zillertal.at\\\/appartement-angelika\\\/#\\\/schema\\\/logo\\\/image\\\/\",\"url\":\"https:\\\/\\\/www.urlaub-im-zillertal.at\\\/appartement-angelika\\\/wp-content\\\/uploads\\\/sites\\\/4\\\/2020\\\/09\\\/grosse-gemuetliche-Sitzecke-und-Couch.jpg\",\"contentUrl\":\"https:\\\/\\\/www.urlaub-im-zillertal.at\\\/appartement-angelika\\\/wp-content\\\/uploads\\\/sites\\\/4\\\/2020\\\/09\\\/grosse-gemuetliche-Sitzecke-und-Couch.jpg\",\"width\":2500,\"height\":1874,\"caption\":\"Appartement Angelika\"},\"image\":{\"@id\":\"https:\\\/\\\/www.urlaub-im-zillertal.at\\\/appartement-angelika\\\/#\\\/schema\\\/logo\\\/image\\\/\"}}]}<\/script>\n<!-- \/ Yoast SEO plugin. -->","yoast_head_json":{"title":"Appartement - Appartement Angelika","robots":{"index":"index","follow":"follow","max-snippet":"max-snippet:-1","max-image-preview":"max-image-preview:large","max-video-preview":"max-video-preview:-1"},"canonical":"https:\/\/www.urlaub-im-zillertal.at\/appartement-angelika\/appartement\/","og_locale":"de_DE","og_type":"article","og_title":"Appartement - Appartement Angelika","og_description":"APPARTEMENT\u00a0Angelika \u00a0 f\u00fcr 2-8 Personen\u00a0 \u00a0\u00a0 90-108m\u00b2\u00a0\u00a0Viel Platz zum Wohlf\u00fchlen! Nach diesem Motto haben wir im 1. Stock unseres Einfamilienhauses ein komfortables Urlaubsdomizil geschaffen. In unserem liebevoll eingerichteten Appartement werden Sie sich vom ersten Augenblick an wie zu Hause f\u00fchlen! Die Auszeichnung f\u00fcr erstklassige Betriebe mit einer sehr komfortablen, geschmackvollen TOP-Ausstattung, hell, freundlich, harmonisch und [&hellip;]","og_url":"https:\/\/www.urlaub-im-zillertal.at\/appartement-angelika\/appartement\/","og_site_name":"Appartement Angelika","article_modified_time":"2026-04-01T10:16:25+00:00","twitter_card":"summary_large_image","twitter_misc":{"Gesch\u00e4tzte Lesezeit":"11\u00a0Minuten"},"schema":{"@context":"https:\/\/schema.org","@graph":[{"@type":"WebPage","@id":"https:\/\/www.urlaub-im-zillertal.at\/appartement-angelika\/appartement\/","url":"https:\/\/www.urlaub-im-zillertal.at\/appartement-angelika\/appartement\/","name":"Appartement - Appartement Angelika","isPartOf":{"@id":"https:\/\/www.urlaub-im-zillertal.at\/appartement-angelika\/#website"},"primaryImageOfPage":{"@id":"https:\/\/www.urlaub-im-zillertal.at\/appartement-angelika\/appartement\/#primaryimage"},"image":{"@id":"https:\/\/www.urlaub-im-zillertal.at\/appartement-angelika\/appartement\/#primaryimage"},"thumbnailUrl":"https:\/\/www.urlaub-im-zillertal.at\/apart-roswitha\/wp-content\/uploads\/sites\/2\/2020\/07\/icon_person.png","datePublished":"2020-07-07T19:47:09+00:00","dateModified":"2026-04-01T10:16:25+00:00","breadcrumb":{"@id":"https:\/\/www.urlaub-im-zillertal.at\/appartement-angelika\/appartement\/#breadcrumb"},"inLanguage":"de","potentialAction":[{"@type":"ReadAction","target":["https:\/\/www.urlaub-im-zillertal.at\/appartement-angelika\/appartement\/"]}]},{"@type":"ImageObject","inLanguage":"de","@id":"https:\/\/www.urlaub-im-zillertal.at\/appartement-angelika\/appartement\/#primaryimage","url":"https:\/\/www.urlaub-im-zillertal.at\/apart-roswitha\/wp-content\/uploads\/sites\/2\/2020\/07\/icon_person.png","contentUrl":"https:\/\/www.urlaub-im-zillertal.at\/apart-roswitha\/wp-content\/uploads\/sites\/2\/2020\/07\/icon_person.png"},{"@type":"BreadcrumbList","@id":"https:\/\/www.urlaub-im-zillertal.at\/appartement-angelika\/appartement\/#breadcrumb","itemListElement":[{"@type":"ListItem","position":1,"name":"Startseite","item":"https:\/\/www.urlaub-im-zillertal.at\/appartement-angelika\/"},{"@type":"ListItem","position":2,"name":"Appartement"}]},{"@type":"WebSite","@id":"https:\/\/www.urlaub-im-zillertal.at\/appartement-angelika\/#website","url":"https:\/\/www.urlaub-im-zillertal.at\/appartement-angelika\/","name":"Appartement Angelika","description":"Ankommen und Wohlf\u00fchlen","publisher":{"@id":"https:\/\/www.urlaub-im-zillertal.at\/appartement-angelika\/#organization"},"potentialAction":[{"@type":"SearchAction","target":{"@type":"EntryPoint","urlTemplate":"https:\/\/www.urlaub-im-zillertal.at\/appartement-angelika\/?s={search_term_string}"},"query-input":{"@type":"PropertyValueSpecification","valueRequired":true,"valueName":"search_term_string"}}],"inLanguage":"de"},{"@type":"Organization","@id":"https:\/\/www.urlaub-im-zillertal.at\/appartement-angelika\/#organization","name":"Appartement Angelika","url":"https:\/\/www.urlaub-im-zillertal.at\/appartement-angelika\/","logo":{"@type":"ImageObject","inLanguage":"de","@id":"https:\/\/www.urlaub-im-zillertal.at\/appartement-angelika\/#\/schema\/logo\/image\/","url":"https:\/\/www.urlaub-im-zillertal.at\/appartement-angelika\/wp-content\/uploads\/sites\/4\/2020\/09\/grosse-gemuetliche-Sitzecke-und-Couch.jpg","contentUrl":"https:\/\/www.urlaub-im-zillertal.at\/appartement-angelika\/wp-content\/uploads\/sites\/4\/2020\/09\/grosse-gemuetliche-Sitzecke-und-Couch.jpg","width":2500,"height":1874,"caption":"Appartement Angelika"},"image":{"@id":"https:\/\/www.urlaub-im-zillertal.at\/appartement-angelika\/#\/schema\/logo\/image\/"}}]}},"_links":{"self":[{"href":"https:\/\/www.urlaub-im-zillertal.at\/appartement-angelika\/wp-json\/wp\/v2\/pages\/11","targetHints":{"allow":["GET"]}}],"collection":[{"href":"https:\/\/www.urlaub-im-zillertal.at\/appartement-angelika\/wp-json\/wp\/v2\/pages"}],"about":[{"href":"https:\/\/www.urlaub-im-zillertal.at\/appartement-angelika\/wp-json\/wp\/v2\/types\/page"}],"author":[{"embeddable":true,"href":"https:\/\/www.urlaub-im-zillertal.at\/appartement-angelika\/wp-json\/wp\/v2\/users\/1"}],"replies":[{"embeddable":true,"href":"https:\/\/www.urlaub-im-zillertal.at\/appartement-angelika\/wp-json\/wp\/v2\/comments?post=11"}],"version-history":[{"count":118,"href":"https:\/\/www.urlaub-im-zillertal.at\/appartement-angelika\/wp-json\/wp\/v2\/pages\/11\/revisions"}],"predecessor-version":[{"id":2672,"href":"https:\/\/www.urlaub-im-zillertal.at\/appartement-angelika\/wp-json\/wp\/v2\/pages\/11\/revisions\/2672"}],"wp:attachment":[{"href":"https:\/\/www.urlaub-im-zillertal.at\/appartement-angelika\/wp-json\/wp\/v2\/media?parent=11"}],"wp:term":[{"taxonomy":"difl_page_category","embeddable":true,"href":"https:\/\/www.urlaub-im-zillertal.at\/appartement-angelika\/wp-json\/wp\/v2\/difl_page_category?post=11"}],"curies":[{"name":"wp","href":"https:\/\/api.w.org\/{rel}","templated":true}]}}