{"id":1040,"date":"2020-11-11T11:20:18","date_gmt":"2020-11-11T10:20:18","guid":{"rendered":"https:\/\/www.urlaub-im-zillertal.at\/appartement-angelika\/apartment\/"},"modified":"2026-04-01T12:54:54","modified_gmt":"2026-04-01T10:54:54","slug":"apartment","status":"publish","type":"page","link":"https:\/\/www.urlaub-im-zillertal.at\/appartement-angelika\/apartment\/?lang=en","title":{"rendered":"Apartment"},"content":{"rendered":"<p>[et_pb_section fb_built=&#8220;1&#8243; next_background_color=&#8220;#ffffff&#8220; _builder_version=&#8220;4.16&#8243; _module_preset=&#8220;default&#8220; use_background_color_gradient=&#8220;on&#8220; background_color_gradient_direction=&#8220;1deg&#8220; background_color_gradient_stops=&#8220;rgba(231,217,180,0.31) 0%|#ffffff 100%&#8220; background_color_gradient_start=&#8220;rgba(231,217,180,0.31)&#8220; background_color_gradient_end=&#8220;#ffffff&#8220; bottom_divider_style=&#8220;arrow3&#8243; bottom_divider_height=&#8220;50px&#8220; global_colors_info=&#8220;{}&#8220;][et_pb_row _builder_version=&#8220;4.16&#8243; _module_preset=&#8220;default&#8220; global_colors_info=&#8220;{}&#8220;][et_pb_column type=&#8220;4_4&#8243; _builder_version=&#8220;4.16&#8243; _module_preset=&#8220;default&#8220; global_colors_info=&#8220;{}&#8220;][et_pb_text _builder_version=&#8220;4.24.0&#8243; _module_preset=&#8220;default&#8220; global_colors_info=&#8220;{}&#8220;]<\/p>\n<h2 style=\"text-align: center;\">APPARTEMENT\u00a0<strong>Angelika<\/strong><\/h2>\n<p><\/p>\n<p style=\"text-align: center;\"><img loading=\"lazy\" decoding=\"async\" class=\"wp-image-175 alignnone size-full\" style=\"vertical-align: middle; margin-top: -3px;\" src=\"https:\/\/www.urlaub-im-zillertal.at\/apart-roswitha\/wp-content\/uploads\/sites\/2\/2020\/07\/icon_person.png\" alt=\"\" width=\"24\" height=\"24\" \/>\u00a0 <strong>for 2-8 persons\u00a0 \u00a0<\/strong><img loading=\"lazy\" decoding=\"async\" class=\"wp-image-175 alignnone size-full\" style=\"vertical-align: middle; margin-top: -3px;\" src=\"https:\/\/www.urlaub-im-zillertal.at\/apart-roswitha\/wp-content\/uploads\/sites\/2\/2020\/07\/icon_floorplan.png\" alt=\"\" width=\"21\" height=\"21\" \/>\u00a0 <strong>90-108m\u00b2\u00a0\u00a0<\/strong><\/p>\n<p>[\/et_pb_text][et_pb_slider admin_label=&#8220;Schlafcouch&#8220; _builder_version=&#8220;4.27.4&#8243; _module_preset=&#8220;default&#8220; height=&#8220;600px&#8220; height_tablet=&#8220;300px&#8220; height_phone=&#8220;50vw&#8220; height_last_edited=&#8220;on|tablet&#8220; box_shadow_style=&#8220;preset1&#8243; global_colors_info=&#8220;{}&#8220;][et_pb_slide admin_title=&#8220;Wohnzimmer&#8220; _builder_version=&#8220;4.25.2&#8243; _module_preset=&#8220;default&#8220; background_enable_color=&#8220;off&#8220; background_image=&#8220;https:\/\/www.urlaub-im-zillertal.at\/appartement-angelika\/wp-content\/uploads\/sites\/4\/2024\/06\/Viel-Platz-zum-Wohlfuehlen.jpg&#8220; background_enable_image=&#8220;on&#8220; global_colors_info=&#8220;{}&#8220; sticky_transition=&#8220;on&#8220;][\/et_pb_slide][et_pb_slide admin_title=&#8220;K\u00fcche&#8220; _builder_version=&#8220;4.16&#8243; _module_preset=&#8220;default&#8220; background_enable_color=&#8220;off&#8220; background_image=&#8220;https:\/\/www.urlaub-im-zillertal.at\/appartement-angelika\/wp-content\/uploads\/sites\/4\/2020\/09\/top-ausgestattete-Kueche-mit-Sitzgruppe-scaled.jpg&#8220; background_enable_image=&#8220;on&#8220; global_colors_info=&#8220;{}&#8220; sticky_transition=&#8220;on&#8220;][\/et_pb_slide][et_pb_slide admin_title=&#8220;Schlafzimmer 1&#8243; _builder_version=&#8220;4.27.4&#8243; _module_preset=&#8220;default&#8220; background_enable_color=&#8220;off&#8220; background_image=&#8220;https:\/\/www.urlaub-im-zillertal.at\/appartement-angelika\/wp-content\/uploads\/sites\/4\/2025\/07\/DZ-1-Balkon-scaled.jpg&#8220; background_enable_image=&#8220;on&#8220; global_colors_info=&#8220;{}&#8220; sticky_transition=&#8220;on&#8220;][\/et_pb_slide][et_pb_slide admin_title=&#8220;Schlafzimmer 2&#8243; _builder_version=&#8220;4.27.4&#8243; _module_preset=&#8220;default&#8220; background_enable_color=&#8220;off&#8220; background_image=&#8220;https:\/\/www.urlaub-im-zillertal.at\/appartement-angelika\/wp-content\/uploads\/sites\/4\/2025\/07\/DZ-2-scaled.jpg&#8220; background_enable_image=&#8220;on&#8220; global_colors_info=&#8220;{}&#8220; sticky_transition=&#8220;on&#8220;][\/et_pb_slide][et_pb_slide admin_title=&#8220;Einzelzimmer 2&#8243; _builder_version=&#8220;4.27.4&#8243; _module_preset=&#8220;default&#8220; background_enable_color=&#8220;off&#8220; background_image=&#8220;https:\/\/www.urlaub-im-zillertal.at\/appartement-angelika\/wp-content\/uploads\/sites\/4\/2025\/07\/EZ-scaled.jpg&#8220; background_enable_image=&#8220;on&#8220; global_colors_info=&#8220;{}&#8220; sticky_transition=&#8220;on&#8220;][\/et_pb_slide][et_pb_slide admin_title=&#8220;Badezimmer Waschbecken&#8220; _builder_version=&#8220;4.16&#8243; _module_preset=&#8220;default&#8220; background_enable_color=&#8220;off&#8220; background_image=&#8220;https:\/\/www.urlaub-im-zillertal.at\/appartement-angelika\/wp-content\/uploads\/sites\/4\/2020\/09\/grosses-Badezimmer-mit-Dusche-Wanne-Doppelwaschtisch-scaled.jpg&#8220; background_enable_image=&#8220;on&#8220; global_colors_info=&#8220;{}&#8220; sticky_transition=&#8220;on&#8220;][\/et_pb_slide][et_pb_slide admin_title=&#8220;WC&#8220; _builder_version=&#8220;4.16&#8243; _module_preset=&#8220;default&#8220; background_enable_color=&#8220;off&#8220; background_image=&#8220;https:\/\/www.urlaub-im-zillertal.at\/appartement-angelika\/wp-content\/uploads\/sites\/4\/2020\/09\/WC-separat-scaled.jpg&#8220; background_enable_image=&#8220;on&#8220; global_colors_info=&#8220;{}&#8220; sticky_transition=&#8220;on&#8220;][\/et_pb_slide][et_pb_slide heading=&#8220;Third double room &#8211; apartment 108 m\u00b2&#8220; admin_title=&#8220;Schlafzimmer 3&#8243; _builder_version=&#8220;4.27.4&#8243; _module_preset=&#8220;default&#8220; background_enable_color=&#8220;off&#8220; background_image=&#8220;https:\/\/www.urlaub-im-zillertal.at\/appartement-angelika\/wp-content\/uploads\/sites\/4\/2022\/05\/Doppelzimmer-3-Fewo-108-m2-scaled.jpg&#8220; background_enable_image=&#8220;on&#8220; global_colors_info=&#8220;{}&#8220; sticky_transition=&#8220;on&#8220;][\/et_pb_slide][et_pb_slide heading=&#8220;Second bathroom &#8211; apartment 108 m\u00b2&#8220; admin_title=&#8220;Badezimmer klein&#8220; _builder_version=&#8220;4.17.4&#8243; _module_preset=&#8220;default&#8220; background_enable_color=&#8220;off&#8220; background_image=&#8220;https:\/\/www.urlaub-im-zillertal.at\/appartement-angelika\/wp-content\/uploads\/sites\/4\/2022\/05\/zusaetzliches-Bad-im-3.-Doppelzimmer-Fewo-108-m2.jpg&#8220; background_enable_image=&#8220;on&#8220; global_colors_info=&#8220;{}&#8220; sticky_transition=&#8220;on&#8220;][\/et_pb_slide][et_pb_slide admin_title=&#8220;Schlafcouch&#8220; _builder_version=&#8220;4.25.2&#8243; _module_preset=&#8220;default&#8220; background_enable_color=&#8220;off&#8220; background_image=&#8220;https:\/\/www.urlaub-im-zillertal.at\/appartement-angelika\/wp-content\/uploads\/sites\/4\/2024\/06\/Couchecke-Detail.jpg&#8220; background_enable_image=&#8220;on&#8220; global_colors_info=&#8220;{}&#8220; sticky_transition=&#8220;on&#8220;][\/et_pb_slide][\/et_pb_slider][\/et_pb_column][\/et_pb_row][et_pb_row column_structure=&#8220;1_2,1_2&#8243; _builder_version=&#8220;4.16&#8243; _module_preset=&#8220;default&#8220; global_colors_info=&#8220;{}&#8220;][et_pb_column type=&#8220;1_2&#8243; _builder_version=&#8220;4.16&#8243; _module_preset=&#8220;default&#8220; global_colors_info=&#8220;{}&#8220;][et_pb_image src=&#8220;https:\/\/www.urlaub-im-zillertal.at\/appartement-angelika\/wp-content\/uploads\/sites\/4\/2020\/09\/Grundriss-Fewo-787&#215;1024.jpg&#8220; title_text=&#8220;Floor plan&#8220; align=&#8220;center&#8220; _builder_version=&#8220;4.16&#8243; _module_preset=&#8220;default&#8220; background_color=&#8220;rgba(0,0,0,0)&#8220; width_last_edited=&#8220;off|phone&#8220; height=&#8220;475px&#8220; height_tablet=&#8220;450px&#8220; height_phone=&#8220;400px&#8220; height_last_edited=&#8220;on|phone&#8220; custom_margin=&#8220;||||false|false&#8220; custom_margin_tablet=&#8220;||20px||false|false&#8220; custom_margin_phone=&#8220;&#8220; custom_margin_last_edited=&#8220;on|phone&#8220; custom_padding=&#8220;20px||20px||false|false&#8220; filter_saturate=&#8220;53%&#8220; border_width_all=&#8220;20px&#8220; border_color_all=&#8220;#ffffff&#8220; box_shadow_style=&#8220;preset1&#8243; global_colors_info=&#8220;{}&#8220;][\/et_pb_image][\/et_pb_column][et_pb_column type=&#8220;1_2&#8243; _builder_version=&#8220;4.16&#8243; _module_preset=&#8220;default&#8220; global_colors_info=&#8220;{}&#8220;][et_pb_text content_tablet=&#8220;<\/p>\n<h3>Plenty of space to feel good!<\/h3>\n<p>Nach diesem Motto haben wir im 1. Stock unseres Einfamilienhauses auf 90 bis 108 Quadratmetern ein komfortables Urlaubsdomizil geschaffen. Die moderne und mit jeglichem Komfort ausgestattete <strong>Wohnung (Kategorie 4 Edelwei\u00df)<\/strong> bietet Platz f\u00fcr 2 bis 10 Personen und ist ideal f\u00fcr Gruppen und Familien.<\/p>\n<blockquote>\n<p>Ein weiterer gro\u00dfer Vorteil im Winter ist die<br \/> <strong>TOP-LAGE DIREKT AN DER HORBERGBAHN<\/strong>!<br \/> In wenigen Schritten sind Sie im Skiparadies Horberg\/Penken.<\/p>\n<\/blockquote>\n<p><span><strong><\/strong><\/span><\/p>\n<p>&#8220; content_phone=&#8220;<\/p>\n<h3>Viel Platz zum Wohlf\u00fchlen!<\/h3>\n<p>Im 1. Stock unseres Einfamilienhauses vermieten wir ein modernes, komfortables test und liebevoll eingerichtetes <strong>Appartement <\/strong><span><strong>f\u00fcr 2\u20136 Personen<\/strong>. <\/span><span>Die helle, moderne Einrichtung und die erstklassige Ausstattung l\u00e4sst keine W\u00fcnsche offen. Sie werden sich wie zu Hause f\u00fchlen und <\/span><span>einen unvergesslichen Urlaub bei uns erleben.<\/span><\/p>\n<blockquote>\n<p>Ein weiterer gro\u00dfer Vorteil im Winter ist die<br \/> <strong>TOP-LAGE DIREKT AN DER HORBERGBAHN<\/strong>!<br \/> In wenigen Schritten sind Sie im Skiparadies Horberg\/Penken.<\/p>\n<\/blockquote>\n<p><span><strong><\/strong><\/span><\/p>\n<p>&#8220; content_last_edited=&#8220;off|desktop&#8220; _builder_version=&#8220;4.16&#8243; header_3_text_color=&#8220;#960222&#8243; header_3_line_height=&#8220;1.2em&#8220; background_color=&#8220;rgba(0,0,0,0)&#8220; custom_margin=&#8220;16px||15px|||&#8220; global_colors_info=&#8220;{}&#8220;]<\/p>\n<h3 style=\"text-align: center;\">Plenty of space to feel good!<\/h3>\n<p><\/p>\n<p>According to this motto, we have created a comfortable holiday home on the <strong>1st floor<\/strong> of our house. In our lovingly furnished apartment you will feel at home from the very first moment!<\/p>\n<p><\/p>\n<p style=\"text-align: left;\">\u00a0<\/p>\n<p>[\/et_pb_text][et_pb_blurb title=&#8220;Awarded with 4 Edelwei\u00df&#8220; image=&#8220;https:\/\/www.urlaub-im-zillertal.at\/appartement-angelika\/wp-content\/uploads\/sites\/4\/2020\/09\/4-Edelweiss-Komfort-1.png&#8220; icon_placement=&#8220;left&#8220; image_icon_width=&#8220;75px&#8220; content_max_width=&#8220;100%&#8220; _builder_version=&#8220;4.16&#8243; _module_preset=&#8220;default&#8220; width=&#8220;100%&#8220; box_shadow_style_image=&#8220;preset1&#8243; image_max_width=&#8220;75px&#8220; global_colors_info=&#8220;{}&#8220;]<\/p>\n<p>The award for first-class establishments with a very comfortable, tasteful TOP equipment, bright, friendly, harmonious and with a special flair for upscale living requirements.<\/p>\n<p>[\/et_pb_blurb][et_pb_text _builder_version=&#8220;4.27.4&#8243; _module_preset=&#8220;default&#8220; custom_margin=&#8220;3px|||||&#8220; hover_enabled=&#8220;0&#8243; global_colors_info=&#8220;{}&#8220; sticky_enabled=&#8220;0&#8243;]<\/p>\n<blockquote>\n<p><span style=\"text-decoration: underline;\"><b><span dir=\"auto\" style=\"vertical-align: inherit;\"><span dir=\"auto\" style=\"vertical-align: inherit;\"><span dir=\"auto\" style=\"vertical-align: inherit;\"><span dir=\"auto\" style=\"vertical-align: inherit;\">Perfekt f\u00fcr Familien und Gruppen<\/span><\/span><\/span><\/span><\/b><\/span><span dir=\"auto\" style=\"vertical-align: inherit;\"><span dir=\"auto\" style=\"vertical-align: inherit;\"><span dir=\"auto\" style=\"vertical-align: inherit;\"><span dir=\"auto\" style=\"vertical-align: inherit;\"> !<\/span><\/span><\/span><\/span><\/p>\n<p><span dir=\"auto\" style=\"vertical-align: inherit;\"><span dir=\"auto\" style=\"vertical-align: inherit;\"><span dir=\"auto\" style=\"vertical-align: inherit;\"><span dir=\"auto\" style=\"vertical-align: inherit;\">Die <\/span><\/span><\/span><\/span><strong><span dir=\"auto\" style=\"vertical-align: inherit;\"><span dir=\"auto\" style=\"vertical-align: inherit;\"><span dir=\"auto\" style=\"vertical-align: inherit;\"><span dir=\"auto\" style=\"vertical-align: inherit;\">Hauptwohnung<\/span><\/span><\/span><\/span><\/strong><span dir=\"auto\" style=\"vertical-align: inherit;\"><span dir=\"auto\" style=\"vertical-align: inherit;\"><span dir=\"auto\" style=\"vertical-align: inherit;\"><span dir=\"auto\" style=\"vertical-align: inherit;\"> mit einer Fl\u00e4che von <\/span><\/span><\/span><\/span><strong><span dir=\"auto\" style=\"vertical-align: inherit;\"><span dir=\"auto\" style=\"vertical-align: inherit;\"><span dir=\"auto\" style=\"vertical-align: inherit;\"><span dir=\"auto\" style=\"vertical-align: inherit;\">90 m\u00b2<\/span><\/span><\/span><\/span><\/strong><span dir=\"auto\" style=\"vertical-align: inherit;\"><span dir=\"auto\" style=\"vertical-align: inherit;\"><span dir=\"auto\" style=\"vertical-align: inherit;\"><span dir=\"auto\" style=\"vertical-align: inherit;\"> ist ideal f\u00fcr <\/span><\/span><\/span><\/span><strong><span dir=\"auto\" style=\"vertical-align: inherit;\"><span dir=\"auto\" style=\"vertical-align: inherit;\"><span dir=\"auto\" style=\"vertical-align: inherit;\"><span dir=\"auto\" style=\"vertical-align: inherit;\">5 <\/span><\/span><\/span><\/span><\/strong> <strong><span dir=\"auto\" style=\"vertical-align: inherit;\"><span dir=\"auto\" style=\"vertical-align: inherit;\"><span dir=\"auto\" style=\"vertical-align: inherit;\"><span dir=\"auto\" style=\"vertical-align: inherit;\">Personen<\/span><\/span><\/span><\/span><\/strong><span dir=\"auto\" style=\"vertical-align: inherit;\"><span dir=\"auto\" style=\"vertical-align: inherit;\"><span dir=\"auto\" style=\"vertical-align: inherit;\"><span dir=\"auto\" style=\"vertical-align: inherit;\"> und besteht aus zwei ger\u00e4umigen Doppelzimmern und einem kleinen Einzelzimmer.<\/span><\/span><\/span><\/span><\/p>\n<p><span dir=\"auto\" style=\"vertical-align: inherit;\"><span dir=\"auto\" style=\"vertical-align: inherit;\">Im Sommer vermieten wir nur die Hauptwohnung 90 m\u00b2 f\u00fcr maximal 6 Personen (5 plus 1 Kind im Zustellbett).<\/span><\/span><\/p>\n<p><span dir=\"auto\" style=\"vertical-align: inherit;\"><span dir=\"auto\" style=\"vertical-align: inherit;\"><span dir=\"auto\" style=\"vertical-align: inherit;\"><span dir=\"auto\" style=\"vertical-align: inherit;\">W\u00e4hrend der <\/span><\/span><\/span><\/span><strong><span dir=\"auto\" style=\"vertical-align: inherit;\"><span dir=\"auto\" style=\"vertical-align: inherit;\"><span dir=\"auto\" style=\"vertical-align: inherit;\"><span dir=\"auto\" style=\"vertical-align: inherit;\">Winterhauptsaison <\/span><\/span><\/span><\/span><\/strong> <span style=\"text-decoration: underline;\"><span dir=\"auto\" style=\"vertical-align: inherit;\"><span dir=\"auto\" style=\"vertical-align: inherit;\"><span dir=\"auto\" style=\"vertical-align: inherit;\"><span dir=\"auto\" style=\"vertical-align: inherit;\">von Weihnachten bis Ostern<\/span><\/span><\/span><\/span><\/span><span dir=\"auto\" style=\"vertical-align: inherit;\"><span dir=\"auto\" style=\"vertical-align: inherit;\"><span dir=\"auto\" style=\"vertical-align: inherit;\"><span dir=\"auto\" style=\"vertical-align: inherit;\"> ist das <\/span><\/span><\/span><\/span><strong><span dir=\"auto\" style=\"vertical-align: inherit;\"><span dir=\"auto\" style=\"vertical-align: inherit;\"><span dir=\"auto\" style=\"vertical-align: inherit;\"><span dir=\"auto\" style=\"vertical-align: inherit;\">dritte Doppelzimmer <\/span><\/span><\/span><\/span><\/strong> <strong><span dir=\"auto\" style=\"vertical-align: inherit;\"><span dir=\"auto\" style=\"vertical-align: inherit;\"><span dir=\"auto\" style=\"vertical-align: inherit;\"><span dir=\"auto\" style=\"vertical-align: inherit;\">mit Dusche\/WC <\/span><\/span><\/span><\/span><\/strong><span dir=\"auto\" style=\"vertical-align: inherit;\"><span dir=\"auto\" style=\"vertical-align: inherit;\"><span dir=\"auto\" style=\"vertical-align: inherit;\"><span style=\"text-decoration: underline;\"><span dir=\"auto\" style=\"vertical-align: inherit;\">ab 6 Personen<\/span><\/span><\/span><\/span><span dir=\"auto\" style=\"vertical-align: inherit;\"><span dir=\"auto\" style=\"vertical-align: inherit;\"><span dir=\"auto\" style=\"vertical-align: inherit;\"> im Preis inbegriffen. Ihnen steht f\u00fcr 6 bis maximal 8 Personen die gesamte 108 m\u00b2 gro\u00dfe Etage zur Verf\u00fcgung.<\/span><\/span><\/span><\/span><span dir=\"auto\" style=\"vertical-align: inherit;\"><span dir=\"auto\" style=\"vertical-align: inherit;\">\u00a0<span style=\"text-decoration: underline;\"><span dir=\"auto\" style=\"vertical-align: inherit;\"><\/span><\/span><span dir=\"auto\" style=\"vertical-align: inherit;\"><\/span><\/span><\/span><\/p>\n<p><span dir=\"auto\" style=\"vertical-align: inherit;\"><strong><span dir=\"auto\" style=\"vertical-align: inherit;\"><span dir=\"auto\" style=\"vertical-align: inherit;\">Bei <\/span><\/span><\/strong><strong><span dir=\"auto\" style=\"vertical-align: inherit;\"><span dir=\"auto\" style=\"vertical-align: inherit;\">Buchung f\u00fcr 8 Personen<\/span><\/span><\/strong><span dir=\"auto\" style=\"vertical-align: inherit;\"><span dir=\"auto\" style=\"vertical-align: inherit;\"> steht f\u00fcr DZ 1 oder DZ 3 ein <\/span><\/span><\/span><strong><span dir=\"auto\" style=\"vertical-align: inherit;\"><span dir=\"auto\" style=\"vertical-align: inherit;\"><span dir=\"auto\" style=\"vertical-align: inherit;\">Zustellbett<\/span><\/span><\/span><\/strong><span dir=\"auto\" style=\"vertical-align: inherit;\"><span dir=\"auto\" style=\"vertical-align: inherit;\"><span dir=\"auto\" style=\"vertical-align: inherit;\"> (1,90 m\u00b2) zur Verf\u00fcgung. Ein Reisebett ist ebenfalls erh\u00e4ltlich. Keine Schlafcouch mehr!<\/span><\/span><\/span><\/p>\n<p>&nbsp;<\/p>\n<\/blockquote>\n<p>[\/et_pb_text][et_pb_text _builder_version=&#8220;4.21.0&#8243; _module_preset=&#8220;default&#8220; global_colors_info=&#8220;{}&#8220;]<\/p>\n<p><strong>Check-in:<\/strong> from 2 p.m.<br \/><strong>Check-out:<\/strong> until 9 a.m.<\/p>\n<p><\/p>\n<p>Our <a href=\"#buchungsbedingungen\">Booking and cancellation conditions<\/a> you will find below.<\/p>\n<p>[\/et_pb_text][et_pb_button button_url=&#8220;https:\/\/www.urlaub-im-zillertal.at\/appartement-angelika\/booking\/?lang=en&#8220; button_text=&#8220;Book now&#8220; button_alignment=&#8220;left&#8220; _builder_version=&#8220;4.16&#8243; _module_preset=&#8220;default&#8220; custom_padding=&#8220;||||false|false&#8220; global_colors_info=&#8220;{}&#8220;][\/et_pb_button][\/et_pb_column][\/et_pb_row][\/et_pb_section][et_pb_section fb_built=&#8220;1&#8243; _builder_version=&#8220;4.16&#8243; _module_preset=&#8220;default&#8220; background_color=&#8220;#ffffff&#8220; custom_padding=&#8220;0px|||||&#8220; global_colors_info=&#8220;{}&#8220;][et_pb_row module_id=&#8220;ausstattung&#8220; _builder_version=&#8220;4.16&#8243; _module_preset=&#8220;default&#8220; global_colors_info=&#8220;{}&#8220;][et_pb_column type=&#8220;4_4&#8243; _builder_version=&#8220;4.16&#8243; _module_preset=&#8220;default&#8220; global_colors_info=&#8220;{}&#8220;][et_pb_text _builder_version=&#8220;4.16&#8243; _module_preset=&#8220;default&#8220; header_3_text_color=&#8220;#960222&#8243; global_colors_info=&#8220;{}&#8220;]<\/p>\n<h3 style=\"text-align: center;\">Equipment<\/h3>\n<p>[\/et_pb_text][\/et_pb_column][\/et_pb_row][et_pb_row column_structure=&#8220;1_2,1_2&#8243; _builder_version=&#8220;4.16&#8243; _module_preset=&#8220;default&#8220; global_colors_info=&#8220;{}&#8220;][et_pb_column type=&#8220;1_2&#8243; _builder_version=&#8220;4.16&#8243; _module_preset=&#8220;default&#8220; global_colors_info=&#8220;{}&#8220;][et_pb_text _builder_version=&#8220;4.16&#8243; _module_preset=&#8220;default&#8220; global_colors_info=&#8220;{}&#8220;]<\/p>\n<p><img loading=\"lazy\" decoding=\"async\" class=\"wp-image-45 alignnone size-full\" style=\"vertical-align: middle; margin-top: -7px;\" src=\"https:\/\/www.urlaub-im-zillertal.at\/apart-roswitha\/wp-content\/uploads\/sites\/2\/2020\/07\/icon-2.png\" alt=\"\" width=\"25\" height=\"25\" \/> <strong><u>Wi-Fi internet<\/u> &#8211; included!<\/strong><\/p>\n<p>[\/et_pb_text][et_pb_text _builder_version=&#8220;4.17.4&#8243; _module_preset=&#8220;default&#8220; global_colors_info=&#8220;{}&#8220;]<\/p>\n<p><img loading=\"lazy\" decoding=\"async\" class=\"wp-image-45 alignnone size-full\" style=\"vertical-align: middle; margin-top: -7px;\" src=\"https:\/\/www.urlaub-im-zillertal.at\/apart-roswitha\/wp-content\/uploads\/sites\/2\/2020\/07\/icon-2.png\" alt=\"\" width=\"25\" height=\"25\" \/> <strong>The main apartment has 90m\u00b2 of living space<\/strong><\/p>\n<p><\/p>\n<p><strong>2 spacious double rooms<\/strong> (one with TV), small single room;<br \/>all beds with open foot!<\/p>\n<p>[\/et_pb_text][et_pb_text _builder_version=&#8220;4.16&#8243; _module_preset=&#8220;default&#8220; global_colors_info=&#8220;{}&#8220;]<\/p>\n<p><img loading=\"lazy\" decoding=\"async\" class=\"wp-image-45 alignnone size-full\" style=\"vertical-align: middle; margin-top: -7px;\" src=\"https:\/\/www.urlaub-im-zillertal.at\/apart-roswitha\/wp-content\/uploads\/sites\/2\/2020\/07\/icon-2.png\" alt=\"\" width=\"25\" height=\"25\" \/> <strong>Large bathroom<\/strong>\u00a0<strong>with shower and bathtub<\/strong><\/p>\n<p><\/p>\n<div id=\"b_content\"><main aria-label=\"Suchergebnisse\"><\/p>\n<ol id=\"b_results\">\n<li class=\"b_ans b_top b_topborder\" data-fbhlsel=\"li.b_ans.b_top\" data-bm=\"8\">\n<div data-ajax-pig=\"89368A5B3624468CA79244402BF0D8A9\" data-ajax=\"TranslateThis\">\n<div id=\"tt_perajx\">\n<div class=\"b_sideBleed b_topBleed\">\n<div id=\"tta_container\" class=\"tta_mop\">\n<div id=\"tt_txtContrl\">\n<div id=\"rich_tta\" class=\"                                                                                            ttastable\" data-iid=\"SERP.5453\">\n<table class=\"tta_tbl\" role=\"presentation\">\n<tbody>\n<tr>\n<td class=\"tta_outcell\">\n<div id=\"tta_out\" class=\"tta_vc\">\n<div class=\"tta_outtxt\" data-bm=\"50\"><textarea id=\"tta_output_ta\" class=\"                                                                                                                                                                                                                                                                                                                                                                                                                                                                                                                                                                                                                                                                                                                                                                                                                                                                                                                                                                                                                                                                                                                                                                                                                                                                                                                                                                                                                                                                                                                                                                                                                                                                                                                                                                                                                                                                                                                                                                                                                                                                                                                                                                                                                                                                                                                                                                                                                                                                                                                                                                                                                                                                                                                                                                                                                                                                                                                                                                                                                                                                                                             tta_focusTextExtraExtraSmall\" dir=\"ltr\" tabindex=\"0\" readonly=\"readonly\" placeholder=\"\u00dcbersetzung\" aria-readonly=\"true\" aria-label=\"Ausgabetextbereich\" data-bm=\"42\">Large bathroom with shower and bathtub!<\/textarea><\/div>\n<p><\/div>\n<p><\/td>\n<p><\/tr>\n<p><\/tbody>\n<p><\/table>\n<p><\/div>\n<p><\/div>\n<p><\/div>\n<p><\/div>\n<p><\/div>\n<p><\/div>\n<p><\/li>\n<p><\/ol>\n<p><\/main><\/div>\n<p><\/p>\n<p>with double washbasin, hair dryer, cosmetic mirror<\/p>\n<p>[\/et_pb_text][et_pb_text _builder_version=&#8220;4.16&#8243; _module_preset=&#8220;default&#8220; global_colors_info=&#8220;{}&#8220;]<\/p>\n<p><img loading=\"lazy\" decoding=\"async\" class=\"wp-image-45 alignnone size-full\" style=\"vertical-align: middle; margin-top: -7px;\" src=\"https:\/\/www.urlaub-im-zillertal.at\/apart-roswitha\/wp-content\/uploads\/sites\/2\/2020\/07\/icon-2.png\" alt=\"\" width=\"25\" height=\"25\" \/>\u00a0<strong>separate toilet<\/strong><\/p>\n<p>[\/et_pb_text][et_pb_text _builder_version=&#8220;4.16&#8243; _module_preset=&#8220;default&#8220; global_colors_info=&#8220;{}&#8220;]<\/p>\n<p><img loading=\"lazy\" decoding=\"async\" class=\"wp-image-45 alignnone size-full\" style=\"vertical-align: middle; margin-top: -7px;\" src=\"https:\/\/www.urlaub-im-zillertal.at\/apart-roswitha\/wp-content\/uploads\/sites\/2\/2020\/07\/icon-2.png\" alt=\"\" width=\"25\" height=\"25\" \/> Non-smoking apartment, safe<\/p>\n<p>[\/et_pb_text][et_pb_text _builder_version=&#8220;4.24.2&#8243; _module_preset=&#8220;default&#8220; custom_padding=&#8220;||||false|false&#8220; global_colors_info=&#8220;{}&#8220;]<\/p>\n<p><img loading=\"lazy\" decoding=\"async\" class=\"wp-image-45 alignnone size-full\" style=\"vertical-align: middle; margin-top: -7px;\" src=\"https:\/\/www.urlaub-im-zillertal.at\/apart-roswitha\/wp-content\/uploads\/sites\/2\/2020\/07\/icon-2.png\" alt=\"\" width=\"25\" height=\"25\" \/> <strong>High-quality equipped kitchen with all comforts:<\/strong><\/p>\n<p><\/p>\n<ul>\n<li>Dishwasher<\/li>\n<li>Microwave<\/li>\n<li>Coffee machine for beans<\/li>\n<li>Filter coffee machine<\/li>\n<li>Ceramic hob with extractor<\/li>\n<li>Oven<\/li>\n<li>Kettle<\/li>\n<li>Toaster<\/li>\n<li>Stick mixer<\/li>\n<li>Refrigerator with freezer\u00a0<\/li>\n<li>A large variety of pots, pans, dishes, glasses, cutlery (also for children).<\/li>\n<li>Seating group for 4 people<\/li>\n<\/ul>\n<p>[\/et_pb_text][\/et_pb_column][et_pb_column type=&#8220;1_2&#8243; _builder_version=&#8220;4.16&#8243; _module_preset=&#8220;default&#8220; global_colors_info=&#8220;{}&#8220;][et_pb_text _builder_version=&#8220;4.27.4&#8243; _module_preset=&#8220;default&#8220; global_colors_info=&#8220;{}&#8220;]<\/p>\n<p><img loading=\"lazy\" decoding=\"async\" class=\"wp-image-45 alignnone size-full\" style=\"vertical-align: middle; margin-top: -7px;\" src=\"https:\/\/www.urlaub-im-zillertal.at\/apart-roswitha\/wp-content\/uploads\/sites\/2\/2020\/07\/icon-2.png\" alt=\"\" width=\"25\" height=\"25\" \/>\u00a0<strong>Separate living room with large and comfortable seating area and new sofa corner<\/strong>, flat TV with HDMI connection, radio\/CD player, small game collection.<\/p>\n<p>[\/et_pb_text][et_pb_text _builder_version=&#8220;4.27.4&#8243; _module_preset=&#8220;default&#8220; global_colors_info=&#8220;{}&#8220;]<\/p>\n<p><img loading=\"lazy\" decoding=\"async\" src=\"https:\/\/www.urlaub-im-zillertal.at\/apart-roswitha\/wp-content\/uploads\/sites\/2\/2020\/07\/icon-2.png\" width=\"25\" height=\"25\" alt=\"\" class=\"wp-image-45 alignnone size-full\" style=\"vertical-align: middle; margin-top: -7px;\" \/> <strong>Balcony to the south and east side<\/strong><\/p>\n<p>mit Relaxst\u00fchlen und Tisch<\/p>\n<p>[\/et_pb_text][et_pb_text _builder_version=&#8220;4.16&#8243; _module_preset=&#8220;default&#8220; global_colors_info=&#8220;{}&#8220;]<\/p>\n<p><img loading=\"lazy\" decoding=\"async\" class=\"wp-image-45 alignnone size-full\" style=\"vertical-align: middle; margin-top: -7px;\" src=\"https:\/\/www.urlaub-im-zillertal.at\/apart-roswitha\/wp-content\/uploads\/sites\/2\/2020\/07\/icon-2.png\" alt=\"\" width=\"25\" height=\"25\" \/> <strong>Entrance area with cloakroom, information and book corner<\/strong><\/p>\n<p>[\/et_pb_text][et_pb_text _builder_version=&#8220;4.27.4&#8243; _module_preset=&#8220;default&#8220; global_colors_info=&#8220;{}&#8220;]<\/p>\n<p><img loading=\"lazy\" decoding=\"async\" src=\"https:\/\/www.urlaub-im-zillertal.at\/apart-roswitha\/wp-content\/uploads\/sites\/2\/2020\/07\/icon-2.png\" width=\"25\" height=\"25\" alt=\"\" class=\"wp-image-45 alignnone size-full\" style=\"vertical-align: middle; margin-top: -7px;\" \/>\u00a0<strong>Allergikerfreundlich<\/strong><\/p>\n<p>Allergikerbetten, Fu\u00dfbodenheizung, keine Teppichb\u00f6den.<br \/><strong>Pets not allowed!<br \/><\/strong><\/p>\n<p>[\/et_pb_text][et_pb_text _builder_version=&#8220;4.16&#8243; _module_preset=&#8220;default&#8220; global_colors_info=&#8220;{}&#8220;]<\/p>\n<p><img loading=\"lazy\" decoding=\"async\" class=\"wp-image-45 alignnone size-full\" style=\"vertical-align: middle; margin-top: -7px;\" src=\"https:\/\/www.urlaub-im-zillertal.at\/apart-roswitha\/wp-content\/uploads\/sites\/2\/2020\/07\/icon-2.png\" alt=\"\" width=\"25\" height=\"25\" \/> <strong>Bed linen, towels<\/strong> and tea towels<\/p>\n<p>[\/et_pb_text][et_pb_text _builder_version=&#8220;4.16&#8243; _module_preset=&#8220;default&#8220; global_colors_info=&#8220;{}&#8220;]<\/p>\n<p><img loading=\"lazy\" decoding=\"async\" class=\"wp-image-45 alignnone size-full\" style=\"vertical-align: middle; margin-top: -7px;\" src=\"https:\/\/www.urlaub-im-zillertal.at\/apart-roswitha\/wp-content\/uploads\/sites\/2\/2020\/07\/icon-2.png\" alt=\"\" width=\"25\" height=\"25\" \/> <strong>Ski depot \/ Bike depot <\/strong>(locked)<\/p>\n<p>[\/et_pb_text][et_pb_text _builder_version=&#8220;4.16&#8243; _module_preset=&#8220;default&#8220; global_colors_info=&#8220;{}&#8220;]<\/p>\n<p><img loading=\"lazy\" decoding=\"async\" class=\"wp-image-45 alignnone size-full\" style=\"vertical-align: middle; margin-top: -7px;\" src=\"https:\/\/www.urlaub-im-zillertal.at\/apart-roswitha\/wp-content\/uploads\/sites\/2\/2020\/07\/icon-2.png\" alt=\"\" width=\"25\" height=\"25\" \/> <strong>Boot dryer<\/strong><\/p>\n<p>[\/et_pb_text][et_pb_text _builder_version=&#8220;4.17.4&#8243; _module_preset=&#8220;default&#8220; global_colors_info=&#8220;{}&#8220;]<\/p>\n<p><img loading=\"lazy\" decoding=\"async\" class=\"wp-image-45 alignnone size-full\" style=\"vertical-align: middle; margin-top: -7px;\" src=\"https:\/\/www.urlaub-im-zillertal.at\/apart-roswitha\/wp-content\/uploads\/sites\/2\/2020\/07\/icon-2.png\" alt=\"\" width=\"25\" height=\"25\" \/> <strong>Parking<\/strong> for 3 cars<\/p>\n<p>[\/et_pb_text][et_pb_text _builder_version=&#8220;4.27.4&#8243; _module_preset=&#8220;default&#8220; global_colors_info=&#8220;{}&#8220;]<\/p>\n<p><img loading=\"lazy\" decoding=\"async\" src=\"https:\/\/www.urlaub-im-zillertal.at\/apart-roswitha\/wp-content\/uploads\/sites\/2\/2020\/07\/icon-2.png\" width=\"25\" height=\"25\" alt=\"\" class=\"wp-image-45 alignnone size-full\" style=\"vertical-align: middle; margin-top: -7px;\" \/>\u00a0<strong>Familienfreundlich<\/strong><\/p>\n<p>Es stehen <strong>2 Reisebetten<\/strong>, Hochst\u00fchle, versch. Hocker, eine Wickelauflage und ein Windeleimer bereit. F\u00fcr gr\u00f6\u00dfere Kinder gibt es ein <strong>Zustellbett<\/strong> (1,90 m).<\/p>\n<p>[\/et_pb_text][\/et_pb_column][\/et_pb_row][\/et_pb_section][et_pb_section fb_built=&#8220;1&#8243; _builder_version=&#8220;4.16&#8243; _module_preset=&#8220;default&#8220; background_color=&#8220;rgba(0,0,0,0)&#8220; use_background_color_gradient=&#8220;on&#8220; background_color_gradient_stops=&#8220;rgba(0,0,0,0.26) 0%|#ffffff 100%&#8220; background_color_gradient_start=&#8220;rgba(0,0,0,0.26)&#8220; background_color_gradient_end=&#8220;#ffffff&#8220; top_divider_style=&#8220;arrow3&#8243; top_divider_color=&#8220;#ffffff&#8220; top_divider_height=&#8220;50px&#8220; bottom_divider_style=&#8220;arrow3&#8243; bottom_divider_color=&#8220;#f3eddb&#8220; bottom_divider_height=&#8220;50px&#8220; bottom_divider_flip=&#8220;vertical|horizontal&#8220; global_colors_info=&#8220;{}&#8220;][et_pb_row module_id=&#8220;buchungsbedingungen&#8220; _builder_version=&#8220;4.16&#8243; _module_preset=&#8220;default&#8220; custom_padding=&#8220;75px||75px||false|false&#8220; saved_tabs=&#8220;all&#8220; global_colors_info=&#8220;{}&#8220;][et_pb_column type=&#8220;4_4&#8243; _builder_version=&#8220;4.16&#8243; _module_preset=&#8220;default&#8220; global_colors_info=&#8220;{}&#8220;][et_pb_text _builder_version=&#8220;4.16&#8243; _module_preset=&#8220;default&#8220; header_3_text_color=&#8220;#ffffff&#8220; global_colors_info=&#8220;{}&#8220;]<\/p>\n<h3 style=\"text-align: center;\">What you need to know before booking.<\/h3>\n<p>[\/et_pb_text][et_pb_accordion _builder_version=&#8220;4.27.0&#8243; _module_preset=&#8220;default&#8220; global_colors_info=&#8220;{}&#8220;][et_pb_accordion_item title=&#8220;Bei uns sind Sie sicher!&#8220; open=&#8220;on&#8220; _builder_version=&#8220;4.26.0&#8243; _module_preset=&#8220;default&#8220; global_colors_info=&#8220;{}&#8220;]<\/p>\n<p><strong>Wir vermieten nur ein Appartement <\/strong>\u2013 Sie sind also<strong> die einzigen G\u00e4ste <\/strong>im Haus.<\/p>\n<p>F\u00fcr Ihre Sicherheit im Appartement haben wir bestens gesorgt. Rauchmelder und Feuerl\u00f6scher sind vorhanden.<br \/>Die Endreinigung wird seit jeher <strong>genauestens<\/strong><span>\u00a0<\/span>mit geeigneten Mitteln durchgef\u00fchrt.<\/p>\n<p>[\/et_pb_accordion_item][et_pb_accordion_item title=&#8220; Booking and cancellation conditions&#8220; _builder_version=&#8220;4.27.0&#8243; _module_preset=&#8220;default&#8220; global_colors_info=&#8220;{}&#8220; open=&#8220;off&#8220;]<\/p>\n<p><strong>Anzahlung:<br \/><\/strong>Bei Buchung ist eine Anzahlung in H\u00f6he von <strong>30%<\/strong> des Gesamtbetrags zu leisten.<\/p>\n<p><strong>Stornoregelung Sommer:<\/strong><\/p>\n<ul>\n<li>kostenlos bis 90 Tage vor Anreise<\/li>\n<li>40% des Gesamtbetrags zwischen 90 und 30 Tagen vor Anreise<\/li>\n<li>60% des Gesamtbetrags zwischen 30 und 14 Tagen vor Anreise<\/li>\n<li>80% ab 14 Tage vor Anreise, au\u00dfer bei Weitervermietung<\/li>\n<li>vorzeitige Abreise 100% abzgl. Ortstaxe<\/li>\n<\/ul>\n<p><strong>Stornoregelung Winter:<\/strong><\/p>\n<ul>\n<li>kostenlos bis 90 Tage vor Anreise<\/li>\n<li>40% des Gesamtbetrags zwischen 90 und 60 Tagen vor Anreise<\/li>\n<li>60% des Gesamtbetrags zwischen 60 und 30 Tagen vor Anreise<\/li>\n<li>80% ab 30 Tage vor Anreise, au\u00dfer bei identer Weitervermietung<\/li>\n<li>vorzeitige Abreise 100% abzgl. Ortstaxe<\/li>\n<\/ul>\n<p>In der <strong>Vor- und Nachsaison<\/strong>\u00a0gelockerte Stornobedingungen laut Buchungskalender.<\/p>\n<p><strong><br \/>Reiser\u00fccktrittsversicherung:<\/strong><br \/>Mit der Europ\u00e4ischen Reiseversicherung sind Sie umfassend gesch\u00fctzt, auch bei <strong>Covid, Suche\/Bergung und Reiseabbruch<\/strong>.<br \/>Hier Pr\u00e4mie berechnen und abschlie\u00dfen: <a href=\"https:\/\/start.europaeische.at\/hsp&amp;agencyNumber=511804\" target=\"_blank\" rel=\"noopener noreferrer\">Reiseschutz von Europ\u00e4ische Reiseversicherung<\/a><\/p>\n<p class=\"bodytext\">Das Widerrufsrecht nach \u00a7 18 Abs. 1 Z. 10 FAGG kommt nicht zur Anwendung, daf\u00fcr gelten bei uns die Allgemeinen Gesch\u00e4ftsbedingungen f\u00fcr die Hotellerie:\u00a0<a href=\"https:\/\/www.hotelverband.at\/down\/AGBH_061115.pdf\" target=\"_blank\" rel=\"noopener noreferrer\">https:\/\/www.hotelverband.at<\/a><\/p>\n<p>[\/et_pb_accordion_item][et_pb_accordion_item title=&#8220; Arrival and departure&#8220; _builder_version=&#8220;4.27.0&#8243; _module_preset=&#8220;default&#8220; global_colors_info=&#8220;{}&#8220; open=&#8220;off&#8220;]<\/p>\n<p>Check-in ab 14.00 Uhr, Check-out bis 09.00 Uhr.<br \/>Fr\u00fchere Anreisen nach Absprache und Verf\u00fcgbarkeit.<\/p>\n<p><strong>Parkpl\u00e4tze<\/strong><br \/>Es gibt 3 kostenfreie Parkpl\u00e4tze direkt vor dem Haus.<\/p>\n<p><span><strong>Ausstattung<\/strong><br \/>Bettw\u00e4sche, ausreichend Hand- und Duscht\u00fccher sowie Geschirrt\u00fccher vorhanden.<br \/>Seife, Sp\u00fclmittel und Filtert\u00fcten werden zur Verf\u00fcgung gestellt, au\u00dferdem eine\u00a0<\/span><b>Erstausstattung<\/b><span>\u00a0an WC-Papier\u00a0und Sp\u00fcltabs.<br \/>In der K\u00fcche finden Sie eine Filter-Kaffeemaschine (Pulver) und\u00a0eine Espressomaschine (ganze Bohnen).<br \/>Bitte\u00a0<\/span><b>Hausschuhe<\/b><span>\u00a0mitbringen.<br \/><\/span><\/p>\n<p><strong>Reisehinweise<br \/><\/strong>Auf \u00f6sterreichischen Autobahnen besteht Vignettenpflicht. Alle Informationen dazu finden Sie\u00a0<a href=\"https:\/\/www.asfinag.at\/maut-vignette\/\" target=\"_blank\" rel=\"noopener noreferrer\">hier<\/a>.<\/p>\n<p>[\/et_pb_accordion_item][\/et_pb_accordion][\/et_pb_column][\/et_pb_row][\/et_pb_section]<\/p>\n","protected":false},"excerpt":{"rendered":"<p>APPARTEMENT\u00a0Angelika\u00a0 for 2-8 persons\u00a0 \u00a0\u00a0 90-108m\u00b2\u00a0\u00a0Plenty of space to feel good!According to this motto, we have created a comfortable holiday home on the 1st floor of our house. In our lovingly furnished apartment you will feel at home from the very first moment!\u00a0The award for first-class establishments with a very comfortable, tasteful TOP equipment, bright, [&hellip;]<\/p>\n","protected":false},"author":1,"featured_media":0,"parent":0,"menu_order":0,"comment_status":"closed","ping_status":"closed","template":"","meta":{"_et_pb_use_builder":"on","_et_pb_old_content":"","_et_gb_content_width":"","footnotes":""},"difl_page_category":[],"class_list":["post-1040","page","type-page","status-publish","hentry"],"yoast_head":"<!-- This site is optimized with the Yoast SEO plugin v27.5 - https:\/\/yoast.com\/product\/yoast-seo-wordpress\/ -->\n<title>Apartment - Appartement Angelika<\/title>\n<meta name=\"robots\" content=\"index, follow, max-snippet:-1, max-image-preview:large, max-video-preview:-1\" \/>\n<link rel=\"canonical\" href=\"https:\/\/www.urlaub-im-zillertal.at\/appartement-angelika\/apartment\/\" \/>\n<meta property=\"og:locale\" content=\"de_DE\" \/>\n<meta property=\"og:type\" content=\"article\" \/>\n<meta property=\"og:title\" content=\"Apartment - Appartement Angelika\" \/>\n<meta property=\"og:description\" content=\"APPARTEMENT\u00a0Angelika\u00a0 for 2-8 persons\u00a0 \u00a0\u00a0 90-108m\u00b2\u00a0\u00a0Plenty of space to feel good!According to this motto, we have created a comfortable holiday home on the 1st floor of our house. In our lovingly furnished apartment you will feel at home from the very first moment!\u00a0The award for first-class establishments with a very comfortable, tasteful TOP equipment, bright, [&hellip;]\" \/>\n<meta property=\"og:url\" content=\"https:\/\/www.urlaub-im-zillertal.at\/appartement-angelika\/apartment\/?lang=en\" \/>\n<meta property=\"og:site_name\" content=\"Appartement Angelika\" \/>\n<meta property=\"article:modified_time\" content=\"2026-04-01T10:54:54+00:00\" \/>\n<meta name=\"twitter:card\" content=\"summary_large_image\" \/>\n<meta name=\"twitter:label1\" content=\"Gesch\u00e4tzte Lesezeit\" \/>\n\t<meta name=\"twitter:data1\" content=\"11\u00a0Minuten\" \/>\n<script type=\"application\/ld+json\" class=\"yoast-schema-graph\">{\"@context\":\"https:\\\/\\\/schema.org\",\"@graph\":[{\"@type\":\"WebPage\",\"@id\":\"https:\\\/\\\/www.urlaub-im-zillertal.at\\\/appartement-angelika\\\/apartment\\\/?lang=en\",\"url\":\"https:\\\/\\\/www.urlaub-im-zillertal.at\\\/appartement-angelika\\\/apartment\\\/?lang=en\",\"name\":\"Apartment - Appartement Angelika\",\"isPartOf\":{\"@id\":\"https:\\\/\\\/www.urlaub-im-zillertal.at\\\/appartement-angelika\\\/#website\"},\"primaryImageOfPage\":{\"@id\":\"https:\\\/\\\/www.urlaub-im-zillertal.at\\\/appartement-angelika\\\/apartment\\\/?lang=en#primaryimage\"},\"image\":{\"@id\":\"https:\\\/\\\/www.urlaub-im-zillertal.at\\\/appartement-angelika\\\/apartment\\\/?lang=en#primaryimage\"},\"thumbnailUrl\":\"https:\\\/\\\/www.urlaub-im-zillertal.at\\\/apart-roswitha\\\/wp-content\\\/uploads\\\/sites\\\/2\\\/2020\\\/07\\\/icon_person.png\",\"datePublished\":\"2020-11-11T10:20:18+00:00\",\"dateModified\":\"2026-04-01T10:54:54+00:00\",\"breadcrumb\":{\"@id\":\"https:\\\/\\\/www.urlaub-im-zillertal.at\\\/appartement-angelika\\\/apartment\\\/?lang=en#breadcrumb\"},\"inLanguage\":\"de\",\"potentialAction\":[{\"@type\":\"ReadAction\",\"target\":[\"https:\\\/\\\/www.urlaub-im-zillertal.at\\\/appartement-angelika\\\/apartment\\\/?lang=en\"]}]},{\"@type\":\"ImageObject\",\"inLanguage\":\"de\",\"@id\":\"https:\\\/\\\/www.urlaub-im-zillertal.at\\\/appartement-angelika\\\/apartment\\\/?lang=en#primaryimage\",\"url\":\"https:\\\/\\\/www.urlaub-im-zillertal.at\\\/apart-roswitha\\\/wp-content\\\/uploads\\\/sites\\\/2\\\/2020\\\/07\\\/icon_person.png\",\"contentUrl\":\"https:\\\/\\\/www.urlaub-im-zillertal.at\\\/apart-roswitha\\\/wp-content\\\/uploads\\\/sites\\\/2\\\/2020\\\/07\\\/icon_person.png\"},{\"@type\":\"BreadcrumbList\",\"@id\":\"https:\\\/\\\/www.urlaub-im-zillertal.at\\\/appartement-angelika\\\/apartment\\\/?lang=en#breadcrumb\",\"itemListElement\":[{\"@type\":\"ListItem\",\"position\":1,\"name\":\"Startseite\",\"item\":\"https:\\\/\\\/www.urlaub-im-zillertal.at\\\/appartement-angelika\\\/\"},{\"@type\":\"ListItem\",\"position\":2,\"name\":\"Apartment\"}]},{\"@type\":\"WebSite\",\"@id\":\"https:\\\/\\\/www.urlaub-im-zillertal.at\\\/appartement-angelika\\\/#website\",\"url\":\"https:\\\/\\\/www.urlaub-im-zillertal.at\\\/appartement-angelika\\\/\",\"name\":\"Appartement Angelika\",\"description\":\"Ankommen und Wohlf\u00fchlen\",\"publisher\":{\"@id\":\"https:\\\/\\\/www.urlaub-im-zillertal.at\\\/appartement-angelika\\\/#organization\"},\"potentialAction\":[{\"@type\":\"SearchAction\",\"target\":{\"@type\":\"EntryPoint\",\"urlTemplate\":\"https:\\\/\\\/www.urlaub-im-zillertal.at\\\/appartement-angelika\\\/?s={search_term_string}\"},\"query-input\":{\"@type\":\"PropertyValueSpecification\",\"valueRequired\":true,\"valueName\":\"search_term_string\"}}],\"inLanguage\":\"de\"},{\"@type\":\"Organization\",\"@id\":\"https:\\\/\\\/www.urlaub-im-zillertal.at\\\/appartement-angelika\\\/#organization\",\"name\":\"Appartement Angelika\",\"url\":\"https:\\\/\\\/www.urlaub-im-zillertal.at\\\/appartement-angelika\\\/\",\"logo\":{\"@type\":\"ImageObject\",\"inLanguage\":\"de\",\"@id\":\"https:\\\/\\\/www.urlaub-im-zillertal.at\\\/appartement-angelika\\\/#\\\/schema\\\/logo\\\/image\\\/\",\"url\":\"https:\\\/\\\/www.urlaub-im-zillertal.at\\\/appartement-angelika\\\/wp-content\\\/uploads\\\/sites\\\/4\\\/2020\\\/09\\\/grosse-gemuetliche-Sitzecke-und-Couch.jpg\",\"contentUrl\":\"https:\\\/\\\/www.urlaub-im-zillertal.at\\\/appartement-angelika\\\/wp-content\\\/uploads\\\/sites\\\/4\\\/2020\\\/09\\\/grosse-gemuetliche-Sitzecke-und-Couch.jpg\",\"width\":2500,\"height\":1874,\"caption\":\"Appartement Angelika\"},\"image\":{\"@id\":\"https:\\\/\\\/www.urlaub-im-zillertal.at\\\/appartement-angelika\\\/#\\\/schema\\\/logo\\\/image\\\/\"}}]}<\/script>\n<!-- \/ Yoast SEO plugin. -->","yoast_head_json":{"title":"Apartment - Appartement Angelika","robots":{"index":"index","follow":"follow","max-snippet":"max-snippet:-1","max-image-preview":"max-image-preview:large","max-video-preview":"max-video-preview:-1"},"canonical":"https:\/\/www.urlaub-im-zillertal.at\/appartement-angelika\/apartment\/","og_locale":"de_DE","og_type":"article","og_title":"Apartment - Appartement Angelika","og_description":"APPARTEMENT\u00a0Angelika\u00a0 for 2-8 persons\u00a0 \u00a0\u00a0 90-108m\u00b2\u00a0\u00a0Plenty of space to feel good!According to this motto, we have created a comfortable holiday home on the 1st floor of our house. In our lovingly furnished apartment you will feel at home from the very first moment!\u00a0The award for first-class establishments with a very comfortable, tasteful TOP equipment, bright, [&hellip;]","og_url":"https:\/\/www.urlaub-im-zillertal.at\/appartement-angelika\/apartment\/?lang=en","og_site_name":"Appartement Angelika","article_modified_time":"2026-04-01T10:54:54+00:00","twitter_card":"summary_large_image","twitter_misc":{"Gesch\u00e4tzte Lesezeit":"11\u00a0Minuten"},"schema":{"@context":"https:\/\/schema.org","@graph":[{"@type":"WebPage","@id":"https:\/\/www.urlaub-im-zillertal.at\/appartement-angelika\/apartment\/?lang=en","url":"https:\/\/www.urlaub-im-zillertal.at\/appartement-angelika\/apartment\/?lang=en","name":"Apartment - Appartement Angelika","isPartOf":{"@id":"https:\/\/www.urlaub-im-zillertal.at\/appartement-angelika\/#website"},"primaryImageOfPage":{"@id":"https:\/\/www.urlaub-im-zillertal.at\/appartement-angelika\/apartment\/?lang=en#primaryimage"},"image":{"@id":"https:\/\/www.urlaub-im-zillertal.at\/appartement-angelika\/apartment\/?lang=en#primaryimage"},"thumbnailUrl":"https:\/\/www.urlaub-im-zillertal.at\/apart-roswitha\/wp-content\/uploads\/sites\/2\/2020\/07\/icon_person.png","datePublished":"2020-11-11T10:20:18+00:00","dateModified":"2026-04-01T10:54:54+00:00","breadcrumb":{"@id":"https:\/\/www.urlaub-im-zillertal.at\/appartement-angelika\/apartment\/?lang=en#breadcrumb"},"inLanguage":"de","potentialAction":[{"@type":"ReadAction","target":["https:\/\/www.urlaub-im-zillertal.at\/appartement-angelika\/apartment\/?lang=en"]}]},{"@type":"ImageObject","inLanguage":"de","@id":"https:\/\/www.urlaub-im-zillertal.at\/appartement-angelika\/apartment\/?lang=en#primaryimage","url":"https:\/\/www.urlaub-im-zillertal.at\/apart-roswitha\/wp-content\/uploads\/sites\/2\/2020\/07\/icon_person.png","contentUrl":"https:\/\/www.urlaub-im-zillertal.at\/apart-roswitha\/wp-content\/uploads\/sites\/2\/2020\/07\/icon_person.png"},{"@type":"BreadcrumbList","@id":"https:\/\/www.urlaub-im-zillertal.at\/appartement-angelika\/apartment\/?lang=en#breadcrumb","itemListElement":[{"@type":"ListItem","position":1,"name":"Startseite","item":"https:\/\/www.urlaub-im-zillertal.at\/appartement-angelika\/"},{"@type":"ListItem","position":2,"name":"Apartment"}]},{"@type":"WebSite","@id":"https:\/\/www.urlaub-im-zillertal.at\/appartement-angelika\/#website","url":"https:\/\/www.urlaub-im-zillertal.at\/appartement-angelika\/","name":"Appartement Angelika","description":"Ankommen und Wohlf\u00fchlen","publisher":{"@id":"https:\/\/www.urlaub-im-zillertal.at\/appartement-angelika\/#organization"},"potentialAction":[{"@type":"SearchAction","target":{"@type":"EntryPoint","urlTemplate":"https:\/\/www.urlaub-im-zillertal.at\/appartement-angelika\/?s={search_term_string}"},"query-input":{"@type":"PropertyValueSpecification","valueRequired":true,"valueName":"search_term_string"}}],"inLanguage":"de"},{"@type":"Organization","@id":"https:\/\/www.urlaub-im-zillertal.at\/appartement-angelika\/#organization","name":"Appartement Angelika","url":"https:\/\/www.urlaub-im-zillertal.at\/appartement-angelika\/","logo":{"@type":"ImageObject","inLanguage":"de","@id":"https:\/\/www.urlaub-im-zillertal.at\/appartement-angelika\/#\/schema\/logo\/image\/","url":"https:\/\/www.urlaub-im-zillertal.at\/appartement-angelika\/wp-content\/uploads\/sites\/4\/2020\/09\/grosse-gemuetliche-Sitzecke-und-Couch.jpg","contentUrl":"https:\/\/www.urlaub-im-zillertal.at\/appartement-angelika\/wp-content\/uploads\/sites\/4\/2020\/09\/grosse-gemuetliche-Sitzecke-und-Couch.jpg","width":2500,"height":1874,"caption":"Appartement Angelika"},"image":{"@id":"https:\/\/www.urlaub-im-zillertal.at\/appartement-angelika\/#\/schema\/logo\/image\/"}}]}},"_links":{"self":[{"href":"https:\/\/www.urlaub-im-zillertal.at\/appartement-angelika\/wp-json\/wp\/v2\/pages\/1040","targetHints":{"allow":["GET"]}}],"collection":[{"href":"https:\/\/www.urlaub-im-zillertal.at\/appartement-angelika\/wp-json\/wp\/v2\/pages"}],"about":[{"href":"https:\/\/www.urlaub-im-zillertal.at\/appartement-angelika\/wp-json\/wp\/v2\/types\/page"}],"author":[{"embeddable":true,"href":"https:\/\/www.urlaub-im-zillertal.at\/appartement-angelika\/wp-json\/wp\/v2\/users\/1"}],"replies":[{"embeddable":true,"href":"https:\/\/www.urlaub-im-zillertal.at\/appartement-angelika\/wp-json\/wp\/v2\/comments?post=1040"}],"version-history":[{"count":87,"href":"https:\/\/www.urlaub-im-zillertal.at\/appartement-angelika\/wp-json\/wp\/v2\/pages\/1040\/revisions"}],"predecessor-version":[{"id":2679,"href":"https:\/\/www.urlaub-im-zillertal.at\/appartement-angelika\/wp-json\/wp\/v2\/pages\/1040\/revisions\/2679"}],"wp:attachment":[{"href":"https:\/\/www.urlaub-im-zillertal.at\/appartement-angelika\/wp-json\/wp\/v2\/media?parent=1040"}],"wp:term":[{"taxonomy":"difl_page_category","embeddable":true,"href":"https:\/\/www.urlaub-im-zillertal.at\/appartement-angelika\/wp-json\/wp\/v2\/difl_page_category?post=1040"}],"curies":[{"name":"wp","href":"https:\/\/api.w.org\/{rel}","templated":true}]}}