{"id":10,"date":"2020-07-07T21:49:22","date_gmt":"2020-07-07T19:49:22","guid":{"rendered":"http:\/\/www.urlaub-im-zillertal.at\/appartement-angelika\/preise-sommer\/"},"modified":"2026-04-11T12:15:32","modified_gmt":"2026-04-11T10:15:32","slug":"preise-sommer","status":"publish","type":"page","link":"https:\/\/www.urlaub-im-zillertal.at\/appartement-angelika\/preise-sommer\/","title":{"rendered":"Preise Sommer"},"content":{"rendered":"<p>[et_pb_section fb_built=&#8220;1&#8243; custom_padding_last_edited=&#8220;on|desktop&#8220; prev_background_color=&#8220;#ffffff&#8220; _builder_version=&#8220;4.16&#8243; _module_preset=&#8220;default&#8220; use_background_color_gradient=&#8220;on&#8220; background_color_gradient_stops=&#8220;rgba(0,0,0,0) 0%|#ffffff 100%&#8220; background_color_gradient_start=&#8220;rgba(0,0,0,0)&#8220; background_color_gradient_end=&#8220;#ffffff&#8220; background_image=&#8220;https:\/\/www.urlaub-im-zillertal.at\/appartement-angelika\/wp-content\/uploads\/sites\/4\/2020\/09\/DSC_0153-scaled.jpg&#8220; background_blend=&#8220;overlay&#8220; custom_padding_tablet=&#8220;||0px||false|false&#8220; custom_padding_phone=&#8220;||0px||false|false&#8220; top_divider_style=&#8220;arrow3&#8243; top_divider_height=&#8220;50px&#8220; global_colors_info=&#8220;{}&#8220;][et_pb_row disabled_on=&#8220;off|off|off&#8220; _builder_version=&#8220;4.16&#8243; _module_preset=&#8220;default&#8220; global_colors_info=&#8220;{}&#8220;][et_pb_column type=&#8220;4_4&#8243; admin_label=&#8220;Spalte&#8220; _builder_version=&#8220;4.16&#8243; _module_preset=&#8220;default&#8220; global_colors_info=&#8220;{}&#8220;][et_pb_text _builder_version=&#8220;4.16&#8243; _module_preset=&#8220;default&#8220; header_2_text_align=&#8220;center&#8220; header_2_text_color=&#8220;#ffffff&#8220; global_colors_info=&#8220;{}&#8220;]<\/p>\n<h2>Aktuelle Angebote<\/h2>\n<p>[\/et_pb_text][\/et_pb_column][\/et_pb_row][et_pb_row column_structure=&#8220;1_5,1_5,1_5,1_5,1_5&#8243; make_equal=&#8220;on&#8220; disabled_on=&#8220;off|off|off&#8220; admin_label=&#8220;Zeile&#8220; _builder_version=&#8220;4.27.4&#8243; _module_preset=&#8220;default&#8220; custom_padding=&#8220;4px||47px|||&#8220; custom_css_free_form=&#8220;selector {||  display: grid !important;||  grid-template-columns: 1fr 1fr;||  gap: 25px;||}||||@media (max-width: 980px) {||\tselector {||    grid-template-columns: 1fr;||  }||}||||selector .et_pb_column {||  width: 100%;||  order: 0 !important;||  margin: 0 !important;||}||||selector .et_pb_column {||  display: flex !important;||  flex-direction: column;||  justify-content: space-between;||  padding-bottom: 10px;||}||||selector .et_pb_column .et_pb_text {||  flex-grow: 1;||}&#8220; global_colors_info=&#8220;{}&#8220; custom_css_main_element_last_edited=&#8220;on|desktop&#8220;][et_pb_column type=&#8220;1_5&#8243; admin_label=&#8220;Fr\u00fchling und Pfingsten&#8220; disabled_on=&#8220;on|on|on&#8220; _builder_version=&#8220;4.27.4&#8243; _module_preset=&#8220;default&#8220; background_color=&#8220;#960222&#8243; box_shadow_style=&#8220;preset1&#8243; disabled=&#8220;on&#8220; global_colors_info=&#8220;{}&#8220;][et_pb_image src=&#8220;https:\/\/www.urlaub-im-zillertal.at\/appartement-angelika\/wp-content\/uploads\/sites\/4\/2020\/09\/DSC8337-1024&#215;681.jpg&#8220; title_text=&#8220;DSC8337&#8243; _builder_version=&#8220;4.16&#8243; _module_preset=&#8220;default&#8220; background_color=&#8220;rgba(112,87,99,0.54)&#8220; background_image=&#8220;http:\/\/www.urlaub-im-zillertal.at\/appartement-angelika\/wp-content\/uploads\/sites\/4\/2020\/09\/DSC8337-300&#215;200.jpg&#8220; custom_margin=&#8220;||18px||false|false&#8220; custom_padding=&#8220;||||false|false&#8220; global_colors_info=&#8220;{}&#8220;][\/et_pb_image][et_pb_text _builder_version=&#8220;4.27.4&#8243; _module_preset=&#8220;default&#8220; text_text_color=&#8220;#ffffff&#8220; header_2_text_color=&#8220;#e7d9b4&#8243; custom_margin=&#8220;||0px||false|false&#8220; custom_padding=&#8220;|15px|15px|15px|false|false&#8220; global_colors_info=&#8220;{}&#8220;]<\/p>\n<h2 style=\"text-align: left;\">Fr\u00fchling im Zillertal<\/h2>\n<p style=\"text-align: left;\"><strong>Wandern, Biken,<\/strong> ausgedehnte Spazierg\u00e4nge, gutes Essen, Relaxen und Genie\u00dfen! <strong>Klettersteige<\/strong> und sch\u00f6ne Ausflugsm\u00f6glichkeiten runden das vielseitige Angebot ab.<\/p>\n<p><strong>ab EUR 87,- <\/strong>pro Tag f\u00fcr 2 Personen,<br \/>3 Personen ab EUR 117,-, 4 Personen ab EUR 142,- pro Tag<\/p>\n<p>Tagespreise bis 9. Mai, Pfingsten\/Fr\u00fchsommer<\/p>\n<p><strong>\u00a0<\/strong><\/p>\n<p>[\/et_pb_text][et_pb_button button_url=&#8220;http:\/\/www.urlaub-im-zillertal.at\/appartement-angelika\/anfrage&#8220; button_text=&#8220;Jetzt Anfragen&#8220; button_alignment=&#8220;right&#8220; _builder_version=&#8220;4.16&#8243; _module_preset=&#8220;default&#8220; custom_margin=&#8220;0px|15px|15px|15px|false|false&#8220; filter_sepia=&#8220;100%&#8220; custom_css_main_element=&#8220;color: white;&#8220; global_colors_info=&#8220;{}&#8220;][\/et_pb_button][\/et_pb_column][et_pb_column type=&#8220;1_5&#8243; admin_label=&#8220;Lastminute&#8220; _builder_version=&#8220;4.25.2&#8243; _module_preset=&#8220;default&#8220; background_color=&#8220;#960222&#8243; box_shadow_style=&#8220;preset1&#8243; global_colors_info=&#8220;{}&#8220;][et_pb_image src=&#8220;https:\/\/www.urlaub-im-zillertal.at\/appartement-angelika\/wp-content\/uploads\/sites\/4\/2024\/06\/Familie-Ahorn.png&#8220; title_text=&#8220;Familienzeit am Ahorn&#8220; _builder_version=&#8220;4.25.2&#8243; _module_preset=&#8220;default&#8220; background_color=&#8220;rgba(112,87,99,0.54)&#8220; background_enable_image=&#8220;off&#8220; custom_margin=&#8220;||18px||false|false&#8220; custom_padding=&#8220;||||false|false&#8220; custom_css_free_form=&#8220;selector img {||  aspect-ratio: 3 \/ 2;||  object-fit: cover;||}&#8220; global_colors_info=&#8220;{}&#8220;][\/et_pb_image][et_pb_text _builder_version=&#8220;4.27.4&#8243; _module_preset=&#8220;default&#8220; text_text_color=&#8220;#ffffff&#8220; header_2_text_color=&#8220;#e7d9b4&#8243; custom_margin=&#8220;||0px||false|false&#8220; custom_padding=&#8220;|15px|15px|15px|false|false&#8220; hover_enabled=&#8220;0&#8243; global_colors_info=&#8220;{}&#8220; sticky_enabled=&#8220;0&#8243;]<\/p>\n<p><strong><span style=\"text-decoration: underline;\">Sommer = Familienzeit<\/span><br \/><\/strong>Sichern Sie sich Ihren Wunschtermin! Die vielen Attraktionen am Berg und im Tal warten darauf, entdeckt zu werden!<\/p>\n<p><strong>Pfingsten\/Sommerstart ab 120,-<br \/>20.6. &#8211; 11.7.2026 schon ab EUR 130,-<br \/>Hauptferienzeit ab EUR 175,-<br \/>September und Herbstferien ab EUR 120,-\u00a0<\/strong><strong><br \/><\/strong><br \/>Tagespreise f\u00fcr <strong>3 Personen<\/strong>,<br \/>4\/5\/6 Personen laut Preisrechner<\/p>\n<p>[\/et_pb_text][et_pb_button button_url=&#8220;http:\/\/www.urlaub-im-zillertal.at\/appartement-angelika\/anfrage&#8220; button_text=&#8220;Jetzt Anfragen&#8220; button_alignment=&#8220;right&#8220; _builder_version=&#8220;4.16&#8243; _module_preset=&#8220;default&#8220; custom_margin=&#8220;0px|15px|15px|15px|false|false&#8220; filter_sepia=&#8220;100%&#8220; custom_css_main_element=&#8220;color: white;&#8220; global_colors_info=&#8220;{}&#8220;][\/et_pb_button][\/et_pb_column][et_pb_column type=&#8220;1_5&#8243; admin_label=&#8220;Bergsommer&#8220; _builder_version=&#8220;4.25.2&#8243; _module_preset=&#8220;default&#8220; background_color=&#8220;#0d9b2c&#8220; box_shadow_style=&#8220;preset1&#8243; global_colors_info=&#8220;{}&#8220;][et_pb_image src=&#8220;https:\/\/www.urlaub-im-zillertal.at\/appartement-angelika\/wp-content\/uploads\/sites\/4\/2024\/06\/Wandern-Bergsommer.png&#8220; alt=&#8220;Wandern Bergsommer&#8220; title_text=&#8220;Wandern Bergsommer&#8220; _builder_version=&#8220;4.25.2&#8243; _module_preset=&#8220;default&#8220; background_color=&#8220;rgba(112,87,99,0.54)&#8220; background_enable_image=&#8220;off&#8220; custom_margin=&#8220;||18px||false|false&#8220; custom_padding=&#8220;||||false|false&#8220; custom_css_free_form=&#8220;selector img {||  aspect-ratio: 3 \/ 2;||  object-fit: cover;||}&#8220; global_colors_info=&#8220;{}&#8220;][\/et_pb_image][et_pb_text _builder_version=&#8220;4.27.4&#8243; _module_preset=&#8220;default&#8220; text_text_color=&#8220;#ffffff&#8220; header_2_text_color=&#8220;#e7d9b4&#8243; min_height=&#8220;179px&#8220; custom_margin=&#8220;||0px||false|false&#8220; custom_padding=&#8220;|15px|15px|15px|false|false&#8220; hover_enabled=&#8220;0&#8243; global_colors_info=&#8220;{}&#8220; sticky_enabled=&#8220;0&#8243;]<\/p>\n<h2 style=\"text-align: left;\"><strong>Meine Bergzeit im Zillertal\u00a0<\/strong><\/h2>\n<p><b>Erleben Sie herrliche Touren in der einzigartigen Zillertaler Bergwelt!<\/b><\/p>\n<p><b> <\/b><\/p>\n<p><b>ab EUR 120,- pro Tag <\/b>f\u00fcr 2 Personen,<br \/><strong>3 bis 5 Personen<\/strong> von EUR 140,- bis EUR 180,-<br \/><strong><span style=\"text-decoration: underline;\">vom 20. Juni bis 11. Juli<\/span>, <\/strong>Longstay ab 11 N\u00e4chte minus 5,-.<b><\/b><\/p>\n<p><b><\/b><span style=\"text-decoration: underline;\"><strong>16. bis 29. August 2026<\/strong><\/span><strong> <\/strong>ab EUR 135,- pro Tag<\/p>\n<p><b><\/b>Unsere Preise variieren je nach Termin und Belegung.<br \/>Bitte nutzen Sie den Preisrechner f\u00fcr Ihren Wunschtermin!<\/p>\n<p>[\/et_pb_text][et_pb_button button_url=&#8220;http:\/\/www.urlaub-im-zillertal.at\/appartement-angelika\/anfrage&#8220; button_text=&#8220;Jetzt Anfragen&#8220; button_alignment=&#8220;right&#8220; _builder_version=&#8220;4.25.2&#8243; _module_preset=&#8220;default&#8220; custom_margin=&#8220;0px|15px|15px|15px|false|false&#8220; filter_sepia=&#8220;100%&#8220; custom_css_main_element=&#8220;color: white;&#8220; global_colors_info=&#8220;{}&#8220;][\/et_pb_button][\/et_pb_column][et_pb_column type=&#8220;1_5&#8243; admin_label=&#8220;Goldener Herbst&#8220; _builder_version=&#8220;4.25.2&#8243; _module_preset=&#8220;default&#8220; background_color=&#8220;#960222&#8243; box_shadow_style=&#8220;preset1&#8243; global_colors_info=&#8220;{}&#8220;][et_pb_image src=&#8220;https:\/\/www.urlaub-im-zillertal.at\/appartement-angelika\/wp-content\/uploads\/sites\/4\/2020\/09\/DSC8337-1024&#215;681.jpg&#8220; title_text=&#8220;DSC8337&#8243; _builder_version=&#8220;4.25.2&#8243; _module_preset=&#8220;default&#8220; background_color=&#8220;rgba(112,87,99,0.54)&#8220; background_enable_image=&#8220;off&#8220; custom_margin=&#8220;||18px||false|false&#8220; custom_padding=&#8220;||||false|false&#8220; custom_css_free_form=&#8220;selector img {||  aspect-ratio: 3 \/ 2;||  object-fit: cover;||}&#8220; global_colors_info=&#8220;{}&#8220;][\/et_pb_image][et_pb_text _builder_version=&#8220;4.27.4&#8243; _module_preset=&#8220;default&#8220; text_text_color=&#8220;#ffffff&#8220; header_2_text_color=&#8220;#e7d9b4&#8243; custom_margin=&#8220;||0px||false|false&#8220; custom_padding=&#8220;|15px|15px|15px|false|false&#8220; hover_enabled=&#8220;0&#8243; global_colors_info=&#8220;{}&#8220; sticky_enabled=&#8220;0&#8243;]<\/p>\n<h2 style=\"text-align: left;\">Fr\u00fchling und Herbst 2026<\/h2>\n<p style=\"text-align: left;\"><strong>Wandern, Biken,<\/strong> ausgedehnte Spazierg\u00e4nge, gutes Essen, Relaxen und Genie\u00dfen! <strong>Klettersteige<\/strong> und sch\u00f6ne Ausflugsm\u00f6glichkeiten runden das vielseitige Angebot ab.<\/p>\n<p><strong>ab EUR 90,- <\/strong>f\u00fcr 2 Personen,<br \/>3 Personen ab EUR 120,-, 4 Personen ab EUR 145,-<\/p>\n<p>Tagespreise bis 22. Mai sowie ab 25. September bei Wochenbuchung.<\/p>\n<p><strong>Pfingsten\/Sommerstart sowie Oktober<\/strong><br \/>Preise f\u00fcr 2 Personen EUR 95,- bis 105,-<\/p>\n<p>Kurzaufenthalt 5\/6 N\u00e4chte laut Preisrechner<\/p>\n<p>&nbsp;<\/p>\n<p>&nbsp;<\/p>\n<p>[\/et_pb_text][et_pb_button button_url=&#8220;http:\/\/www.urlaub-im-zillertal.at\/appartement-angelika\/anfrage&#8220; button_text=&#8220;Jetzt Anfragen&#8220; button_alignment=&#8220;right&#8220; _builder_version=&#8220;4.16&#8243; _module_preset=&#8220;default&#8220; custom_margin=&#8220;0px|15px|15px|15px|false|false&#8220; filter_sepia=&#8220;100%&#8220; custom_css_main_element=&#8220;color: white;&#8220; global_colors_info=&#8220;{}&#8220;][\/et_pb_button][\/et_pb_column][et_pb_column type=&#8220;1_5&#8243; admin_label=&#8220;Gletscherskilauf&#8220; _builder_version=&#8220;4.25.2&#8243; _module_preset=&#8220;default&#8220; background_color=&#8220;#0c71c3&#8243; box_shadow_style=&#8220;preset1&#8243; global_colors_info=&#8220;{}&#8220;][et_pb_image src=&#8220;https:\/\/www.urlaub-im-zillertal.at\/appartement-angelika\/wp-content\/uploads\/sites\/4\/2020\/10\/gletscher_vorlaeufig-1.jpg&#8220; title_text=&#8220;gletscher_vorlaeufig&#8220; _builder_version=&#8220;4.24.0&#8243; _module_preset=&#8220;default&#8220; background_color=&#8220;rgba(112,87,99,0.54)&#8220; background_enable_image=&#8220;off&#8220; custom_margin=&#8220;||18px||false|false&#8220; custom_padding=&#8220;||||false|false&#8220; global_colors_info=&#8220;{}&#8220;][\/et_pb_image][et_pb_text _builder_version=&#8220;4.27.4&#8243; _module_preset=&#8220;default&#8220; text_text_color=&#8220;#ffffff&#8220; header_2_text_color=&#8220;#e7d9b4&#8243; min_height=&#8220;179px&#8220; custom_margin=&#8220;||0px||false|false&#8220; custom_padding=&#8220;|15px|15px|15px|false|false&#8220; hover_enabled=&#8220;0&#8243; global_colors_info=&#8220;{}&#8220; sticky_enabled=&#8220;0&#8243;]<\/p>\n<h2 style=\"text-align: left;\">Gletscherskilauf<\/h2>\n<p style=\"text-align: left;\">Der Hintertuxer Gletscher ist nur 25 Autominuten entfernt.<\/p>\n<p><strong>Fr\u00fchjahrsskilauf<\/strong> 15. April bis 22. Mai<br \/>ab EUR 90,- pro Tag, <strong>bis 20. Juni<\/strong> ab EUR 95,-, <br \/><strong>Herbstsaison<\/strong> EUR 90,- bis EUR 100,-,<br \/>jeweils f\u00fcr 2 Personen\/7 N\u00e4chte.<\/p>\n<p>Kurzaufenthalt 5-6 N\u00e4chte laut Preisrechner<\/p>\n<p>[\/et_pb_text][et_pb_button button_url=&#8220;http:\/\/www.urlaub-im-zillertal.at\/appartement-angelika\/anfrage&#8220; button_text=&#8220;Jetzt Anfragen&#8220; button_alignment=&#8220;right&#8220; _builder_version=&#8220;4.16&#8243; _module_preset=&#8220;default&#8220; custom_margin=&#8220;0px|15px|15px|15px|false|false&#8220; filter_sepia=&#8220;100%&#8220; custom_css_main_element=&#8220;color: white;&#8220; global_colors_info=&#8220;{}&#8220;][\/et_pb_button][\/et_pb_column][\/et_pb_row][et_pb_row _builder_version=&#8220;4.16&#8243; _module_preset=&#8220;default&#8220; global_colors_info=&#8220;{}&#8220;][et_pb_column type=&#8220;4_4&#8243; _builder_version=&#8220;4.16&#8243; _module_preset=&#8220;default&#8220; global_colors_info=&#8220;{}&#8220;][et_pb_text _builder_version=&#8220;4.16&#8243; _module_preset=&#8220;default&#8220; header_2_text_align=&#8220;center&#8220; header_2_text_color=&#8220;#960222&#8243; global_colors_info=&#8220;{}&#8220;]<\/p>\n<h2>Sommerpreise<\/h2>\n<p>[\/et_pb_text][\/et_pb_column][\/et_pb_row][et_pb_row column_structure=&#8220;1_2,1_2&#8243; make_equal=&#8220;on&#8220; _builder_version=&#8220;4.27.4&#8243; _module_preset=&#8220;default&#8220; global_colors_info=&#8220;{}&#8220;][et_pb_column type=&#8220;1_2&#8243; _builder_version=&#8220;4.16&#8243; _module_preset=&#8220;default&#8220; background_color=&#8220;#ffffff&#8220; box_shadow_style=&#8220;preset1&#8243; global_colors_info=&#8220;{}&#8220;][et_pb_text _builder_version=&#8220;4.27.4&#8243; _module_preset=&#8220;default&#8220; header_4_text_color=&#8220;#960222&#8243; header_4_font_size=&#8220;14px&#8220; background_color=&#8220;rgba(0,0,0,0)&#8220; custom_padding=&#8220;40px|20px|20px|20px|false|false&#8220; hover_enabled=&#8220;0&#8243; global_colors_info=&#8220;{}&#8220; sticky_enabled=&#8220;0&#8243;]<\/p>\n<h2 class=\"    \" style=\"text-align: center;\">Fr\u00fchling\/Sommerstart\/Herbst<\/h2>\n<p style=\"text-align: center;\"><strong><span style=\"color: #800000;\">15.04.2026 bis 20.06.2026<\/span><\/strong><br \/><strong><span style=\"color: #800000;\">29.08.2026 bis 2.12.2026<\/span><\/strong><\/p>\n<h4 style=\"text-align: center;\"><span style=\"text-decoration: underline; color: #000000;\">Spezielle Longstaytarife<\/span><\/h4>\n<p>&nbsp;<\/p>\n<table border=\"0\" cellpadding=\"0\" cellspacing=\"0\" style=\"height: 120px; width: 100%; border: 0px solid black;\">\n<tbody>\n<tr style=\"height: 24px;\">\n<td style=\"width: 60.443%; height: 24px;\">2 Personen<\/td>\n<td style=\"text-align: right; width: 39.557%; height: 24px;\">90,- bis 105,-<\/td>\n<\/tr>\n<tr style=\"height: 24px;\">\n<td style=\"width: 60.443%; height: 24px;\"><strong>3 Personen<\/strong><\/td>\n<td style=\"text-align: right; width: 39.557%; height: 24px;\">120,- bis 130,-<\/td>\n<\/tr>\n<tr style=\"height: 24px;\">\n<td style=\"width: 60.443%; height: 24px;\">4 Personen<\/td>\n<td style=\"text-align: right; width: 39.557%; height: 24px;\">145,- bis 155,-<\/td>\n<\/tr>\n<tr style=\"height: 24px;\">\n<td style=\"width: 60.443%; height: 24px;\"><strong>5 Personen<\/strong><\/td>\n<td style=\"text-align: right; width: 39.557%; height: 24px;\">170,- bis 180,-<\/td>\n<\/tr>\n<tr style=\"height: 24px;\">\n<td style=\"width: 60.443%; height: 24px;\">6 Personen mit Zustellbett<\/td>\n<td style=\"text-align: right; width: 39.557%; height: 24px;\">190,- bis 200,-<\/td>\n<\/tr>\n<tr>\n<td style=\"width: 60.443%;\">Endreinigung<\/td>\n<td style=\"text-align: right; width: 39.557%;\">EUR 90,-<\/td>\n<\/tr>\n<\/tbody>\n<\/table>\n<p style=\"text-align: right;\">[\/et_pb_text][\/et_pb_column][et_pb_column type=&#8220;1_2&#8243; _builder_version=&#8220;4.16&#8243; _module_preset=&#8220;default&#8220; background_color=&#8220;#ffffff&#8220; box_shadow_style=&#8220;preset1&#8243; global_colors_info=&#8220;{}&#8220;][et_pb_text _builder_version=&#8220;4.27.4&#8243; _module_preset=&#8220;default&#8220; background_color=&#8220;rgba(0,0,0,0)&#8220; custom_padding=&#8220;40px|20px|20px|20px|false|false&#8220; hover_enabled=&#8220;0&#8243; global_colors_info=&#8220;{}&#8220; sticky_enabled=&#8220;0&#8243;]<\/p>\n<h2 class=\"    \" style=\"text-align: center;\">Sommer-Hauptsaison<\/h2>\n<p style=\"text-align: center;\"><span style=\"color: #800000;\"><strong>20.06.2026 bis 29.08.2026<\/strong><\/span><\/p>\n<p>&nbsp;<\/p>\n<table border=\"0\" cellpadding=\"0\" cellspacing=\"0\" style=\"height: 147px; width: 100%; border: 0px solid black;\">\n<tbody>\n<tr style=\"height: 24px;\">\n<td style=\"width: 53.3707%; height: 24px;\">2 Personen<\/td>\n<td style=\"text-align: right; width: 46.6293%; height: 24px;\">EUR 105,- bis 175,-<\/td>\n<\/tr>\n<tr style=\"height: 24px;\">\n<td style=\"width: 53.3707%; height: 25px;\"><strong>3 Personen<\/strong><\/td>\n<td style=\"text-align: right; width: 46.6293%; height: 25px;\">EUR 130,- bis 180,-<\/td>\n<\/tr>\n<tr style=\"height: 24px;\">\n<td style=\"width: 53.3707%; height: 26px;\">4 Personen<\/td>\n<td style=\"text-align: right; width: 46.6293%; height: 26px;\">EUR 155,- bis 200,-<\/td>\n<\/tr>\n<tr style=\"height: 24px;\">\n<td style=\"width: 53.3707%; height: 24px;\"><strong>5 Personen<\/strong><\/td>\n<td style=\"text-align: right; width: 46.6293%; height: 24px;\">EUR 175,- bis 225,-<\/td>\n<\/tr>\n<tr style=\"height: 24px;\">\n<td style=\"width: 53.3707%; height: 24px;\">6 Personen mit Zustellbett<\/td>\n<td style=\"text-align: right; width: 46.6293%; height: 24px;\">EUR 195,- bis 245,-<\/td>\n<\/tr>\n<tr>\n<td style=\"width: 53.3707%;\">Endreinigung<\/td>\n<td style=\"text-align: right; width: 46.6293%;\">EUR 90,-<\/td>\n<\/tr>\n<\/tbody>\n<\/table>\n<p>[\/et_pb_text][\/et_pb_column][\/et_pb_row][et_pb_row _builder_version=&#8220;4.16&#8243; _module_preset=&#8220;default&#8220; global_colors_info=&#8220;{}&#8220;][et_pb_column type=&#8220;4_4&#8243; _builder_version=&#8220;4.16&#8243; _module_preset=&#8220;default&#8220; global_colors_info=&#8220;{}&#8220;][et_pb_button button_url=&#8220;https:\/\/www.urlaub-im-zillertal.at\/appartement-angelika\/buchen&#8220; button_text=&#8220;Jetzt Buchen&#8220; button_alignment=&#8220;center&#8220; _builder_version=&#8220;4.16&#8243; _module_preset=&#8220;default&#8220; custom_margin=&#8220;||19px|||&#8220; global_colors_info=&#8220;{}&#8220;][\/et_pb_button][\/et_pb_column][\/et_pb_row][et_pb_row _builder_version=&#8220;4.16&#8243; _module_preset=&#8220;default&#8220; global_colors_info=&#8220;{}&#8220;][et_pb_column type=&#8220;4_4&#8243; _builder_version=&#8220;4.16&#8243; _module_preset=&#8220;default&#8220; global_colors_info=&#8220;{}&#8220;][et_pb_cta _builder_version=&#8220;4.21.0&#8243; _module_preset=&#8220;default&#8220; header_font_size=&#8220;18px&#8220; header_line_height=&#8220;1.4em&#8220; body_link_font=&#8220;||||on||||&#8220; body_link_text_color=&#8220;#ffffff&#8220; background_color=&#8220;rgba(0,0,0,0.2)&#8220; background_image=&#8220;https:\/\/www.urlaub-im-zillertal.at\/appartement-angelika\/wp-content\/uploads\/sites\/4\/2020\/09\/EBM-033_bearbeitet.jpg&#8220; custom_margin=&#8220;75px||||false|false&#8220; custom_padding=&#8220;25%|0px|0px|0px|false|false&#8220; custom_padding_tablet=&#8220;45%||||false|false&#8220; custom_padding_phone=&#8220;70%||||false|false&#8220; custom_padding_last_edited=&#8220;on|phone&#8220; custom_css_promo_description=&#8220;background-color: rgba(0,0,0,0.5);||padding: 20px;||margin-top: 7%;||margin-bottom: 0;||bottom: 0;&#8220; header_text_shadow_style=&#8220;preset3&#8243; body_text_shadow_style=&#8220;preset3&#8243; box_shadow_style=&#8220;preset1&#8243; text_shadow_style=&#8220;preset3&#8243; global_colors_info=&#8220;{}&#8220;]<\/p>\n<h2 class=\"   nd_options_second_font \">\u00a0Unser Tipp: Bei Buchung der Zillertal Activcard<br \/>sind alle 10 Bergbahnen und alle 6 Freischwimmb\u00e4der im Zillertal inkludiert.<\/h2>\n<p class=\"   nd_options_second_font \"><a href=\"http:\/\/www.erlebnisbad-mayrhofen.at\/\" target=\"_blank\" rel=\"noopener noreferrer\">Alle Infos dazu finden Sie hier.<\/a><\/p>\n<p>[\/et_pb_cta][\/et_pb_column][\/et_pb_row][\/et_pb_section][et_pb_section fb_built=&#8220;1&#8243; custom_padding_last_edited=&#8220;on|desktop&#8220; _builder_version=&#8220;4.16&#8243; _module_preset=&#8220;default&#8220; custom_padding_tablet=&#8220;0px||||false|false&#8220; custom_padding_phone=&#8220;0px||||false|false&#8220; global_colors_info=&#8220;{}&#8220;][et_pb_row column_structure=&#8220;1_2,1_2&#8243; _builder_version=&#8220;4.24.0&#8243; _module_preset=&#8220;default&#8220; global_colors_info=&#8220;{}&#8220;][et_pb_column type=&#8220;1_2&#8243; _builder_version=&#8220;4.16&#8243; _module_preset=&#8220;default&#8220; global_colors_info=&#8220;{}&#8220;][et_pb_text _builder_version=&#8220;4.16&#8243; _module_preset=&#8220;default&#8220; header_2_text_color=&#8220;#960222&#8243; global_colors_info=&#8220;{}&#8220;]<\/p>\n<h2 style=\"text-align: left\">Preisinformation<\/h2>\n<p>[\/et_pb_text][et_pb_text _builder_version=&#8220;4.27.4&#8243; _module_preset=&#8220;default&#8220; hover_enabled=&#8220;0&#8243; global_colors_info=&#8220;{}&#8220; sticky_enabled=&#8220;0&#8243;]<\/p>\n<p>Die angef\u00fchrten Preise verstehen sich pro \u00dcbernachtung zuz\u00fcglich der einmaligen <strong>Endreinigung <\/strong>sowie der <strong>Ortstaxe<\/strong> in H\u00f6he von <strong>EUR 3,20<\/strong> pro Person und Tag (ab 15 Jahren).<\/p>\n<p>Die Sommerpreise gelten f\u00fcr unsere <strong>komfortable Hauptwohnung mit <span style=\"text-decoration: underline;\">90<\/span> <span style=\"text-decoration: underline;\">m\u00b2<\/span> <\/strong>im 1. Stock.<\/p>\n<p><strong> <\/strong><\/p>\n<p><strong><\/strong>Bei 2 Personen stehen beide Doppelzimmer nicht aber das Einzelzimmer zur Verf\u00fcgung. Bei 6 Personen Zustellbett 1,90 Meter oder Reisebett in Doppelzimmer 1.<\/p>\n<p>Angef\u00fchrte Preise bei Wochenbuchung.\u00a0 Longstay und Kurzaufenthalte laut Preisrechner.<\/p>\n<p>Unsere <a href=\"#buchungsbedingungen\">Buchungs- und Stornobedingungen<\/a> finden Sie im Anschluss.<\/p>\n<p>Besondere Stornobedingungen in der Vor- und Nachsaison!<\/p>\n<p>[\/et_pb_text][et_pb_button button_url=&#8220;https:\/\/www.urlaub-im-zillertal.at\/appartement-angelika\/buchen&#8220; button_text=&#8220;Jetzt Buchen&#8220; button_alignment=&#8220;center&#8220; _builder_version=&#8220;4.16&#8243; _module_preset=&#8220;default&#8220; global_colors_info=&#8220;{}&#8220;][\/et_pb_button][\/et_pb_column][et_pb_column type=&#8220;1_2&#8243; _builder_version=&#8220;4.16&#8243; _module_preset=&#8220;default&#8220; global_colors_info=&#8220;{}&#8220;][et_pb_image src=&#8220;https:\/\/www.urlaub-im-zillertal.at\/appartement-angelika\/wp-content\/uploads\/sites\/4\/2020\/09\/Hausfoto-1-Hauptfoto-1024&#215;682.jpg&#8220; title_text=&#8220;Hausfoto 1 Hauptfoto&#8220; disabled_on=&#8220;on|on|off&#8220; _builder_version=&#8220;4.16&#8243; _module_preset=&#8220;default&#8220; transform_scale_tablet=&#8220;&#8220; transform_scale_phone=&#8220;&#8220; transform_scale_last_edited=&#8220;on|desktop&#8220; transform_translate=&#8220;-26px|-13px&#8220; transform_translate_tablet=&#8220;&#8220; transform_translate_phone=&#8220;&#8220; transform_translate_last_edited=&#8220;on|tablet&#8220; transform_translate_linked=&#8220;off&#8220; transform_rotate=&#8220;0deg|0deg|3deg&#8220; transform_rotate_tablet=&#8220;&#8220; transform_rotate_phone=&#8220;&#8220; transform_rotate_last_edited=&#8220;on|tablet&#8220; transform_skew_tablet=&#8220;&#8220; transform_skew_phone=&#8220;&#8220; transform_skew_last_edited=&#8220;on|desktop&#8220; transform_origin_tablet=&#8220;&#8220; transform_origin_phone=&#8220;&#8220; transform_origin_last_edited=&#8220;on|desktop&#8220; transform_styles_last_edited=&#8220;on|tablet&#8220; transform_styles_tablet=&#8220;&#8220; transform_styles_phone=&#8220;&#8220; border_width_all=&#8220;10px&#8220; border_color_all=&#8220;#ffffff&#8220; box_shadow_style=&#8220;preset1&#8243; global_colors_info=&#8220;{}&#8220;][\/et_pb_image][\/et_pb_column][\/et_pb_row][\/et_pb_section][et_pb_section fb_built=&#8220;1&#8243; _builder_version=&#8220;4.16&#8243; _module_preset=&#8220;default&#8220; custom_padding=&#8220;0px|||||&#8220; bottom_divider_style=&#8220;arrow3&#8243; bottom_divider_color=&#8220;#f3eddb&#8220; bottom_divider_height=&#8220;50px&#8220; bottom_divider_repeat_tablet=&#8220;&#8220; bottom_divider_repeat_phone=&#8220;&#8220; bottom_divider_repeat_last_edited=&#8220;on|desktop&#8220; global_colors_info=&#8220;{}&#8220;][et_pb_row module_id=&#8220;buchungsbedingungen&#8220; _builder_version=&#8220;4.16&#8243; _module_preset=&#8220;default&#8220; custom_padding=&#8220;75px||75px||false|false&#8220; global_module=&#8220;1924&#8243; saved_tabs=&#8220;all&#8220; global_colors_info=&#8220;{}&#8220;][et_pb_column type=&#8220;4_4&#8243; _builder_version=&#8220;4.16&#8243; _module_preset=&#8220;default&#8220; global_colors_info=&#8220;{}&#8220;][et_pb_text _builder_version=&#8220;4.16&#8243; _module_preset=&#8220;default&#8220; header_3_text_color=&#8220;#ffffff&#8220; global_colors_info=&#8220;{}&#8220;]<\/p>\n<h3 style=\"text-align: center\">Was Sie vor Ihrer Buchung wissen m\u00fcssen.<\/h3>\n<p>[\/et_pb_text][et_pb_accordion _builder_version=&#8220;4.27.0&#8243; _module_preset=&#8220;default&#8220; global_colors_info=&#8220;{}&#8220;][et_pb_accordion_item title=&#8220;Bei uns sind Sie sicher!&#8220; open=&#8220;on&#8220; _builder_version=&#8220;4.26.0&#8243; _module_preset=&#8220;default&#8220; global_colors_info=&#8220;{}&#8220;]<\/p>\n<p><strong>Wir vermieten nur ein Appartement <\/strong>\u2013 Sie sind also<strong> die einzigen G\u00e4ste <\/strong>im Haus.<\/p>\n<p>F\u00fcr Ihre Sicherheit im Appartement haben wir bestens gesorgt. Rauchmelder und Feuerl\u00f6scher sind vorhanden.<br \/>Die Endreinigung wird seit jeher <strong>genauestens<\/strong><span>\u00a0<\/span>mit geeigneten Mitteln durchgef\u00fchrt.<\/p>\n<p>[\/et_pb_accordion_item][et_pb_accordion_item title=&#8220;Buchungs- und Stornobedingungen&#8220; _builder_version=&#8220;4.27.0&#8243; _module_preset=&#8220;default&#8220; global_colors_info=&#8220;{}&#8220; open=&#8220;off&#8220;]<\/p>\n<p><strong>Anzahlung:<br \/><\/strong>Bei Buchung ist eine Anzahlung in H\u00f6he von <strong>30%<\/strong> des Gesamtbetrags zu leisten.<\/p>\n<p><strong>Stornoregelung Sommer:<\/strong><\/p>\n<ul>\n<li>kostenlos bis 90 Tage vor Anreise<\/li>\n<li>40% des Gesamtbetrags zwischen 90 und 30 Tagen vor Anreise<\/li>\n<li>60% des Gesamtbetrags zwischen 30 und 14 Tagen vor Anreise<\/li>\n<li>80% ab 14 Tage vor Anreise, au\u00dfer bei Weitervermietung<\/li>\n<li>vorzeitige Abreise 100% abzgl. Ortstaxe<\/li>\n<\/ul>\n<p><strong>Stornoregelung Winter:<\/strong><\/p>\n<ul>\n<li>kostenlos bis 90 Tage vor Anreise<\/li>\n<li>40% des Gesamtbetrags zwischen 90 und 60 Tagen vor Anreise<\/li>\n<li>60% des Gesamtbetrags zwischen 60 und 30 Tagen vor Anreise<\/li>\n<li>80% ab 30 Tage vor Anreise, au\u00dfer bei identer Weitervermietung<\/li>\n<li>vorzeitige Abreise 100% abzgl. Ortstaxe<\/li>\n<\/ul>\n<p>In der <strong>Vor- und Nachsaison<\/strong>\u00a0gelockerte Stornobedingungen laut Buchungskalender.<\/p>\n<p><strong><br \/>Reiser\u00fccktrittsversicherung:<\/strong><br \/>Mit der Europ\u00e4ischen Reiseversicherung sind Sie umfassend gesch\u00fctzt, auch bei <strong>Covid, Suche\/Bergung und Reiseabbruch<\/strong>.<br \/>Hier Pr\u00e4mie berechnen und abschlie\u00dfen: <a href=\"https:\/\/start.europaeische.at\/hsp&amp;agencyNumber=511804\" target=\"_blank\" rel=\"noopener noreferrer\">Reiseschutz von Europ\u00e4ische Reiseversicherung<\/a><\/p>\n<p class=\"bodytext\">Das Widerrufsrecht nach \u00a7 18 Abs. 1 Z. 10 FAGG kommt nicht zur Anwendung, daf\u00fcr gelten bei uns die Allgemeinen Gesch\u00e4ftsbedingungen f\u00fcr die Hotellerie:\u00a0<a href=\"https:\/\/www.hotelverband.at\/down\/AGBH_061115.pdf\" target=\"_blank\" rel=\"noopener noreferrer\">https:\/\/www.hotelverband.at<\/a><\/p>\n<p>[\/et_pb_accordion_item][et_pb_accordion_item title=&#8220;An- und Abreise&#8220; _builder_version=&#8220;4.27.0&#8243; _module_preset=&#8220;default&#8220; global_colors_info=&#8220;{}&#8220; open=&#8220;off&#8220;]<\/p>\n<p>Check-in ab 14.00 Uhr, Check-out bis 09.00 Uhr.<br \/>Fr\u00fchere Anreisen nach Absprache und Verf\u00fcgbarkeit.<\/p>\n<p><strong>Parkpl\u00e4tze<\/strong><br \/>Es gibt 3 kostenfreie Parkpl\u00e4tze direkt vor dem Haus.<\/p>\n<p><span><strong>Ausstattung<\/strong><br \/>Bettw\u00e4sche, ausreichend Hand- und Duscht\u00fccher sowie Geschirrt\u00fccher vorhanden.<br \/>Seife, Sp\u00fclmittel und Filtert\u00fcten werden zur Verf\u00fcgung gestellt, au\u00dferdem eine\u00a0<\/span><b>Erstausstattung<\/b><span>\u00a0an WC-Papier\u00a0und Sp\u00fcltabs.<br \/>In der K\u00fcche finden Sie eine Filter-Kaffeemaschine (Pulver) und\u00a0eine Espressomaschine (ganze Bohnen).<br \/>Bitte\u00a0<\/span><b>Hausschuhe<\/b><span>\u00a0mitbringen.<br \/><\/span><\/p>\n<p><strong>Reisehinweise<br \/><\/strong>Auf \u00f6sterreichischen Autobahnen besteht Vignettenpflicht. Alle Informationen dazu finden Sie\u00a0<a href=\"https:\/\/www.asfinag.at\/maut-vignette\/\" target=\"_blank\" rel=\"noopener noreferrer\">hier<\/a>.<\/p>\n<p>[\/et_pb_accordion_item][\/et_pb_accordion][\/et_pb_column][\/et_pb_row][\/et_pb_section]<\/p>\n","protected":false},"excerpt":{"rendered":"<p>Aktuelle AngeboteFr\u00fchling im Zillertal Wandern, Biken, ausgedehnte Spazierg\u00e4nge, gutes Essen, Relaxen und Genie\u00dfen! Klettersteige und sch\u00f6ne Ausflugsm\u00f6glichkeiten runden das vielseitige Angebot ab. ab EUR 87,- pro Tag f\u00fcr 2 Personen,3 Personen ab EUR 117,-, 4 Personen ab EUR 142,- pro Tag Tagespreise bis 9. Mai, Pfingsten\/Fr\u00fchsommer \u00a0Sommer = FamilienzeitSichern Sie sich Ihren Wunschtermin! Die vielen [&hellip;]<\/p>\n","protected":false},"author":1,"featured_media":0,"parent":0,"menu_order":0,"comment_status":"closed","ping_status":"closed","template":"","meta":{"_et_pb_use_builder":"on","_et_pb_old_content":"[et_pb_section fb_built=\"1\" custom_padding_last_edited=\"on|desktop\" prev_background_color=\"#ffffff\" _builder_version=\"4.5.6\" _module_preset=\"default\" use_background_color_gradient=\"on\" background_color_gradient_start=\"rgba(0,0,0,0)\" background_color_gradient_end=\"#ffffff\" background_image=\"http:\/\/www.urlaub-im-zillertal.at\/apart-roswitha\/wp-content\/uploads\/sites\/2\/2020\/07\/DSC_0169-scaled.jpg\" background_blend=\"overlay\" custom_padding_tablet=\"||0px||false|false\" custom_padding_phone=\"||0px||false|false\" top_divider_style=\"arrow3\" top_divider_height=\"50px\"][et_pb_row _builder_version=\"4.5.6\" _module_preset=\"default\"][et_pb_column type=\"4_4\" _builder_version=\"4.5.6\" _module_preset=\"default\"][et_pb_text _builder_version=\"4.5.6\" _module_preset=\"default\" header_2_text_align=\"center\" header_2_text_color=\"#ffffff\"]\n<h2>Sommerpreise<\/h2>\n[\/et_pb_text][\/et_pb_column][\/et_pb_row][et_pb_row column_structure=\"1_2,1_2\" _builder_version=\"4.5.3\" _module_preset=\"default\"][et_pb_column type=\"1_2\" _builder_version=\"4.5.3\" _module_preset=\"default\"][et_pb_text _builder_version=\"4.5.6\" _module_preset=\"default\" background_color=\"#ffffff\" custom_padding=\"40px|20px|20px|20px|false|false\" box_shadow_style=\"preset1\"]\n<h2 class=\"    \" style=\"text-align: center\">Fr\u00fchling &amp; Herbst 2020<\/h2>\n<p style=\"text-align: center\">13.04. - 20.06.2020 \/ 05.09. - 27.11.2020<\/p>\n&nbsp;\n<table border=\"0\" cellpadding=\"0\" cellspacing=\"0\" style=\"border: 0px solid black\">\n<tbody>\n<tr>\n<td><strong>2 Personen<\/strong><\/td>\n<td style=\"text-align: right\"><strong>EUR 60,-<\/strong><\/td>\n<\/tr>\n<tr>\n<td>3 Personen<\/td>\n<td style=\"text-align: right\">EUR 80,-<\/td>\n<\/tr>\n<tr>\n<td>4 Personen<\/td>\n<td style=\"text-align: right\">EUR 100,-<\/td>\n<\/tr>\n<tr>\n<td>5 Personen<\/td>\n<td style=\"text-align: right\">EUR 120,-<\/td>\n<\/tr>\n<tr>\n<td>6 Personen<\/td>\n<td style=\"text-align: right\">EUR 140,-<\/td>\n<\/tr>\n<tr>\n<td>Endreinigung<\/td>\n<td style=\"text-align: right\">ab EUR 60,-<\/td>\n<\/tr>\n<\/tbody>\n<\/table>\n[\/et_pb_text][\/et_pb_column][et_pb_column type=\"1_2\" _builder_version=\"4.5.3\" _module_preset=\"default\"][et_pb_text _builder_version=\"4.5.6\" _module_preset=\"default\" background_color=\"#ffffff\" custom_padding=\"40px|20px|20px|20px|false|false\" box_shadow_style=\"preset1\"]\n<h2 class=\"    \" style=\"text-align: center\">Sommer 2020<\/h2>\n<p style=\"text-align: center\">20.06.2020 - 05.09.2020<\/p>\n&nbsp;\n<table border=\"0\" cellpadding=\"0\" cellspacing=\"0\" style=\"border: 0px solid black\">\n<tbody>\n<tr>\n<td><strong>2 Personen<\/strong><\/td>\n<td style=\"text-align: right\"><strong>EUR 80,-<\/strong><\/td>\n<\/tr>\n<tr>\n<td>3 Personen<\/td>\n<td style=\"text-align: right\">EUR 100,-<\/td>\n<\/tr>\n<tr>\n<td>4 Personen<\/td>\n<td style=\"text-align: right\">EUR 120,-<\/td>\n<\/tr>\n<tr>\n<td>5 Personen<\/td>\n<td style=\"text-align: right\">EUR 140,-<\/td>\n<\/tr>\n<tr>\n<td>6 Personen<\/td>\n<td style=\"text-align: right\">EUR 160,-<\/td>\n<\/tr>\n<tr>\n<td>Endreinigung<\/td>\n<td style=\"text-align: right\">ab EUR 60,-<\/td>\n<\/tr>\n<\/tbody>\n<\/table>\n[\/et_pb_text][\/et_pb_column][\/et_pb_row][et_pb_row _builder_version=\"4.5.3\" _module_preset=\"default\"][et_pb_column type=\"4_4\" _builder_version=\"4.5.3\" _module_preset=\"default\"][et_pb_button button_text=\"Jetzt Buchen\" button_alignment=\"center\" _builder_version=\"4.5.3\" _module_preset=\"default\"][\/et_pb_button][et_pb_cta title=\"INKLUSIVE im Sommer 2020: Freier Eintritt ins Erlebnisfreibad Mayrhofen und die Sommerwelt Hippach\" _builder_version=\"4.5.6\" _module_preset=\"default\" header_font_size=\"18px\" header_line_height=\"1.4em\" body_link_font=\"||||on||||\" body_link_text_color=\"#ffffff\" background_color=\"rgba(0,0,0,0.2)\" background_image=\"http:\/\/www.urlaub-im-zillertal.at\/apart-roswitha\/wp-content\/uploads\/sites\/2\/2020\/07\/EBM-033_bearbeitet-1600x1033.jpg\" custom_margin=\"75px||||false|false\" custom_padding=\"25%|0px|0px|0px|false|false\" custom_padding_tablet=\"45%||||false|false\" custom_padding_phone=\"70%||||false|false\" custom_padding_last_edited=\"on|phone\" custom_css_promo_description=\"background-color: rgba(0,0,0,0.5);||padding: 20px;||margin-top: 7%;||margin-bottom: 0;||bottom: 0;\" header_text_shadow_style=\"preset3\" body_text_shadow_style=\"preset3\" box_shadow_style=\"preset1\" text_shadow_style=\"preset3\"]\n<h3 class=\"   nd_options_second_font \"><\/h3>\n<p class=\"   nd_options_second_font \">Der Saunabereich im Hallenbad Mayrhofen ist aufgrund der Corona-Vorsichtsma\u00dfnahmen leider geschlossen. <a href=\"http:\/\/www.erlebnisbad-mayrhofen.at\/\" target=\"_blank\" rel=\"noopener noreferrer\">Alle Infos dazu finden Sie hier.<\/a><\/p>\n[\/et_pb_cta][\/et_pb_column][\/et_pb_row][\/et_pb_section][et_pb_section fb_built=\"1\" custom_padding_last_edited=\"on|desktop\" _builder_version=\"4.5.6\" _module_preset=\"default\" custom_padding_tablet=\"0px||||false|false\" custom_padding_phone=\"0px||||false|false\"][et_pb_row column_structure=\"1_2,1_2\" _builder_version=\"4.5.3\" _module_preset=\"default\"][et_pb_column type=\"1_2\" _builder_version=\"4.5.3\" _module_preset=\"default\"][et_pb_text _builder_version=\"4.5.6\" _module_preset=\"default\" header_2_text_color=\"#6f8016\"]\n<h2 style=\"text-align: left\">Preisinformationen<\/h2>\n[\/et_pb_text][et_pb_text _builder_version=\"4.5.3\" _module_preset=\"default\"]\n\nDie angef\u00fchrten Preise verstehen sich pro \u00dcbernachtung zzgl. einer einmaligen Endreinigung (ab EUR 60,-) und der Ortstaxe in H\u00f6he von EUR 2,20 pro Person und Tag (ab 15 Jahren).\n\n<strong>Im Sommer 2020 gelten nat\u00fcrlich besondere Stornobedingunen!<\/strong> Buchen Sie jetzt Ihren Sommerurlaub in unserem Haus und wir gew\u00e4hren Ihnen die M\u00f6glichkeit bis 48 Stunden vor Anreise <strong>kostenfrei <\/strong>zu<strong> stornieren. Ohne Anzahlung!<\/strong>\n\nUnsere <a href=\"#buchungsbedingungen\">Buchunungs- und Stornobedingungen<\/a> finden Sie im Anschluss. Kindererm\u00e4\u00dfigung auf Anfrage!\n\n[\/et_pb_text][et_pb_button button_text=\"Jetzt Buchen\" button_alignment=\"center\" _builder_version=\"4.5.3\" _module_preset=\"default\"][\/et_pb_button][\/et_pb_column][et_pb_column type=\"1_2\" _builder_version=\"4.5.3\" _module_preset=\"default\"][et_pb_image src=\"http:\/\/www.urlaub-im-zillertal.at\/apart-roswitha\/wp-content\/uploads\/sites\/2\/2020\/07\/Apart-Roswitha-Schwendau-Stockach-238-Roswitha-Sporer-Haus-Sommer1-1600x1065.jpg\" title_text=\"Apart-Roswitha-Schwendau-Stockach-238-Roswitha-Sporer-Haus-Sommer1\" disabled_on=\"on|on|off\" _builder_version=\"4.5.3\" _module_preset=\"default\" transform_scale_tablet=\"\" transform_scale_phone=\"\" transform_scale_last_edited=\"on|desktop\" transform_translate=\"-26px|-13px\" transform_translate_tablet=\"\" transform_translate_phone=\"\" transform_translate_last_edited=\"on|tablet\" transform_translate_linked=\"off\" transform_rotate=\"0deg|0deg|3deg\" transform_rotate_tablet=\"\" transform_rotate_phone=\"\" transform_rotate_last_edited=\"on|tablet\" transform_skew_tablet=\"\" transform_skew_phone=\"\" transform_skew_last_edited=\"on|desktop\" transform_origin_tablet=\"\" transform_origin_phone=\"\" transform_origin_last_edited=\"on|desktop\" transform_styles_last_edited=\"on|tablet\" transform_styles_tablet=\"\" transform_styles_phone=\"\" border_width_all=\"10px\" border_color_all=\"#ffffff\" box_shadow_style=\"preset1\"][\/et_pb_image][\/et_pb_column][\/et_pb_row][\/et_pb_section][et_pb_section fb_built=\"1\" _builder_version=\"4.5.3\" _module_preset=\"default\" custom_padding=\"0px|||||\" bottom_divider_style=\"arrow3\" bottom_divider_color=\"#dcddd8\" bottom_divider_height=\"50px\" bottom_divider_repeat_tablet=\"\" bottom_divider_repeat_phone=\"\" bottom_divider_repeat_last_edited=\"on|desktop\"][et_pb_row module_id=\"buchungsbedingungen\" _builder_version=\"4.5.3\" _module_preset=\"default\"][et_pb_column type=\"4_4\" _builder_version=\"4.5.3\" _module_preset=\"default\"][et_pb_text _builder_version=\"4.5.3\" _module_preset=\"default\" header_3_text_color=\"#000000\"]\n<h3 style=\"text-align: center\">Was Sie vor Ihrer Buchung wissen m\u00fcssen.<\/h3>\n[\/et_pb_text][et_pb_accordion _builder_version=\"4.5.6\" _module_preset=\"default\" hover_enabled=\"0\"][et_pb_accordion_item title=\"Corona - wir sind vorbereitet!\" open=\"on\" _builder_version=\"4.5.6\" _module_preset=\"default\" hover_enabled=\"0\"]\n\nF\u00fcr Ihre Sicherheit im Apartment haben wir bestens vorgesorgt. So wird die Grundreinigung nun mit geeigneten Mitteln durchgef\u00fchrt. Zus\u00e4tzlich steht Desinfektionsmittel im Eingangsbereich f\u00fcr Sie bereit.\n\nIm Zuge der Corona-Pandemie haben wir nat\u00fcrlich auch unsere Buchungs- und Stornobedingungen ge\u00e4ndert. Mehr dazu finden Sie gleich im Anschluss.\n\n[\/et_pb_accordion_item][et_pb_accordion_item title=\"Buchungs- und Stornobedingungen\" _builder_version=\"4.5.3\" _module_preset=\"default\" open=\"off\"]\n<blockquote>In den Sommer- und Herbstmonaten ist Aufgrund der Corona-Situation eine<span>&nbsp;<\/span><strong>kostenlose Stornierung bis 7 Tage vor Anreise<\/strong><span>&nbsp;<\/span>m\u00f6glich. Sollte Ihnen die Anreise Aufgrund von neuerlichen Reisebeschr\u00e4nkungen oder gar einer Corona-Infektion nicht m\u00f6glich sein, gew\u00e4hren wir sogar eine<span>&nbsp;<\/span><strong>kostenlose Stornierung bis 48 Stunden vor Anreise<\/strong>.<\/blockquote>\nAb Dezember 2020 gelten dann wieder unsere gewohnten Buchungs- und Stornobedingungen. Alle Preise verstehen sich in Euro pro Nacht zzgl. Kurtaxe und Endreinigung.\n\n<strong>Anzahlung:\n<\/strong>Nach der Buchung ist eine Anzahlung in H\u00f6he von 20% des Gesamtbetrags zu leisten.\n\n<strong>Kurzaufenthalte:<\/strong>\nBei Kurzaufenthalten bis zu 3 Tagen verrechnen wir einen Aufschlag von Euro 10,00 pro Nacht.\n\n<strong>Haustiere:\n<\/strong>Aus hygienischen Gr\u00fcnden sind Haustiere in unseren Ferienwohnungen nicht gestattet.\n\n<strong>Stornostaffel:<\/strong>\n<ul>\n \t<li>Kostenlose bis 30 Tage vor Anreise<\/li>\n \t<li>40% des Gesamtbetrags zwischen 30 und 7 Tagen vor Anreise<\/li>\n \t<li>90% ab 7 Tage vor Anreise<\/li>\n \t<li>bei vorzeitiger Abreise wird 100% des Gesamtbetrags verrechnet<\/li>\n<\/ul>\n<strong>Reiser\u00fccktrittsversicherung:\n<\/strong>Wir empfehlen grunds\u00e4tzlich eine Reiser\u00fccktrittsversicherung abzuschlie\u00dfen. Die Kosten daf\u00fcr k\u00f6nnen Sie hier online abrufen:&nbsp;<a href=\"https:\/\/www.europaeische.at\/privatreisen\/reisen-ins-ausland\/reiseschutz\/\" target=\"_blank\" rel=\"noopener noreferrer\">Reiseschutz von Europ\u00e4ische Reiseversicherung<\/a>\n<p class=\"bodytext\">Das Widerrufsrecht nach \u00a7 18 Abs. 1 Z. 10 FAGG kommt nicht zur Anwendung, daf\u00fcr gelten bei uns die Allgemeinen Gesch\u00e4ftsbedingungen f\u00fcr die Hotellerie:<span>&nbsp;<\/span><a href=\"https:\/\/www.hotelverband.at\/down\/AGBH_061115.pdf\" target=\"_blank\" rel=\"noopener noreferrer\">https:\/\/www.hotelverband.at<\/a><\/p>\n[\/et_pb_accordion_item][et_pb_accordion_item title=\"An- und Abreise\" _builder_version=\"4.5.3\" _module_preset=\"default\" open=\"off\"]\n\n<strong>Anreise\n<\/strong>Check-in ab 16:00 Uhr\n(Gep\u00e4ck k\u00f6nnen Sie jedoch auch schon davor sicher deponieren.)\n\n<strong>Abreise<\/strong>\nCheck-out bis 10:00 Uhr\n\n<strong>Parkpl\u00e4tze<\/strong>\nF\u00fcr unsere Ferienwohnung sind bis zu drei Parkpl\u00e4tze reserviert.\n<blockquote>Auf \u00f6sterreichischen Autobahnen besteht Vignettenpflicht. Alle Informationen dazu finden Sie<span>&nbsp;<\/span><a href=\"https:\/\/www.asfinag.at\/maut-vignette\/\" target=\"_blank\" rel=\"noopener noreferrer\">hier<\/a>.<\/blockquote>\n[\/et_pb_accordion_item][\/et_pb_accordion][\/et_pb_column][\/et_pb_row][\/et_pb_section]","_et_gb_content_width":"1080","footnotes":""},"difl_page_category":[],"class_list":["post-10","page","type-page","status-publish","hentry"],"yoast_head":"<!-- This site is optimized with the Yoast SEO plugin v27.5 - https:\/\/yoast.com\/product\/yoast-seo-wordpress\/ -->\n<title>Preise Sommer - Appartement Angelika<\/title>\n<meta name=\"robots\" content=\"index, follow, max-snippet:-1, max-image-preview:large, max-video-preview:-1\" \/>\n<link rel=\"canonical\" href=\"https:\/\/www.urlaub-im-zillertal.at\/appartement-angelika\/preise-sommer\/\" \/>\n<meta property=\"og:locale\" content=\"de_DE\" \/>\n<meta property=\"og:type\" content=\"article\" \/>\n<meta property=\"og:title\" content=\"Preise Sommer - Appartement Angelika\" \/>\n<meta property=\"og:description\" content=\"Aktuelle AngeboteFr\u00fchling im Zillertal Wandern, Biken, ausgedehnte Spazierg\u00e4nge, gutes Essen, Relaxen und Genie\u00dfen! Klettersteige und sch\u00f6ne Ausflugsm\u00f6glichkeiten runden das vielseitige Angebot ab. ab EUR 87,- pro Tag f\u00fcr 2 Personen,3 Personen ab EUR 117,-, 4 Personen ab EUR 142,- pro Tag Tagespreise bis 9. Mai, Pfingsten\/Fr\u00fchsommer \u00a0Sommer = FamilienzeitSichern Sie sich Ihren Wunschtermin! Die vielen [&hellip;]\" \/>\n<meta property=\"og:url\" content=\"https:\/\/www.urlaub-im-zillertal.at\/appartement-angelika\/preise-sommer\/\" \/>\n<meta property=\"og:site_name\" content=\"Appartement Angelika\" \/>\n<meta property=\"article:modified_time\" content=\"2026-04-11T10:15:32+00:00\" \/>\n<meta name=\"twitter:card\" content=\"summary_large_image\" \/>\n<meta name=\"twitter:label1\" content=\"Gesch\u00e4tzte Lesezeit\" \/>\n\t<meta name=\"twitter:data1\" content=\"13\u00a0Minuten\" \/>\n<script type=\"application\/ld+json\" class=\"yoast-schema-graph\">{\"@context\":\"https:\\\/\\\/schema.org\",\"@graph\":[{\"@type\":\"WebPage\",\"@id\":\"https:\\\/\\\/www.urlaub-im-zillertal.at\\\/appartement-angelika\\\/preise-sommer\\\/\",\"url\":\"https:\\\/\\\/www.urlaub-im-zillertal.at\\\/appartement-angelika\\\/preise-sommer\\\/\",\"name\":\"Preise Sommer - Appartement Angelika\",\"isPartOf\":{\"@id\":\"https:\\\/\\\/www.urlaub-im-zillertal.at\\\/appartement-angelika\\\/#website\"},\"datePublished\":\"2020-07-07T19:49:22+00:00\",\"dateModified\":\"2026-04-11T10:15:32+00:00\",\"breadcrumb\":{\"@id\":\"https:\\\/\\\/www.urlaub-im-zillertal.at\\\/appartement-angelika\\\/preise-sommer\\\/#breadcrumb\"},\"inLanguage\":\"de\",\"potentialAction\":[{\"@type\":\"ReadAction\",\"target\":[\"https:\\\/\\\/www.urlaub-im-zillertal.at\\\/appartement-angelika\\\/preise-sommer\\\/\"]}]},{\"@type\":\"BreadcrumbList\",\"@id\":\"https:\\\/\\\/www.urlaub-im-zillertal.at\\\/appartement-angelika\\\/preise-sommer\\\/#breadcrumb\",\"itemListElement\":[{\"@type\":\"ListItem\",\"position\":1,\"name\":\"Startseite\",\"item\":\"https:\\\/\\\/www.urlaub-im-zillertal.at\\\/appartement-angelika\\\/\"},{\"@type\":\"ListItem\",\"position\":2,\"name\":\"Preise Sommer\"}]},{\"@type\":\"WebSite\",\"@id\":\"https:\\\/\\\/www.urlaub-im-zillertal.at\\\/appartement-angelika\\\/#website\",\"url\":\"https:\\\/\\\/www.urlaub-im-zillertal.at\\\/appartement-angelika\\\/\",\"name\":\"Appartement Angelika\",\"description\":\"Ankommen und Wohlf\u00fchlen\",\"publisher\":{\"@id\":\"https:\\\/\\\/www.urlaub-im-zillertal.at\\\/appartement-angelika\\\/#organization\"},\"potentialAction\":[{\"@type\":\"SearchAction\",\"target\":{\"@type\":\"EntryPoint\",\"urlTemplate\":\"https:\\\/\\\/www.urlaub-im-zillertal.at\\\/appartement-angelika\\\/?s={search_term_string}\"},\"query-input\":{\"@type\":\"PropertyValueSpecification\",\"valueRequired\":true,\"valueName\":\"search_term_string\"}}],\"inLanguage\":\"de\"},{\"@type\":\"Organization\",\"@id\":\"https:\\\/\\\/www.urlaub-im-zillertal.at\\\/appartement-angelika\\\/#organization\",\"name\":\"Appartement Angelika\",\"url\":\"https:\\\/\\\/www.urlaub-im-zillertal.at\\\/appartement-angelika\\\/\",\"logo\":{\"@type\":\"ImageObject\",\"inLanguage\":\"de\",\"@id\":\"https:\\\/\\\/www.urlaub-im-zillertal.at\\\/appartement-angelika\\\/#\\\/schema\\\/logo\\\/image\\\/\",\"url\":\"https:\\\/\\\/www.urlaub-im-zillertal.at\\\/appartement-angelika\\\/wp-content\\\/uploads\\\/sites\\\/4\\\/2020\\\/09\\\/grosse-gemuetliche-Sitzecke-und-Couch.jpg\",\"contentUrl\":\"https:\\\/\\\/www.urlaub-im-zillertal.at\\\/appartement-angelika\\\/wp-content\\\/uploads\\\/sites\\\/4\\\/2020\\\/09\\\/grosse-gemuetliche-Sitzecke-und-Couch.jpg\",\"width\":2500,\"height\":1874,\"caption\":\"Appartement Angelika\"},\"image\":{\"@id\":\"https:\\\/\\\/www.urlaub-im-zillertal.at\\\/appartement-angelika\\\/#\\\/schema\\\/logo\\\/image\\\/\"}}]}<\/script>\n<!-- \/ Yoast SEO plugin. -->","yoast_head_json":{"title":"Preise Sommer - Appartement Angelika","robots":{"index":"index","follow":"follow","max-snippet":"max-snippet:-1","max-image-preview":"max-image-preview:large","max-video-preview":"max-video-preview:-1"},"canonical":"https:\/\/www.urlaub-im-zillertal.at\/appartement-angelika\/preise-sommer\/","og_locale":"de_DE","og_type":"article","og_title":"Preise Sommer - Appartement Angelika","og_description":"Aktuelle AngeboteFr\u00fchling im Zillertal Wandern, Biken, ausgedehnte Spazierg\u00e4nge, gutes Essen, Relaxen und Genie\u00dfen! Klettersteige und sch\u00f6ne Ausflugsm\u00f6glichkeiten runden das vielseitige Angebot ab. ab EUR 87,- pro Tag f\u00fcr 2 Personen,3 Personen ab EUR 117,-, 4 Personen ab EUR 142,- pro Tag Tagespreise bis 9. Mai, Pfingsten\/Fr\u00fchsommer \u00a0Sommer = FamilienzeitSichern Sie sich Ihren Wunschtermin! Die vielen [&hellip;]","og_url":"https:\/\/www.urlaub-im-zillertal.at\/appartement-angelika\/preise-sommer\/","og_site_name":"Appartement Angelika","article_modified_time":"2026-04-11T10:15:32+00:00","twitter_card":"summary_large_image","twitter_misc":{"Gesch\u00e4tzte Lesezeit":"13\u00a0Minuten"},"schema":{"@context":"https:\/\/schema.org","@graph":[{"@type":"WebPage","@id":"https:\/\/www.urlaub-im-zillertal.at\/appartement-angelika\/preise-sommer\/","url":"https:\/\/www.urlaub-im-zillertal.at\/appartement-angelika\/preise-sommer\/","name":"Preise Sommer - Appartement Angelika","isPartOf":{"@id":"https:\/\/www.urlaub-im-zillertal.at\/appartement-angelika\/#website"},"datePublished":"2020-07-07T19:49:22+00:00","dateModified":"2026-04-11T10:15:32+00:00","breadcrumb":{"@id":"https:\/\/www.urlaub-im-zillertal.at\/appartement-angelika\/preise-sommer\/#breadcrumb"},"inLanguage":"de","potentialAction":[{"@type":"ReadAction","target":["https:\/\/www.urlaub-im-zillertal.at\/appartement-angelika\/preise-sommer\/"]}]},{"@type":"BreadcrumbList","@id":"https:\/\/www.urlaub-im-zillertal.at\/appartement-angelika\/preise-sommer\/#breadcrumb","itemListElement":[{"@type":"ListItem","position":1,"name":"Startseite","item":"https:\/\/www.urlaub-im-zillertal.at\/appartement-angelika\/"},{"@type":"ListItem","position":2,"name":"Preise Sommer"}]},{"@type":"WebSite","@id":"https:\/\/www.urlaub-im-zillertal.at\/appartement-angelika\/#website","url":"https:\/\/www.urlaub-im-zillertal.at\/appartement-angelika\/","name":"Appartement Angelika","description":"Ankommen und Wohlf\u00fchlen","publisher":{"@id":"https:\/\/www.urlaub-im-zillertal.at\/appartement-angelika\/#organization"},"potentialAction":[{"@type":"SearchAction","target":{"@type":"EntryPoint","urlTemplate":"https:\/\/www.urlaub-im-zillertal.at\/appartement-angelika\/?s={search_term_string}"},"query-input":{"@type":"PropertyValueSpecification","valueRequired":true,"valueName":"search_term_string"}}],"inLanguage":"de"},{"@type":"Organization","@id":"https:\/\/www.urlaub-im-zillertal.at\/appartement-angelika\/#organization","name":"Appartement Angelika","url":"https:\/\/www.urlaub-im-zillertal.at\/appartement-angelika\/","logo":{"@type":"ImageObject","inLanguage":"de","@id":"https:\/\/www.urlaub-im-zillertal.at\/appartement-angelika\/#\/schema\/logo\/image\/","url":"https:\/\/www.urlaub-im-zillertal.at\/appartement-angelika\/wp-content\/uploads\/sites\/4\/2020\/09\/grosse-gemuetliche-Sitzecke-und-Couch.jpg","contentUrl":"https:\/\/www.urlaub-im-zillertal.at\/appartement-angelika\/wp-content\/uploads\/sites\/4\/2020\/09\/grosse-gemuetliche-Sitzecke-und-Couch.jpg","width":2500,"height":1874,"caption":"Appartement Angelika"},"image":{"@id":"https:\/\/www.urlaub-im-zillertal.at\/appartement-angelika\/#\/schema\/logo\/image\/"}}]}},"_links":{"self":[{"href":"https:\/\/www.urlaub-im-zillertal.at\/appartement-angelika\/wp-json\/wp\/v2\/pages\/10","targetHints":{"allow":["GET"]}}],"collection":[{"href":"https:\/\/www.urlaub-im-zillertal.at\/appartement-angelika\/wp-json\/wp\/v2\/pages"}],"about":[{"href":"https:\/\/www.urlaub-im-zillertal.at\/appartement-angelika\/wp-json\/wp\/v2\/types\/page"}],"author":[{"embeddable":true,"href":"https:\/\/www.urlaub-im-zillertal.at\/appartement-angelika\/wp-json\/wp\/v2\/users\/1"}],"replies":[{"embeddable":true,"href":"https:\/\/www.urlaub-im-zillertal.at\/appartement-angelika\/wp-json\/wp\/v2\/comments?post=10"}],"version-history":[{"count":272,"href":"https:\/\/www.urlaub-im-zillertal.at\/appartement-angelika\/wp-json\/wp\/v2\/pages\/10\/revisions"}],"predecessor-version":[{"id":2684,"href":"https:\/\/www.urlaub-im-zillertal.at\/appartement-angelika\/wp-json\/wp\/v2\/pages\/10\/revisions\/2684"}],"wp:attachment":[{"href":"https:\/\/www.urlaub-im-zillertal.at\/appartement-angelika\/wp-json\/wp\/v2\/media?parent=10"}],"wp:term":[{"taxonomy":"difl_page_category","embeddable":true,"href":"https:\/\/www.urlaub-im-zillertal.at\/appartement-angelika\/wp-json\/wp\/v2\/difl_page_category?post=10"}],"curies":[{"name":"wp","href":"https:\/\/api.w.org\/{rel}","templated":true}]}}